{"id":327,"date":"2021-05-12T15:44:37","date_gmt":"2021-05-12T15:44:37","guid":{"rendered":"http:\/\/profinrg.nl\/artikelen\/"},"modified":"2026-03-24T15:34:17","modified_gmt":"2026-03-24T15:34:17","slug":"nachrichten","status":"publish","type":"page","link":"https:\/\/profinrg.nl\/de\/nieuws\/","title":{"rendered":"Nachrichten"},"content":{"rendered":"\t\t<div data-elementor-type=\"wp-page\" data-elementor-id=\"327\" class=\"elementor elementor-327\" data-elementor-post-type=\"page\">\n\t\t\t\t\t\t<section class=\"elementor-section elementor-top-section elementor-element elementor-element-182ea480 elementor-section-full_width elementor-section-height-default elementor-section-height-default\" data-id=\"182ea480\" data-element_type=\"section\" data-e-type=\"section\">\n\t\t\t\t\t\t<div class=\"elementor-container elementor-column-gap-default\">\n\t\t\t\t\t<div class=\"elementor-column elementor-col-100 elementor-top-column elementor-element elementor-element-593f6f49\" data-id=\"593f6f49\" data-element_type=\"column\" data-e-type=\"column\">\n\t\t\t<div class=\"elementor-widget-wrap elementor-element-populated\">\n\t\t\t\t\t\t<div class=\"elementor-element elementor-element-6a8ec373 elementor-widget elementor-widget-image\" data-id=\"6a8ec373\" data-element_type=\"widget\" data-e-type=\"widget\" data-widget_type=\"image.default\">\n\t\t\t\t<div class=\"elementor-widget-container\">\n\t\t\t\t\t\t\t\t\t\t\t\t\t\t\t<img fetchpriority=\"high\" decoding=\"async\" width=\"1600\" height=\"1066\" src=\"https:\/\/profinrg.nl\/wp-content\/uploads\/2026\/03\/WhatsApp-Image-2025-06-19-at-11.07.01.jpeg\" class=\"attachment-full size-full wp-image-44157\" alt=\"\" srcset=\"https:\/\/profinrg.nl\/wp-content\/uploads\/2026\/03\/WhatsApp-Image-2025-06-19-at-11.07.01.jpeg 1600w, https:\/\/profinrg.nl\/wp-content\/uploads\/2026\/03\/WhatsApp-Image-2025-06-19-at-11.07.01-300x200.jpeg 300w, https:\/\/profinrg.nl\/wp-content\/uploads\/2026\/03\/WhatsApp-Image-2025-06-19-at-11.07.01-1024x682.jpeg 1024w, https:\/\/profinrg.nl\/wp-content\/uploads\/2026\/03\/WhatsApp-Image-2025-06-19-at-11.07.01-768x512.jpeg 768w, https:\/\/profinrg.nl\/wp-content\/uploads\/2026\/03\/WhatsApp-Image-2025-06-19-at-11.07.01-1536x1023.jpeg 1536w, https:\/\/profinrg.nl\/wp-content\/uploads\/2026\/03\/WhatsApp-Image-2025-06-19-at-11.07.01-18x12.jpeg 18w\" sizes=\"(max-width: 1600px) 100vw, 1600px\" title=\"\">\t\t\t\t\t\t\t\t\t\t\t\t\t\t\t<\/div>\n\t\t\t\t<\/div>\n\t\t\t\t\t<\/div>\n\t\t<\/div>\n\t\t\t\t\t<\/div>\n\t\t<\/section>\n\t\t\t\t<section class=\"elementor-section elementor-top-section elementor-element elementor-element-15cc3178 elementor-section-boxed elementor-section-height-default elementor-section-height-default elementor-invisible\" data-id=\"15cc3178\" data-element_type=\"section\" data-e-type=\"section\" data-settings=\"{&quot;animation&quot;:&quot;fadeInLeft&quot;}\">\n\t\t\t\t\t\t<div class=\"elementor-container elementor-column-gap-default\">\n\t\t\t\t\t<div class=\"elementor-column elementor-col-100 elementor-top-column elementor-element elementor-element-266b1230\" data-id=\"266b1230\" data-element_type=\"column\" data-e-type=\"column\">\n\t\t\t<div class=\"elementor-widget-wrap elementor-element-populated\">\n\t\t\t\t\t\t<section class=\"elementor-section elementor-inner-section elementor-element elementor-element-14ecb34 elementor-section-boxed elementor-section-height-default elementor-section-height-default\" data-id=\"14ecb34\" data-element_type=\"section\" data-e-type=\"section\">\n\t\t\t\t\t\t<div class=\"elementor-container elementor-column-gap-default\">\n\t\t\t\t\t<div class=\"elementor-column elementor-col-50 elementor-inner-column elementor-element elementor-element-a5cc6ec\" data-id=\"a5cc6ec\" data-element_type=\"column\" data-e-type=\"column\">\n\t\t\t<div class=\"elementor-widget-wrap elementor-element-populated\">\n\t\t\t\t\t\t<div class=\"elementor-element elementor-element-17c0eb3f elementor-widget__width-initial elementor-widget elementor-widget-text-editor\" data-id=\"17c0eb3f\" data-element_type=\"widget\" data-e-type=\"widget\" data-widget_type=\"text-editor.default\">\n\t\t\t\t<div class=\"elementor-widget-container\">\n\t\t\t\t\t\t\t\t\t<p>ProfiNRG &#8211; nieuws<\/p>\t\t\t\t\t\t\t\t<\/div>\n\t\t\t\t<\/div>\n\t\t\t\t<div class=\"elementor-element elementor-element-2b3e42ad elementor-widget-divider--view-line elementor-widget elementor-widget-divider\" data-id=\"2b3e42ad\" data-element_type=\"widget\" data-e-type=\"widget\" data-widget_type=\"divider.default\">\n\t\t\t\t<div class=\"elementor-widget-container\">\n\t\t\t\t\t\t\t<div class=\"elementor-divider\">\n\t\t\t<span class=\"elementor-divider-separator\">\n\t\t\t\t\t\t<\/span>\n\t\t<\/div>\n\t\t\t\t\t\t<\/div>\n\t\t\t\t<\/div>\n\t\t\t\t<div class=\"elementor-element elementor-element-7f6af268 elementor-widget elementor-widget-heading\" data-id=\"7f6af268\" data-element_type=\"widget\" data-e-type=\"widget\" data-widget_type=\"heading.default\">\n\t\t\t\t<div class=\"elementor-widget-container\">\n\t\t\t\t\t<h1 class=\"elementor-heading-title elementor-size-default\">Professioneel in <br>\n<b><b>duurzame energie<\/b><\/b><\/h1>\t\t\t\t<\/div>\n\t\t\t\t<\/div>\n\t\t\t\t\t<\/div>\n\t\t<\/div>\n\t\t\t\t<div class=\"elementor-column elementor-col-50 elementor-inner-column elementor-element elementor-element-73c1878\" data-id=\"73c1878\" data-element_type=\"column\" data-e-type=\"column\" data-settings=\"{&quot;background_background&quot;:&quot;classic&quot;}\">\n\t\t\t<div class=\"elementor-widget-wrap elementor-element-populated\">\n\t\t\t\t\t\t<div class=\"elementor-element elementor-element-09990c3 elementor-widget__width-initial elementor-widget elementor-widget-text-editor\" data-id=\"09990c3\" data-element_type=\"widget\" data-e-type=\"widget\" data-widget_type=\"text-editor.default\">\n\t\t\t\t<div class=\"elementor-widget-container\">\n\t\t\t\t\t\t\t\t\t<p>Nieuwsbrief<\/p>\t\t\t\t\t\t\t\t<\/div>\n\t\t\t\t<\/div>\n\t\t\t\t<div class=\"elementor-element elementor-element-bac71d9 elementor-button-align-start elementor-widget elementor-widget-form\" data-id=\"bac71d9\" data-element_type=\"widget\" data-e-type=\"widget\" data-settings=\"{&quot;button_width&quot;:&quot;50&quot;,&quot;step_next_label&quot;:&quot;Next&quot;,&quot;step_previous_label&quot;:&quot;Previous&quot;,&quot;step_type&quot;:&quot;number_text&quot;,&quot;step_icon_shape&quot;:&quot;circle&quot;}\" data-widget_type=\"form.default\">\n\t\t\t\t<div class=\"elementor-widget-container\">\n\t\t\t\t\t\t\t<form class=\"elementor-form\" method=\"post\" name=\"Nieuwsbrief\" aria-label=\"Nieuwsbrief\" novalidate=\"\">\n\t\t\t<input type=\"hidden\" name=\"post_id\" value=\"327\"\/>\n\t\t\t<input type=\"hidden\" name=\"form_id\" value=\"bac71d9\"\/>\n\t\t\t<input type=\"hidden\" name=\"referer_title\" value=\"Nieuws - ProfiNRG\" \/>\n\n\t\t\t\t\t\t\t<input type=\"hidden\" name=\"queried_id\" value=\"327\"\/>\n\t\t\t\n\t\t\t<div class=\"elementor-form-fields-wrapper elementor-labels-above\">\n\t\t\t\t\t\t\t\t<div class=\"elementor-field-type-text elementor-field-group elementor-column elementor-field-group-name elementor-col-100\">\n\t\t\t\t\t\t\t\t\t\t\t\t\t<input size=\"1\" type=\"text\" name=\"form_fields[name]\" id=\"form-field-name\" class=\"elementor-field elementor-size-xs  elementor-field-textual\" placeholder=\"Naam\">\n\t\t\t\t\t\t\t\t\t\t\t<\/div>\n\t\t\t\t\t\t\t\t<div class=\"elementor-field-type-email elementor-field-group elementor-column elementor-field-group-email elementor-col-100 elementor-field-required\">\n\t\t\t\t\t\t\t\t\t\t\t\t\t<input size=\"1\" type=\"email\" name=\"form_fields[email]\" id=\"form-field-email\" class=\"elementor-field elementor-size-xs  elementor-field-textual\" placeholder=\"Email\" required=\"required\">\n\t\t\t\t\t\t\t\t\t\t\t<\/div>\n\t\t\t\t\t\t\t\t<div class=\"elementor-field-type-checkbox elementor-field-group elementor-column elementor-field-group-field_04d536c elementor-col-100\">\n\t\t\t\t\t<div class=\"elementor-field-subgroup  \"><span class=\"elementor-field-option\"><input type=\"checkbox\" value=\"I&#039;m not a robot\" id=\"form-field-field_04d536c-0\" name=\"form_fields[field_04d536c]\"> <label for=\"form-field-field_04d536c-0\">I'm not a robot<\/label><\/span><\/div>\t\t\t\t<\/div>\n\t\t\t\t\t\t\t\t<div class=\"elementor-field-group elementor-column elementor-field-type-submit elementor-col-50 e-form__buttons\">\n\t\t\t\t\t<button class=\"elementor-button elementor-size-sm\" type=\"submit\">\n\t\t\t\t\t\t<span class=\"elementor-button-content-wrapper\">\n\t\t\t\t\t\t\t\t\t\t\t\t\t\t\t\t\t\t\t\t\t\t<span class=\"elementor-button-text\">Send<\/span>\n\t\t\t\t\t\t\t\t\t\t\t\t\t<\/span>\n\t\t\t\t\t<\/button>\n\t\t\t\t<\/div>\n\t\t\t<\/div>\n\t\t<\/form>\n\t\t\t\t\t\t<\/div>\n\t\t\t\t<\/div>\n\t\t\t\t\t<\/div>\n\t\t<\/div>\n\t\t\t\t\t<\/div>\n\t\t<\/section>\n\t\t\t\t<section class=\"elementor-section elementor-inner-section elementor-element elementor-element-633cd9a elementor-section-boxed elementor-section-height-default elementor-section-height-default\" data-id=\"633cd9a\" data-element_type=\"section\" data-e-type=\"section\">\n\t\t\t\t\t\t<div class=\"elementor-container elementor-column-gap-default\">\n\t\t\t\t\t<div class=\"elementor-column elementor-col-100 elementor-inner-column elementor-element elementor-element-bb920e4\" data-id=\"bb920e4\" data-element_type=\"column\" data-e-type=\"column\">\n\t\t\t<div class=\"elementor-widget-wrap\">\n\t\t\t\t\t\t\t<\/div>\n\t\t<\/div>\n\t\t\t\t\t<\/div>\n\t\t<\/section>\n\t\t\t\t\t<\/div>\n\t\t<\/div>\n\t\t\t\t\t<\/div>\n\t\t<\/section>\n\t\t\t\t<section class=\"elementor-section elementor-top-section elementor-element elementor-element-369668f elementor-section-boxed elementor-section-height-default elementor-section-height-default\" data-id=\"369668f\" data-element_type=\"section\" data-e-type=\"section\">\n\t\t\t\t\t\t<div class=\"elementor-container elementor-column-gap-default\">\n\t\t\t\t\t<div class=\"elementor-column elementor-col-100 elementor-top-column elementor-element elementor-element-d216710\" data-id=\"d216710\" data-element_type=\"column\" data-e-type=\"column\">\n\t\t\t<div class=\"elementor-widget-wrap elementor-element-populated\">\n\t\t\t\t\t\t<div class=\"elementor-element elementor-element-b242c70 elementor-widget elementor-widget-spacer\" data-id=\"b242c70\" data-element_type=\"widget\" data-e-type=\"widget\" data-widget_type=\"spacer.default\">\n\t\t\t\t<div class=\"elementor-widget-container\">\n\t\t\t\t\t\t\t<div class=\"elementor-spacer\">\n\t\t\t<div class=\"elementor-spacer-inner\"><\/div>\n\t\t<\/div>\n\t\t\t\t\t\t<\/div>\n\t\t\t\t<\/div>\n\t\t\t\t\t<\/div>\n\t\t<\/div>\n\t\t\t\t\t<\/div>\n\t\t<\/section>\n\t\t\t\t<section class=\"elementor-section elementor-top-section elementor-element elementor-element-34b99230 elementor-reverse-tablet elementor-reverse-mobile elementor-section-boxed elementor-section-height-default elementor-section-height-default\" data-id=\"34b99230\" data-element_type=\"section\" data-e-type=\"section\">\n\t\t\t\t\t\t<div class=\"elementor-container elementor-column-gap-default\">\n\t\t\t\t\t<div class=\"elementor-column elementor-col-100 elementor-top-column elementor-element elementor-element-75d05ee3\" data-id=\"75d05ee3\" data-element_type=\"column\" data-e-type=\"column\">\n\t\t\t<div class=\"elementor-widget-wrap elementor-element-populated\">\n\t\t\t\t\t\t<div class=\"elementor-element elementor-element-ac05dcf elementor-widget elementor-widget-elementskit-category-list\" data-id=\"ac05dcf\" data-element_type=\"widget\" data-e-type=\"widget\" data-widget_type=\"elementskit-category-list.default\">\n\t\t\t\t<div class=\"elementor-widget-container\">\n\t\t\t\t\t<div class=\"ekit-wid-con\" >\t\t<ul class=\"elementor-icon-list-items\">\n\t\t\t\t\t<\/ul>\n\t\t<\/div>\t\t\t\t<\/div>\n\t\t\t\t<\/div>\n\t\t\t\t<div class=\"elementor-element elementor-element-778fc00 elementor-grid-3 elementor-grid-tablet-2 elementor-grid-mobile-1 elementor-posts--thumbnail-top elementor-card-shadow-yes elementor-posts__hover-gradient elementor-widget elementor-widget-posts\" data-id=\"778fc00\" data-element_type=\"widget\" data-e-type=\"widget\" data-settings=\"{&quot;cards_columns&quot;:&quot;3&quot;,&quot;cards_columns_tablet&quot;:&quot;2&quot;,&quot;cards_columns_mobile&quot;:&quot;1&quot;,&quot;cards_row_gap&quot;:{&quot;unit&quot;:&quot;px&quot;,&quot;size&quot;:35,&quot;sizes&quot;:[]},&quot;cards_row_gap_tablet&quot;:{&quot;unit&quot;:&quot;px&quot;,&quot;size&quot;:&quot;&quot;,&quot;sizes&quot;:[]},&quot;cards_row_gap_mobile&quot;:{&quot;unit&quot;:&quot;px&quot;,&quot;size&quot;:&quot;&quot;,&quot;sizes&quot;:[]}}\" data-widget_type=\"posts.cards\">\n\t\t\t\t<div class=\"elementor-widget-container\">\n\t\t\t\t\t\t\t<div class=\"elementor-posts-container elementor-posts elementor-posts--skin-cards elementor-grid\" role=\"list\">\n\t\t\t\t<article class=\"elementor-post elementor-grid-item post-44515 post type-post status-publish format-standard has-post-thumbnail hentry category-nieuws\" role=\"listitem\">\n\t\t\t<div class=\"elementor-post__card\">\n\t\t\t\t<a class=\"elementor-post__thumbnail__link\" href=\"https:\/\/profinrg.nl\/de\/verduurzamen-zonder-gedoe-het-kan-echt\/\" tabindex=\"-1\" ><div class=\"elementor-post__thumbnail\"><img decoding=\"async\" width=\"800\" height=\"491\" src=\"https:\/\/profinrg.nl\/wp-content\/uploads\/2026\/04\/Aaron-Gordijn-1024x629.jpg\" class=\"attachment-large size-large wp-image-44517\" alt=\"\" srcset=\"https:\/\/profinrg.nl\/wp-content\/uploads\/2026\/04\/Aaron-Gordijn-1024x629.jpg 1024w, https:\/\/profinrg.nl\/wp-content\/uploads\/2026\/04\/Aaron-Gordijn-300x184.jpg 300w, https:\/\/profinrg.nl\/wp-content\/uploads\/2026\/04\/Aaron-Gordijn-768x472.jpg 768w, https:\/\/profinrg.nl\/wp-content\/uploads\/2026\/04\/Aaron-Gordijn-18x12.jpg 18w, https:\/\/profinrg.nl\/wp-content\/uploads\/2026\/04\/Aaron-Gordijn.jpg 1443w\" sizes=\"(max-width: 800px) 100vw, 800px\" title=\"\"><\/div><\/a>\n\t\t\t\t<div class=\"elementor-post__text\">\n\t\t\t\t<h3 class=\"elementor-post__title\">\n\t\t\t<a href=\"https:\/\/profinrg.nl\/de\/verduurzamen-zonder-gedoe-het-kan-echt\/\" >\n\t\t\t\tVerduurzamen zonder gedoe? Het k\u00e1n \u00e9cht.\t\t\t<\/a>\n\t\t<\/h3>\n\t\t\n\t\t<a class=\"elementor-post__read-more\" href=\"https:\/\/profinrg.nl\/de\/verduurzamen-zonder-gedoe-het-kan-echt\/\" aria-label=\"Mehr \u00fcber Verduurzamen zonder gedoe? Het k\u00e1n \u00e9cht.\" tabindex=\"-1\" >\n\t\t\tLees verder \u00bb\t\t<\/a>\n\n\t\t\t\t<\/div>\n\t\t\t\t<div class=\"elementor-post__meta-data\">\n\t\t\t\t\t<span class=\"elementor-post-date\">\n\t\t\t14 April 2026\t\t<\/span>\n\t\t\t\t<\/div>\n\t\t\t\t\t<\/div>\n\t\t<\/article>\n\t\t\t\t<article class=\"elementor-post elementor-grid-item post-44376 post type-post status-publish format-standard has-post-thumbnail hentry category-nieuws\" role=\"listitem\">\n\t\t\t<div class=\"elementor-post__card\">\n\t\t\t\t<a class=\"elementor-post__thumbnail__link\" href=\"https:\/\/profinrg.nl\/de\/voorjaarsbrief-zes-nieuwe-rondes-sde-en-verdeling-klimaat-en-energiefonds\/\" tabindex=\"-1\" ><div class=\"elementor-post__thumbnail\"><img decoding=\"async\" width=\"800\" height=\"570\" src=\"https:\/\/profinrg.nl\/wp-content\/uploads\/2026\/04\/Den_Haag_Binnenhof_Ridderzaal_5-1024x729.jpg\" class=\"attachment-large size-large wp-image-44378\" alt=\"Het Binnenhof in Den Haag - regering\" srcset=\"https:\/\/profinrg.nl\/wp-content\/uploads\/2026\/04\/Den_Haag_Binnenhof_Ridderzaal_5-1024x729.jpg 1024w, https:\/\/profinrg.nl\/wp-content\/uploads\/2026\/04\/Den_Haag_Binnenhof_Ridderzaal_5-300x214.jpg 300w, https:\/\/profinrg.nl\/wp-content\/uploads\/2026\/04\/Den_Haag_Binnenhof_Ridderzaal_5-768x547.jpg 768w, https:\/\/profinrg.nl\/wp-content\/uploads\/2026\/04\/Den_Haag_Binnenhof_Ridderzaal_5-1536x1094.jpg 1536w, https:\/\/profinrg.nl\/wp-content\/uploads\/2026\/04\/Den_Haag_Binnenhof_Ridderzaal_5-2048x1459.jpg 2048w, https:\/\/profinrg.nl\/wp-content\/uploads\/2026\/04\/Den_Haag_Binnenhof_Ridderzaal_5-18x12.jpg 18w\" sizes=\"(max-width: 800px) 100vw, 800px\" title=\"\"><\/div><\/a>\n\t\t\t\t<div class=\"elementor-post__text\">\n\t\t\t\t<h3 class=\"elementor-post__title\">\n\t\t\t<a href=\"https:\/\/profinrg.nl\/de\/voorjaarsbrief-zes-nieuwe-rondes-sde-en-verdeling-klimaat-en-energiefonds\/\" >\n\t\t\t\tVoorjaarsbrief: Zes nieuwe rondes SDE++ en verdeling Klimaat- en energiefonds\t\t\t<\/a>\n\t\t<\/h3>\n\t\t\n\t\t<a class=\"elementor-post__read-more\" href=\"https:\/\/profinrg.nl\/de\/voorjaarsbrief-zes-nieuwe-rondes-sde-en-verdeling-klimaat-en-energiefonds\/\" aria-label=\"Mehr \u00fcber Voorjaarsbrief: Zes nieuwe rondes SDE++ en verdeling Klimaat- en energiefonds\" tabindex=\"-1\" >\n\t\t\tLees verder \u00bb\t\t<\/a>\n\n\t\t\t\t<\/div>\n\t\t\t\t<div class=\"elementor-post__meta-data\">\n\t\t\t\t\t<span class=\"elementor-post-date\">\n\t\t\t7 April 2026\t\t<\/span>\n\t\t\t\t<\/div>\n\t\t\t\t\t<\/div>\n\t\t<\/article>\n\t\t\t\t<article class=\"elementor-post elementor-grid-item post-44303 post type-post status-publish format-standard has-post-thumbnail hentry category-nieuws\" role=\"listitem\">\n\t\t\t<div class=\"elementor-post__card\">\n\t\t\t\t<a class=\"elementor-post__thumbnail__link\" href=\"https:\/\/profinrg.nl\/de\/panattoni-kiest-voor-profinrg-oplossing-met-cable-pooling-om-netcongestie-te-omzeilen-bij-nieuw-bedrijvencomplex-kerkrade\/\" tabindex=\"-1\" ><div class=\"elementor-post__thumbnail\"><img loading=\"lazy\" decoding=\"async\" width=\"800\" height=\"450\" src=\"https:\/\/profinrg.nl\/wp-content\/uploads\/2026\/03\/panattoni-Kerkrade-1024x576.webp\" class=\"attachment-large size-large wp-image-44304\" alt=\"\" srcset=\"https:\/\/profinrg.nl\/wp-content\/uploads\/2026\/03\/panattoni-Kerkrade-1024x576.webp 1024w, https:\/\/profinrg.nl\/wp-content\/uploads\/2026\/03\/panattoni-Kerkrade-300x169.webp 300w, https:\/\/profinrg.nl\/wp-content\/uploads\/2026\/03\/panattoni-Kerkrade-768x432.webp 768w, https:\/\/profinrg.nl\/wp-content\/uploads\/2026\/03\/panattoni-Kerkrade-18x10.webp 18w, https:\/\/profinrg.nl\/wp-content\/uploads\/2026\/03\/panattoni-Kerkrade.webp 1140w\" sizes=\"(max-width: 800px) 100vw, 800px\" title=\"\"><\/div><\/a>\n\t\t\t\t<div class=\"elementor-post__text\">\n\t\t\t\t<h3 class=\"elementor-post__title\">\n\t\t\t<a href=\"https:\/\/profinrg.nl\/de\/panattoni-kiest-voor-profinrg-oplossing-met-cable-pooling-om-netcongestie-te-omzeilen-bij-nieuw-bedrijvencomplex-kerkrade\/\" >\n\t\t\t\tPanattoni kiest voor ProfiNRG-oplossing (met cable\u2011pooling) om netcongestie te omzeilen bij nieuw bedrijvencomplex Kerkrade\t\t\t<\/a>\n\t\t<\/h3>\n\t\t\n\t\t<a class=\"elementor-post__read-more\" href=\"https:\/\/profinrg.nl\/de\/panattoni-kiest-voor-profinrg-oplossing-met-cable-pooling-om-netcongestie-te-omzeilen-bij-nieuw-bedrijvencomplex-kerkrade\/\" aria-label=\"Mehr \u00fcber Panattoni kiest voor ProfiNRG-oplossing (met cable\u2011pooling) om netcongestie te omzeilen bij nieuw bedrijvencomplex Kerkrade\" tabindex=\"-1\" >\n\t\t\tLees verder \u00bb\t\t<\/a>\n\n\t\t\t\t<\/div>\n\t\t\t\t<div class=\"elementor-post__meta-data\">\n\t\t\t\t\t<span class=\"elementor-post-date\">\n\t\t\t2 April 2026\t\t<\/span>\n\t\t\t\t<\/div>\n\t\t\t\t\t<\/div>\n\t\t<\/article>\n\t\t\t\t<article class=\"elementor-post elementor-grid-item post-44309 post type-post status-publish format-standard has-post-thumbnail hentry category-nieuws\" role=\"listitem\">\n\t\t\t<div class=\"elementor-post__card\">\n\t\t\t\t<a class=\"elementor-post__thumbnail__link\" href=\"https:\/\/profinrg.nl\/de\/flexe-subsidie-flexibele-energie-en-batterijopslag\/\" tabindex=\"-1\" ><div class=\"elementor-post__thumbnail\"><img loading=\"lazy\" decoding=\"async\" width=\"800\" height=\"402\" src=\"https:\/\/profinrg.nl\/wp-content\/uploads\/2026\/03\/WhatsApp-Image-2026-02-19-at-19.30.39-2-1024x514.jpg\" class=\"attachment-large size-large wp-image-44310\" alt=\"\" srcset=\"https:\/\/profinrg.nl\/wp-content\/uploads\/2026\/03\/WhatsApp-Image-2026-02-19-at-19.30.39-2-1024x514.jpg 1024w, https:\/\/profinrg.nl\/wp-content\/uploads\/2026\/03\/WhatsApp-Image-2026-02-19-at-19.30.39-2-300x151.jpg 300w, https:\/\/profinrg.nl\/wp-content\/uploads\/2026\/03\/WhatsApp-Image-2026-02-19-at-19.30.39-2-768x386.jpg 768w, https:\/\/profinrg.nl\/wp-content\/uploads\/2026\/03\/WhatsApp-Image-2026-02-19-at-19.30.39-2-18x9.jpg 18w, https:\/\/profinrg.nl\/wp-content\/uploads\/2026\/03\/WhatsApp-Image-2026-02-19-at-19.30.39-2.jpg 1457w\" sizes=\"(max-width: 800px) 100vw, 800px\" title=\"\"><\/div><\/a>\n\t\t\t\t<div class=\"elementor-post__text\">\n\t\t\t\t<h3 class=\"elementor-post__title\">\n\t\t\t<a href=\"https:\/\/profinrg.nl\/de\/flexe-subsidie-flexibele-energie-en-batterijopslag\/\" >\n\t\t\t\tFlex\u2011E subsidie opent binnenkort \u2014 d\u00e9 kans om te investeren in flexibele energie en batterijopslag\t\t\t<\/a>\n\t\t<\/h3>\n\t\t\n\t\t<a class=\"elementor-post__read-more\" href=\"https:\/\/profinrg.nl\/de\/flexe-subsidie-flexibele-energie-en-batterijopslag\/\" aria-label=\"Mehr \u00fcber Flex\u2011E subsidie opent binnenkort \u2014 d\u00e9 kans om te investeren in flexibele energie en batterijopslag\" tabindex=\"-1\" >\n\t\t\tLees verder \u00bb\t\t<\/a>\n\n\t\t\t\t<\/div>\n\t\t\t\t<div class=\"elementor-post__meta-data\">\n\t\t\t\t\t<span class=\"elementor-post-date\">\n\t\t\t30 M\u00e4rz 2026\t\t<\/span>\n\t\t\t\t<\/div>\n\t\t\t\t\t<\/div>\n\t\t<\/article>\n\t\t\t\t<article class=\"elementor-post elementor-grid-item post-44255 post type-post status-publish format-standard has-post-thumbnail hentry category-nieuws\" role=\"listitem\">\n\t\t\t<div class=\"elementor-post__card\">\n\t\t\t\t<a class=\"elementor-post__thumbnail__link\" href=\"https:\/\/profinrg.nl\/de\/energiezekerheid-voor-de-toekomst\/\" tabindex=\"-1\" ><div class=\"elementor-post__thumbnail\"><img loading=\"lazy\" decoding=\"async\" width=\"800\" height=\"600\" src=\"https:\/\/profinrg.nl\/wp-content\/uploads\/2026\/03\/DJI_0019-1024x768.jpg\" class=\"attachment-large size-large wp-image-44256\" alt=\"De Energy Hub Zwanendal, zonnepanelen, batterijopslag en cablepooling met NRG pallas Petten\" srcset=\"https:\/\/profinrg.nl\/wp-content\/uploads\/2026\/03\/DJI_0019-1024x768.jpg 1024w, https:\/\/profinrg.nl\/wp-content\/uploads\/2026\/03\/DJI_0019-300x225.jpg 300w, https:\/\/profinrg.nl\/wp-content\/uploads\/2026\/03\/DJI_0019-768x576.jpg 768w, https:\/\/profinrg.nl\/wp-content\/uploads\/2026\/03\/DJI_0019-1536x1152.jpg 1536w, https:\/\/profinrg.nl\/wp-content\/uploads\/2026\/03\/DJI_0019-2048x1536.jpg 2048w, https:\/\/profinrg.nl\/wp-content\/uploads\/2026\/03\/DJI_0019-16x12.jpg 16w\" sizes=\"(max-width: 800px) 100vw, 800px\" title=\"\"><\/div><\/a>\n\t\t\t\t<div class=\"elementor-post__text\">\n\t\t\t\t<h3 class=\"elementor-post__title\">\n\t\t\t<a href=\"https:\/\/profinrg.nl\/de\/energiezekerheid-voor-de-toekomst\/\" >\n\t\t\t\tEnergiezekerheid voor de toekomst\t\t\t<\/a>\n\t\t<\/h3>\n\t\t\n\t\t<a class=\"elementor-post__read-more\" href=\"https:\/\/profinrg.nl\/de\/energiezekerheid-voor-de-toekomst\/\" aria-label=\"Mehr \u00fcber Energiezekerheid voor de toekomst\" tabindex=\"-1\" >\n\t\t\tLees verder \u00bb\t\t<\/a>\n\n\t\t\t\t<\/div>\n\t\t\t\t<div class=\"elementor-post__meta-data\">\n\t\t\t\t\t<span class=\"elementor-post-date\">\n\t\t\t26 M\u00e4rz 2026\t\t<\/span>\n\t\t\t\t<\/div>\n\t\t\t\t\t<\/div>\n\t\t<\/article>\n\t\t\t\t<article class=\"elementor-post elementor-grid-item post-44153 post type-post status-publish format-standard has-post-thumbnail hentry category-nieuws tag-cce-the-netherlands tag-duurzameenergie tag-energietransitie tag-profinrg tag-rafelder tag-stortplaats tag-zonnepark\" role=\"listitem\">\n\t\t\t<div class=\"elementor-post__card\">\n\t\t\t\t<a class=\"elementor-post__thumbnail__link\" href=\"https:\/\/profinrg.nl\/de\/van-stortplaats-naar-zonnepark-rafelder-toont-de-kracht-van-samenwerking-2\/\" tabindex=\"-1\" ><div class=\"elementor-post__thumbnail\"><img loading=\"lazy\" decoding=\"async\" width=\"800\" height=\"600\" src=\"https:\/\/profinrg.nl\/wp-content\/uploads\/2026\/03\/WhatsApp-Image-2025-06-06-at-15.40.19-1-1024x768.jpeg\" class=\"attachment-large size-large wp-image-44155\" alt=\"Rafelder Van stortplaats naar zonnepark\" srcset=\"https:\/\/profinrg.nl\/wp-content\/uploads\/2026\/03\/WhatsApp-Image-2025-06-06-at-15.40.19-1-1024x768.jpeg 1024w, https:\/\/profinrg.nl\/wp-content\/uploads\/2026\/03\/WhatsApp-Image-2025-06-06-at-15.40.19-1-300x225.jpeg 300w, https:\/\/profinrg.nl\/wp-content\/uploads\/2026\/03\/WhatsApp-Image-2025-06-06-at-15.40.19-1-768x576.jpeg 768w, https:\/\/profinrg.nl\/wp-content\/uploads\/2026\/03\/WhatsApp-Image-2025-06-06-at-15.40.19-1-1536x1152.jpeg 1536w, https:\/\/profinrg.nl\/wp-content\/uploads\/2026\/03\/WhatsApp-Image-2025-06-06-at-15.40.19-1-16x12.jpeg 16w, https:\/\/profinrg.nl\/wp-content\/uploads\/2026\/03\/WhatsApp-Image-2025-06-06-at-15.40.19-1.jpeg 2048w\" sizes=\"(max-width: 800px) 100vw, 800px\" title=\"\"><\/div><\/a>\n\t\t\t\t<div class=\"elementor-post__text\">\n\t\t\t\t<h3 class=\"elementor-post__title\">\n\t\t\t<a href=\"https:\/\/profinrg.nl\/de\/van-stortplaats-naar-zonnepark-rafelder-toont-de-kracht-van-samenwerking-2\/\" >\n\t\t\t\tRafelder van stortplaats naar zonnepark\t\t\t<\/a>\n\t\t<\/h3>\n\t\t\n\t\t<a class=\"elementor-post__read-more\" href=\"https:\/\/profinrg.nl\/de\/van-stortplaats-naar-zonnepark-rafelder-toont-de-kracht-van-samenwerking-2\/\" aria-label=\"Mehr \u00fcber Rafelder van stortplaats naar zonnepark\" tabindex=\"-1\" >\n\t\t\tLees verder \u00bb\t\t<\/a>\n\n\t\t\t\t<\/div>\n\t\t\t\t<div class=\"elementor-post__meta-data\">\n\t\t\t\t\t<span class=\"elementor-post-date\">\n\t\t\t5 M\u00e4rz 2026\t\t<\/span>\n\t\t\t\t<\/div>\n\t\t\t\t\t<\/div>\n\t\t<\/article>\n\t\t\t\t<article class=\"elementor-post elementor-grid-item post-43497 post type-post status-publish format-standard has-post-thumbnail hentry category-nieuws\" role=\"listitem\">\n\t\t\t<div class=\"elementor-post__card\">\n\t\t\t\t<a class=\"elementor-post__thumbnail__link\" href=\"https:\/\/profinrg.nl\/de\/doorbraak-op-het-volle-stroomnet-stedin-en-tennet-creeren-ruimte-voor-groei\/\" tabindex=\"-1\" ><div class=\"elementor-post__thumbnail\"><img loading=\"lazy\" decoding=\"async\" width=\"800\" height=\"534\" src=\"https:\/\/profinrg.nl\/wp-content\/uploads\/2025\/10\/shutterstock_2290889285-1024x683.jpg\" class=\"attachment-large size-large wp-image-43500\" alt=\"Ruimte op het elektriciteitsnet\" srcset=\"https:\/\/profinrg.nl\/wp-content\/uploads\/2025\/10\/shutterstock_2290889285-1024x683.jpg 1024w, https:\/\/profinrg.nl\/wp-content\/uploads\/2025\/10\/shutterstock_2290889285-300x200.jpg 300w, https:\/\/profinrg.nl\/wp-content\/uploads\/2025\/10\/shutterstock_2290889285-768x512.jpg 768w, https:\/\/profinrg.nl\/wp-content\/uploads\/2025\/10\/shutterstock_2290889285-1536x1024.jpg 1536w, https:\/\/profinrg.nl\/wp-content\/uploads\/2025\/10\/shutterstock_2290889285-2048x1365.jpg 2048w, https:\/\/profinrg.nl\/wp-content\/uploads\/2025\/10\/shutterstock_2290889285-18x12.jpg 18w\" sizes=\"(max-width: 800px) 100vw, 800px\" title=\"\"><\/div><\/a>\n\t\t\t\t<div class=\"elementor-post__text\">\n\t\t\t\t<h3 class=\"elementor-post__title\">\n\t\t\t<a href=\"https:\/\/profinrg.nl\/de\/doorbraak-op-het-volle-stroomnet-stedin-en-tennet-creeren-ruimte-voor-groei\/\" >\n\t\t\t\tDoorbraak op het volle stroomnet: Stedin en Tennet cre\u00ebren ruimte voor groei\t\t\t<\/a>\n\t\t<\/h3>\n\t\t\n\t\t<a class=\"elementor-post__read-more\" href=\"https:\/\/profinrg.nl\/de\/doorbraak-op-het-volle-stroomnet-stedin-en-tennet-creeren-ruimte-voor-groei\/\" aria-label=\"Mehr \u00fcber Doorbraak op het volle stroomnet: Stedin en Tennet cre\u00ebren ruimte voor groei\" tabindex=\"-1\" >\n\t\t\tLees verder \u00bb\t\t<\/a>\n\n\t\t\t\t<\/div>\n\t\t\t\t<div class=\"elementor-post__meta-data\">\n\t\t\t\t\t<span class=\"elementor-post-date\">\n\t\t\t21 Oktober 2025\t\t<\/span>\n\t\t\t\t<\/div>\n\t\t\t\t\t<\/div>\n\t\t<\/article>\n\t\t\t\t<article class=\"elementor-post elementor-grid-item post-43040 post type-post status-publish format-standard has-post-thumbnail hentry category-nieuws\" role=\"listitem\">\n\t\t\t<div class=\"elementor-post__card\">\n\t\t\t\t<a class=\"elementor-post__thumbnail__link\" href=\"https:\/\/profinrg.nl\/de\/rvo-lanceert-online-wegwijzer-voor-verplichte-registratie-batterijen\/\" tabindex=\"-1\" ><div class=\"elementor-post__thumbnail\"><img loading=\"lazy\" decoding=\"async\" width=\"564\" height=\"423\" src=\"https:\/\/profinrg.nl\/wp-content\/uploads\/2025\/07\/1.jpeg\" class=\"attachment-large size-large wp-image-42664\" alt=\"energieopslag bergambacht\" srcset=\"https:\/\/profinrg.nl\/wp-content\/uploads\/2025\/07\/1.jpeg 564w, https:\/\/profinrg.nl\/wp-content\/uploads\/2025\/07\/1-300x225.jpeg 300w, https:\/\/profinrg.nl\/wp-content\/uploads\/2025\/07\/1-16x12.jpeg 16w\" sizes=\"(max-width: 564px) 100vw, 564px\" title=\"\"><\/div><\/a>\n\t\t\t\t<div class=\"elementor-post__text\">\n\t\t\t\t<h3 class=\"elementor-post__title\">\n\t\t\t<a href=\"https:\/\/profinrg.nl\/de\/rvo-lanceert-online-wegwijzer-voor-verplichte-registratie-batterijen\/\" >\n\t\t\t\tRVO lanceert online-wegwijzer voor verplichte registratie batterijen\t\t\t<\/a>\n\t\t<\/h3>\n\t\t\n\t\t<a class=\"elementor-post__read-more\" href=\"https:\/\/profinrg.nl\/de\/rvo-lanceert-online-wegwijzer-voor-verplichte-registratie-batterijen\/\" aria-label=\"Mehr \u00fcber RVO lanceert online-wegwijzer voor verplichte registratie batterijen\" tabindex=\"-1\" >\n\t\t\tLees verder \u00bb\t\t<\/a>\n\n\t\t\t\t<\/div>\n\t\t\t\t<div class=\"elementor-post__meta-data\">\n\t\t\t\t\t<span class=\"elementor-post-date\">\n\t\t\t8 September 2025\t\t<\/span>\n\t\t\t\t<\/div>\n\t\t\t\t\t<\/div>\n\t\t<\/article>\n\t\t\t\t<article class=\"elementor-post elementor-grid-item post-42931 post type-post status-publish format-standard has-post-thumbnail hentry category-nieuws\" role=\"listitem\">\n\t\t\t<div class=\"elementor-post__card\">\n\t\t\t\t<a class=\"elementor-post__thumbnail__link\" href=\"https:\/\/profinrg.nl\/de\/van-zonnepanelen-naar-energieopslag-en-laden\/\" tabindex=\"-1\" ><div class=\"elementor-post__thumbnail\"><img loading=\"lazy\" decoding=\"async\" width=\"800\" height=\"534\" src=\"https:\/\/profinrg.nl\/wp-content\/uploads\/2025\/08\/IMG_8482-1024x683.jpeg\" class=\"attachment-large size-large wp-image-42895\" alt=\"energieopslag met laadoplossing\" srcset=\"https:\/\/profinrg.nl\/wp-content\/uploads\/2025\/08\/IMG_8482-1024x683.jpeg 1024w, https:\/\/profinrg.nl\/wp-content\/uploads\/2025\/08\/IMG_8482-300x200.jpeg 300w, https:\/\/profinrg.nl\/wp-content\/uploads\/2025\/08\/IMG_8482-768x512.jpeg 768w, https:\/\/profinrg.nl\/wp-content\/uploads\/2025\/08\/IMG_8482-1536x1025.jpeg 1536w, https:\/\/profinrg.nl\/wp-content\/uploads\/2025\/08\/IMG_8482-2048x1366.jpeg 2048w, https:\/\/profinrg.nl\/wp-content\/uploads\/2025\/08\/IMG_8482-18x12.jpeg 18w\" sizes=\"(max-width: 800px) 100vw, 800px\" title=\"\"><\/div><\/a>\n\t\t\t\t<div class=\"elementor-post__text\">\n\t\t\t\t<h3 class=\"elementor-post__title\">\n\t\t\t<a href=\"https:\/\/profinrg.nl\/de\/van-zonnepanelen-naar-energieopslag-en-laden\/\" >\n\t\t\t\tVan zonnepanelen naar slimme energieopslag en laden\t\t\t<\/a>\n\t\t<\/h3>\n\t\t\n\t\t<a class=\"elementor-post__read-more\" href=\"https:\/\/profinrg.nl\/de\/van-zonnepanelen-naar-energieopslag-en-laden\/\" aria-label=\"Mehr \u00fcber Van zonnepanelen naar slimme energieopslag en laden\" tabindex=\"-1\" >\n\t\t\tLees verder \u00bb\t\t<\/a>\n\n\t\t\t\t<\/div>\n\t\t\t\t<div class=\"elementor-post__meta-data\">\n\t\t\t\t\t<span class=\"elementor-post-date\">\n\t\t\t25 August 2025\t\t<\/span>\n\t\t\t\t<\/div>\n\t\t\t\t\t<\/div>\n\t\t<\/article>\n\t\t\t\t<article class=\"elementor-post elementor-grid-item post-42794 post type-post status-publish format-standard has-post-thumbnail hentry category-nieuws\" role=\"listitem\">\n\t\t\t<div class=\"elementor-post__card\">\n\t\t\t\t<a class=\"elementor-post__thumbnail__link\" href=\"https:\/\/profinrg.nl\/de\/energieprimeur-profinrg-realiseert-eerste-huawei-on-off-grid-batterij-bij-espeq\/\" tabindex=\"-1\" ><div class=\"elementor-post__thumbnail\"><img loading=\"lazy\" decoding=\"async\" width=\"800\" height=\"592\" src=\"https:\/\/profinrg.nl\/wp-content\/uploads\/2025\/07\/IMG-20250715-WA0011-v2.jpg\" class=\"attachment-large size-large wp-image-42795\" alt=\"on-off-grid batterij\" srcset=\"https:\/\/profinrg.nl\/wp-content\/uploads\/2025\/07\/IMG-20250715-WA0011-v2.jpg 965w, https:\/\/profinrg.nl\/wp-content\/uploads\/2025\/07\/IMG-20250715-WA0011-v2-300x222.jpg 300w, https:\/\/profinrg.nl\/wp-content\/uploads\/2025\/07\/IMG-20250715-WA0011-v2-768x568.jpg 768w, https:\/\/profinrg.nl\/wp-content\/uploads\/2025\/07\/IMG-20250715-WA0011-v2-16x12.jpg 16w\" sizes=\"(max-width: 800px) 100vw, 800px\" title=\"\"><\/div><\/a>\n\t\t\t\t<div class=\"elementor-post__text\">\n\t\t\t\t<h3 class=\"elementor-post__title\">\n\t\t\t<a href=\"https:\/\/profinrg.nl\/de\/energieprimeur-profinrg-realiseert-eerste-huawei-on-off-grid-batterij-bij-espeq\/\" >\n\t\t\t\tEnergieprimeur: ProfiNRG realiseert eerste Huawei On-Off-grid batterij bij ESPEQ\t\t\t<\/a>\n\t\t<\/h3>\n\t\t\n\t\t<a class=\"elementor-post__read-more\" href=\"https:\/\/profinrg.nl\/de\/energieprimeur-profinrg-realiseert-eerste-huawei-on-off-grid-batterij-bij-espeq\/\" aria-label=\"Mehr \u00fcber Energieprimeur: ProfiNRG realiseert eerste Huawei On-Off-grid batterij bij ESPEQ\" tabindex=\"-1\" >\n\t\t\tLees verder \u00bb\t\t<\/a>\n\n\t\t\t\t<\/div>\n\t\t\t\t<div class=\"elementor-post__meta-data\">\n\t\t\t\t\t<span class=\"elementor-post-date\">\n\t\t\t17 Juli 2025\t\t<\/span>\n\t\t\t\t<\/div>\n\t\t\t\t\t<\/div>\n\t\t<\/article>\n\t\t\t\t<article class=\"elementor-post elementor-grid-item post-42803 post type-post status-publish format-standard has-post-thumbnail hentry category-nieuws\" role=\"listitem\">\n\t\t\t<div class=\"elementor-post__card\">\n\t\t\t\t<a class=\"elementor-post__thumbnail__link\" href=\"https:\/\/profinrg.nl\/de\/elementor-42803\/\" tabindex=\"-1\" ><div class=\"elementor-post__thumbnail\"><img loading=\"lazy\" decoding=\"async\" width=\"800\" height=\"534\" src=\"https:\/\/profinrg.nl\/wp-content\/uploads\/2024\/07\/Eindadvies-basisbedragen-sde-2024-1024x683.jpg\" class=\"attachment-large size-large wp-image-40234\" alt=\"Eindadvies basisbedragen sde++ 2025\" srcset=\"https:\/\/profinrg.nl\/wp-content\/uploads\/2024\/07\/Eindadvies-basisbedragen-sde-2024-1024x683.jpg 1024w, https:\/\/profinrg.nl\/wp-content\/uploads\/2024\/07\/Eindadvies-basisbedragen-sde-2024-300x200.jpg 300w, https:\/\/profinrg.nl\/wp-content\/uploads\/2024\/07\/Eindadvies-basisbedragen-sde-2024-768x512.jpg 768w, https:\/\/profinrg.nl\/wp-content\/uploads\/2024\/07\/Eindadvies-basisbedragen-sde-2024-1536x1025.jpg 1536w, https:\/\/profinrg.nl\/wp-content\/uploads\/2024\/07\/Eindadvies-basisbedragen-sde-2024-2048x1366.jpg 2048w, https:\/\/profinrg.nl\/wp-content\/uploads\/2024\/07\/Eindadvies-basisbedragen-sde-2024-18x12.jpg 18w\" sizes=\"(max-width: 800px) 100vw, 800px\" title=\"\"><\/div><\/a>\n\t\t\t\t<div class=\"elementor-post__text\">\n\t\t\t\t<h3 class=\"elementor-post__title\">\n\t\t\t<a href=\"https:\/\/profinrg.nl\/de\/elementor-42803\/\" >\n\t\t\t\tKamerbrief opvolger SDE++ gepubliceerd\t\t\t<\/a>\n\t\t<\/h3>\n\t\t\n\t\t<a class=\"elementor-post__read-more\" href=\"https:\/\/profinrg.nl\/de\/elementor-42803\/\" aria-label=\"Mehr \u00fcber Kamerbrief opvolger SDE++ gepubliceerd\" tabindex=\"-1\" >\n\t\t\tLees verder \u00bb\t\t<\/a>\n\n\t\t\t\t<\/div>\n\t\t\t\t<div class=\"elementor-post__meta-data\">\n\t\t\t\t\t<span class=\"elementor-post-date\">\n\t\t\t16 Juli 2025\t\t<\/span>\n\t\t\t\t<\/div>\n\t\t\t\t\t<\/div>\n\t\t<\/article>\n\t\t\t\t<article class=\"elementor-post elementor-grid-item post-42639 post type-post status-publish format-standard has-post-thumbnail hentry category-energie-opslag category-laadoplossing category-nieuws\" role=\"listitem\">\n\t\t\t<div class=\"elementor-post__card\">\n\t\t\t\t<a class=\"elementor-post__thumbnail__link\" href=\"https:\/\/profinrg.nl\/de\/energieopslag-bij-hurricane-bedrijfskleding\/\" tabindex=\"-1\" ><div class=\"elementor-post__thumbnail\"><img loading=\"lazy\" decoding=\"async\" width=\"800\" height=\"534\" src=\"https:\/\/profinrg.nl\/wp-content\/uploads\/2025\/07\/profinrg-laadpaal-webformaat-40-v2-1024x683.jpg\" class=\"attachment-large size-large wp-image-42645\" alt=\"zakelijk laden met batterij\" srcset=\"https:\/\/profinrg.nl\/wp-content\/uploads\/2025\/07\/profinrg-laadpaal-webformaat-40-v2-1024x683.jpg 1024w, https:\/\/profinrg.nl\/wp-content\/uploads\/2025\/07\/profinrg-laadpaal-webformaat-40-v2-300x200.jpg 300w, https:\/\/profinrg.nl\/wp-content\/uploads\/2025\/07\/profinrg-laadpaal-webformaat-40-v2-768x512.jpg 768w, https:\/\/profinrg.nl\/wp-content\/uploads\/2025\/07\/profinrg-laadpaal-webformaat-40-v2-18x12.jpg 18w, https:\/\/profinrg.nl\/wp-content\/uploads\/2025\/07\/profinrg-laadpaal-webformaat-40-v2.jpg 1280w\" sizes=\"(max-width: 800px) 100vw, 800px\" title=\"\"><\/div><\/a>\n\t\t\t\t<div class=\"elementor-post__text\">\n\t\t\t\t<h3 class=\"elementor-post__title\">\n\t\t\t<a href=\"https:\/\/profinrg.nl\/de\/energieopslag-bij-hurricane-bedrijfskleding\/\" >\n\t\t\t\tEnergieopslag bij Hurricane Bedrijfskleding\t\t\t<\/a>\n\t\t<\/h3>\n\t\t\n\t\t<a class=\"elementor-post__read-more\" href=\"https:\/\/profinrg.nl\/de\/energieopslag-bij-hurricane-bedrijfskleding\/\" aria-label=\"Mehr \u00fcber Energieopslag bij Hurricane Bedrijfskleding\" tabindex=\"-1\" >\n\t\t\tLees verder \u00bb\t\t<\/a>\n\n\t\t\t\t<\/div>\n\t\t\t\t<div class=\"elementor-post__meta-data\">\n\t\t\t\t\t<span class=\"elementor-post-date\">\n\t\t\t8 Juli 2025\t\t<\/span>\n\t\t\t\t<\/div>\n\t\t\t\t\t<\/div>\n\t\t<\/article>\n\t\t\t\t<article class=\"elementor-post elementor-grid-item post-42314 post type-post status-publish format-standard has-post-thumbnail hentry category-nieuws tag-agri-pv tag-vegetationsmanagament\" role=\"listitem\">\n\t\t\t<div class=\"elementor-post__card\">\n\t\t\t\t<a class=\"elementor-post__thumbnail__link\" href=\"https:\/\/profinrg.nl\/de\/vegetatiebeheer-bij-zonneparken\/\" tabindex=\"-1\" ><div class=\"elementor-post__thumbnail\"><img loading=\"lazy\" decoding=\"async\" width=\"800\" height=\"534\" src=\"https:\/\/profinrg.nl\/wp-content\/uploads\/2024\/09\/Sunvest-Zutphen-18-1024x683.jpg\" class=\"attachment-large size-large wp-image-40478\" alt=\"vegetatiebeheer\" srcset=\"https:\/\/profinrg.nl\/wp-content\/uploads\/2024\/09\/Sunvest-Zutphen-18-1024x683.jpg 1024w, https:\/\/profinrg.nl\/wp-content\/uploads\/2024\/09\/Sunvest-Zutphen-18-300x200.jpg 300w, https:\/\/profinrg.nl\/wp-content\/uploads\/2024\/09\/Sunvest-Zutphen-18-768x512.jpg 768w, https:\/\/profinrg.nl\/wp-content\/uploads\/2024\/09\/Sunvest-Zutphen-18-1536x1025.jpg 1536w, https:\/\/profinrg.nl\/wp-content\/uploads\/2024\/09\/Sunvest-Zutphen-18-2048x1366.jpg 2048w, https:\/\/profinrg.nl\/wp-content\/uploads\/2024\/09\/Sunvest-Zutphen-18-18x12.jpg 18w\" sizes=\"(max-width: 800px) 100vw, 800px\" title=\"\"><\/div><\/a>\n\t\t\t\t<div class=\"elementor-post__text\">\n\t\t\t\t<h3 class=\"elementor-post__title\">\n\t\t\t<a href=\"https:\/\/profinrg.nl\/de\/vegetatiebeheer-bij-zonneparken\/\" >\n\t\t\t\tVegetatiebeheer bij zonneparken\t\t\t<\/a>\n\t\t<\/h3>\n\t\t\n\t\t<a class=\"elementor-post__read-more\" href=\"https:\/\/profinrg.nl\/de\/vegetatiebeheer-bij-zonneparken\/\" aria-label=\"Mehr \u00fcber Vegetatiebeheer bij zonneparken\" tabindex=\"-1\" >\n\t\t\tLees verder \u00bb\t\t<\/a>\n\n\t\t\t\t<\/div>\n\t\t\t\t<div class=\"elementor-post__meta-data\">\n\t\t\t\t\t<span class=\"elementor-post-date\">\n\t\t\t24 Juni 2025\t\t<\/span>\n\t\t\t\t<\/div>\n\t\t\t\t\t<\/div>\n\t\t<\/article>\n\t\t\t\t<article class=\"elementor-post elementor-grid-item post-42181 post type-post status-publish format-standard has-post-thumbnail hentry category-nieuws\" role=\"listitem\">\n\t\t\t<div class=\"elementor-post__card\">\n\t\t\t\t<a class=\"elementor-post__thumbnail__link\" href=\"https:\/\/profinrg.nl\/de\/agri-pv-synergie-von-landwirtschaft-und-photovoltaik\/\" tabindex=\"-1\" ><div class=\"elementor-post__thumbnail\"><img loading=\"lazy\" decoding=\"async\" width=\"800\" height=\"450\" src=\"https:\/\/profinrg.nl\/wp-content\/uploads\/2024\/03\/Zonnepark-Aadijk-42-1024x576.jpg\" class=\"attachment-large size-large wp-image-37778\" alt=\"Agri-PV Deutschland\" srcset=\"https:\/\/profinrg.nl\/wp-content\/uploads\/2024\/03\/Zonnepark-Aadijk-42-1024x576.jpg 1024w, https:\/\/profinrg.nl\/wp-content\/uploads\/2024\/03\/Zonnepark-Aadijk-42-300x169.jpg 300w, https:\/\/profinrg.nl\/wp-content\/uploads\/2024\/03\/Zonnepark-Aadijk-42-768x432.jpg 768w, https:\/\/profinrg.nl\/wp-content\/uploads\/2024\/03\/Zonnepark-Aadijk-42-1536x864.jpg 1536w, https:\/\/profinrg.nl\/wp-content\/uploads\/2024\/03\/Zonnepark-Aadijk-42-2048x1152.jpg 2048w, https:\/\/profinrg.nl\/wp-content\/uploads\/2024\/03\/Zonnepark-Aadijk-42-18x10.jpg 18w\" sizes=\"(max-width: 800px) 100vw, 800px\" title=\"\"><\/div><\/a>\n\t\t\t\t<div class=\"elementor-post__text\">\n\t\t\t\t<h3 class=\"elementor-post__title\">\n\t\t\t<a href=\"https:\/\/profinrg.nl\/de\/agri-pv-synergie-von-landwirtschaft-und-photovoltaik\/\" >\n\t\t\t\tAgri-PV Duitsland \u2013 Synergie tussen landbouw en fotovolta\u00efsche energie\t\t\t<\/a>\n\t\t<\/h3>\n\t\t\n\t\t<a class=\"elementor-post__read-more\" href=\"https:\/\/profinrg.nl\/de\/agri-pv-synergie-von-landwirtschaft-und-photovoltaik\/\" aria-label=\"Mehr \u00fcber Agri-PV Duitsland \u2013 Synergie tussen landbouw en fotovolta\u00efsche energie\" tabindex=\"-1\" >\n\t\t\tLees verder \u00bb\t\t<\/a>\n\n\t\t\t\t<\/div>\n\t\t\t\t<div class=\"elementor-post__meta-data\">\n\t\t\t\t\t<span class=\"elementor-post-date\">\n\t\t\t27 Mai 2025\t\t<\/span>\n\t\t\t\t<\/div>\n\t\t\t\t\t<\/div>\n\t\t<\/article>\n\t\t\t\t<article class=\"elementor-post elementor-grid-item post-42154 post type-post status-publish format-standard has-post-thumbnail hentry category-nieuws\" role=\"listitem\">\n\t\t\t<div class=\"elementor-post__card\">\n\t\t\t\t<a class=\"elementor-post__thumbnail__link\" href=\"https:\/\/profinrg.nl\/de\/bedrijven-versnellen-verduurzaming\/\" tabindex=\"-1\" ><div class=\"elementor-post__thumbnail\"><img loading=\"lazy\" decoding=\"async\" width=\"800\" height=\"599\" src=\"https:\/\/profinrg.nl\/wp-content\/uploads\/2024\/02\/BeemFlights-Hines-Tiel-14Dec22-28-1024x767.jpg\" class=\"attachment-large size-large wp-image-37454\" alt=\"bedrijven versnellen verduurzaming\" srcset=\"https:\/\/profinrg.nl\/wp-content\/uploads\/2024\/02\/BeemFlights-Hines-Tiel-14Dec22-28-1024x767.jpg 1024w, https:\/\/profinrg.nl\/wp-content\/uploads\/2024\/02\/BeemFlights-Hines-Tiel-14Dec22-28-300x225.jpg 300w, https:\/\/profinrg.nl\/wp-content\/uploads\/2024\/02\/BeemFlights-Hines-Tiel-14Dec22-28-768x575.jpg 768w, https:\/\/profinrg.nl\/wp-content\/uploads\/2024\/02\/BeemFlights-Hines-Tiel-14Dec22-28-1536x1150.jpg 1536w, https:\/\/profinrg.nl\/wp-content\/uploads\/2024\/02\/BeemFlights-Hines-Tiel-14Dec22-28-2048x1534.jpg 2048w, https:\/\/profinrg.nl\/wp-content\/uploads\/2024\/02\/BeemFlights-Hines-Tiel-14Dec22-28-16x12.jpg 16w\" sizes=\"(max-width: 800px) 100vw, 800px\" title=\"\"><\/div><\/a>\n\t\t\t\t<div class=\"elementor-post__text\">\n\t\t\t\t<h3 class=\"elementor-post__title\">\n\t\t\t<a href=\"https:\/\/profinrg.nl\/de\/bedrijven-versnellen-verduurzaming\/\" >\n\t\t\t\tBedrijven versnellen verduurzaming\t\t\t<\/a>\n\t\t<\/h3>\n\t\t\n\t\t<a class=\"elementor-post__read-more\" href=\"https:\/\/profinrg.nl\/de\/bedrijven-versnellen-verduurzaming\/\" aria-label=\"Mehr \u00fcber Bedrijven versnellen verduurzaming\" tabindex=\"-1\" >\n\t\t\tLees verder \u00bb\t\t<\/a>\n\n\t\t\t\t<\/div>\n\t\t\t\t<div class=\"elementor-post__meta-data\">\n\t\t\t\t\t<span class=\"elementor-post-date\">\n\t\t\t13 Mai 2025\t\t<\/span>\n\t\t\t\t<\/div>\n\t\t\t\t\t<\/div>\n\t\t<\/article>\n\t\t\t\t<article class=\"elementor-post elementor-grid-item post-42124 post type-post status-publish format-standard has-post-thumbnail hentry category-nieuws\" role=\"listitem\">\n\t\t\t<div class=\"elementor-post__card\">\n\t\t\t\t<a class=\"elementor-post__thumbnail__link\" href=\"https:\/\/profinrg.nl\/de\/slimme-energieopslag-voor-bedrijven\/\" tabindex=\"-1\" ><div class=\"elementor-post__thumbnail\"><img loading=\"lazy\" decoding=\"async\" width=\"800\" height=\"450\" src=\"https:\/\/profinrg.nl\/wp-content\/uploads\/2025\/05\/ProfiNRG-Bergambacht-1-1024x576.jpg\" class=\"attachment-large size-large wp-image-42141\" alt=\"Slimme energieopslag voor bedrijven\" srcset=\"https:\/\/profinrg.nl\/wp-content\/uploads\/2025\/05\/ProfiNRG-Bergambacht-1-1024x576.jpg 1024w, https:\/\/profinrg.nl\/wp-content\/uploads\/2025\/05\/ProfiNRG-Bergambacht-1-300x169.jpg 300w, https:\/\/profinrg.nl\/wp-content\/uploads\/2025\/05\/ProfiNRG-Bergambacht-1-768x432.jpg 768w, https:\/\/profinrg.nl\/wp-content\/uploads\/2025\/05\/ProfiNRG-Bergambacht-1-1536x864.jpg 1536w, https:\/\/profinrg.nl\/wp-content\/uploads\/2025\/05\/ProfiNRG-Bergambacht-1-2048x1152.jpg 2048w, https:\/\/profinrg.nl\/wp-content\/uploads\/2025\/05\/ProfiNRG-Bergambacht-1-18x10.jpg 18w\" sizes=\"(max-width: 800px) 100vw, 800px\" title=\"\"><\/div><\/a>\n\t\t\t\t<div class=\"elementor-post__text\">\n\t\t\t\t<h3 class=\"elementor-post__title\">\n\t\t\t<a href=\"https:\/\/profinrg.nl\/de\/slimme-energieopslag-voor-bedrijven\/\" >\n\t\t\t\tSlimme energieopslag voor bedrijven bij volatiele stroomprijzen\t\t\t<\/a>\n\t\t<\/h3>\n\t\t\n\t\t<a class=\"elementor-post__read-more\" href=\"https:\/\/profinrg.nl\/de\/slimme-energieopslag-voor-bedrijven\/\" aria-label=\"Mehr \u00fcber Slimme energieopslag voor bedrijven bij volatiele stroomprijzen\" tabindex=\"-1\" >\n\t\t\tLees verder \u00bb\t\t<\/a>\n\n\t\t\t\t<\/div>\n\t\t\t\t<div class=\"elementor-post__meta-data\">\n\t\t\t\t\t<span class=\"elementor-post-date\">\n\t\t\t5 Mai 2025\t\t<\/span>\n\t\t\t\t<\/div>\n\t\t\t\t\t<\/div>\n\t\t<\/article>\n\t\t\t\t<article class=\"elementor-post elementor-grid-item post-42063 post type-post status-publish format-standard has-post-thumbnail hentry category-nieuws\" role=\"listitem\">\n\t\t\t<div class=\"elementor-post__card\">\n\t\t\t\t<a class=\"elementor-post__thumbnail__link\" href=\"https:\/\/profinrg.nl\/de\/sprila-subsidie-kansen-voor-bedrijven-in-duurzame-laadinfrastructuur\/\" tabindex=\"-1\" ><div class=\"elementor-post__thumbnail\"><img loading=\"lazy\" decoding=\"async\" width=\"800\" height=\"568\" src=\"https:\/\/profinrg.nl\/wp-content\/uploads\/2025\/04\/foto-van-corina.-kenteken-vervaagd-horizontaal-1024x727.jpg\" class=\"attachment-large size-large wp-image-42076\" alt=\"SPRILA-subsidie\" srcset=\"https:\/\/profinrg.nl\/wp-content\/uploads\/2025\/04\/foto-van-corina.-kenteken-vervaagd-horizontaal-1024x727.jpg 1024w, https:\/\/profinrg.nl\/wp-content\/uploads\/2025\/04\/foto-van-corina.-kenteken-vervaagd-horizontaal-300x213.jpg 300w, https:\/\/profinrg.nl\/wp-content\/uploads\/2025\/04\/foto-van-corina.-kenteken-vervaagd-horizontaal-768x545.jpg 768w, https:\/\/profinrg.nl\/wp-content\/uploads\/2025\/04\/foto-van-corina.-kenteken-vervaagd-horizontaal-18x12.jpg 18w, https:\/\/profinrg.nl\/wp-content\/uploads\/2025\/04\/foto-van-corina.-kenteken-vervaagd-horizontaal.jpg 1201w\" sizes=\"(max-width: 800px) 100vw, 800px\" title=\"\"><\/div><\/a>\n\t\t\t\t<div class=\"elementor-post__text\">\n\t\t\t\t<h3 class=\"elementor-post__title\">\n\t\t\t<a href=\"https:\/\/profinrg.nl\/de\/sprila-subsidie-kansen-voor-bedrijven-in-duurzame-laadinfrastructuur\/\" >\n\t\t\t\tSPRILA-subsidie: Kansen voor Bedrijven in Duurzame Laadinfrastructuur\t\t\t<\/a>\n\t\t<\/h3>\n\t\t\n\t\t<a class=\"elementor-post__read-more\" href=\"https:\/\/profinrg.nl\/de\/sprila-subsidie-kansen-voor-bedrijven-in-duurzame-laadinfrastructuur\/\" aria-label=\"Mehr \u00fcber SPRILA-subsidie: Kansen voor Bedrijven in Duurzame Laadinfrastructuur\" tabindex=\"-1\" >\n\t\t\tLees verder \u00bb\t\t<\/a>\n\n\t\t\t\t<\/div>\n\t\t\t\t<div class=\"elementor-post__meta-data\">\n\t\t\t\t\t<span class=\"elementor-post-date\">\n\t\t\t8 April 2025\t\t<\/span>\n\t\t\t\t<\/div>\n\t\t\t\t\t<\/div>\n\t\t<\/article>\n\t\t\t\t<article class=\"elementor-post elementor-grid-item post-42085 post type-post status-publish format-standard has-post-thumbnail hentry category-nieuws\" role=\"listitem\">\n\t\t\t<div class=\"elementor-post__card\">\n\t\t\t\t<a class=\"elementor-post__thumbnail__link\" href=\"https:\/\/profinrg.nl\/de\/zo-wil-de-acm-het-nederlandse-stroomnet-slimmer-gebruiken\/\" tabindex=\"-1\" ><div class=\"elementor-post__thumbnail\"><img loading=\"lazy\" decoding=\"async\" width=\"800\" height=\"413\" src=\"https:\/\/profinrg.nl\/wp-content\/uploads\/2025\/01\/Trafohuis-Profinrg-1024x529.png\" class=\"attachment-large size-large wp-image-41595\" alt=\"stroomnet slimmer gebruiken\" srcset=\"https:\/\/profinrg.nl\/wp-content\/uploads\/2025\/01\/Trafohuis-Profinrg-1024x529.png 1024w, https:\/\/profinrg.nl\/wp-content\/uploads\/2025\/01\/Trafohuis-Profinrg-300x155.png 300w, https:\/\/profinrg.nl\/wp-content\/uploads\/2025\/01\/Trafohuis-Profinrg-768x396.png 768w, https:\/\/profinrg.nl\/wp-content\/uploads\/2025\/01\/Trafohuis-Profinrg-1536x793.png 1536w, https:\/\/profinrg.nl\/wp-content\/uploads\/2025\/01\/Trafohuis-Profinrg-18x9.png 18w, https:\/\/profinrg.nl\/wp-content\/uploads\/2025\/01\/Trafohuis-Profinrg.png 1662w\" sizes=\"(max-width: 800px) 100vw, 800px\" title=\"\"><\/div><\/a>\n\t\t\t\t<div class=\"elementor-post__text\">\n\t\t\t\t<h3 class=\"elementor-post__title\">\n\t\t\t<a href=\"https:\/\/profinrg.nl\/de\/zo-wil-de-acm-het-nederlandse-stroomnet-slimmer-gebruiken\/\" >\n\t\t\t\tZo wil de ACM het Nederlandse stroomnet slimmer gebruiken\t\t\t<\/a>\n\t\t<\/h3>\n\t\t\n\t\t<a class=\"elementor-post__read-more\" href=\"https:\/\/profinrg.nl\/de\/zo-wil-de-acm-het-nederlandse-stroomnet-slimmer-gebruiken\/\" aria-label=\"Mehr \u00fcber Zo wil de ACM het Nederlandse stroomnet slimmer gebruiken\" tabindex=\"-1\" >\n\t\t\tLees verder \u00bb\t\t<\/a>\n\n\t\t\t\t<\/div>\n\t\t\t\t<div class=\"elementor-post__meta-data\">\n\t\t\t\t\t<span class=\"elementor-post-date\">\n\t\t\t4 April 2025\t\t<\/span>\n\t\t\t\t<\/div>\n\t\t\t\t\t<\/div>\n\t\t<\/article>\n\t\t\t\t<article class=\"elementor-post elementor-grid-item post-42044 post type-post status-publish format-standard has-post-thumbnail hentry category-nieuws\" role=\"listitem\">\n\t\t\t<div class=\"elementor-post__card\">\n\t\t\t\t<a class=\"elementor-post__thumbnail__link\" href=\"https:\/\/profinrg.nl\/de\/agri-pv-in-aktion-live-daten-zeigen-das-potenzial\/\" tabindex=\"-1\" ><div class=\"elementor-post__thumbnail\"><img loading=\"lazy\" decoding=\"async\" width=\"800\" height=\"266\" src=\"https:\/\/profinrg.nl\/wp-content\/uploads\/2025\/01\/Reallife-leistungsvergleich-1024x341.png\" class=\"attachment-large size-large wp-image-41631\" alt=\"Leistungsvergleich Agri-PV\" srcset=\"https:\/\/profinrg.nl\/wp-content\/uploads\/2025\/01\/Reallife-leistungsvergleich-1024x341.png 1024w, https:\/\/profinrg.nl\/wp-content\/uploads\/2025\/01\/Reallife-leistungsvergleich-300x100.png 300w, https:\/\/profinrg.nl\/wp-content\/uploads\/2025\/01\/Reallife-leistungsvergleich-768x256.png 768w, https:\/\/profinrg.nl\/wp-content\/uploads\/2025\/01\/Reallife-leistungsvergleich-1536x512.png 1536w, https:\/\/profinrg.nl\/wp-content\/uploads\/2025\/01\/Reallife-leistungsvergleich-18x6.png 18w, https:\/\/profinrg.nl\/wp-content\/uploads\/2025\/01\/Reallife-leistungsvergleich.png 1740w\" sizes=\"(max-width: 800px) 100vw, 800px\" title=\"\"><\/div><\/a>\n\t\t\t\t<div class=\"elementor-post__text\">\n\t\t\t\t<h3 class=\"elementor-post__title\">\n\t\t\t<a href=\"https:\/\/profinrg.nl\/de\/agri-pv-in-aktion-live-daten-zeigen-das-potenzial\/\" >\n\t\t\t\tAgri-PV in actie: live gegevens tonen het potentieel\t\t\t<\/a>\n\t\t<\/h3>\n\t\t\n\t\t<a class=\"elementor-post__read-more\" href=\"https:\/\/profinrg.nl\/de\/agri-pv-in-aktion-live-daten-zeigen-das-potenzial\/\" aria-label=\"Mehr \u00fcber Agri-PV in actie: live gegevens tonen het potentieel\" tabindex=\"-1\" >\n\t\t\tLees verder \u00bb\t\t<\/a>\n\n\t\t\t\t<\/div>\n\t\t\t\t<div class=\"elementor-post__meta-data\">\n\t\t\t\t\t<span class=\"elementor-post-date\">\n\t\t\t1 April 2025\t\t<\/span>\n\t\t\t\t<\/div>\n\t\t\t\t\t<\/div>\n\t\t<\/article>\n\t\t\t\t<article class=\"elementor-post elementor-grid-item post-41988 post type-post status-publish format-standard has-post-thumbnail hentry category-nieuws\" role=\"listitem\">\n\t\t\t<div class=\"elementor-post__card\">\n\t\t\t\t<a class=\"elementor-post__thumbnail__link\" href=\"https:\/\/profinrg.nl\/de\/flex-e-subsidie\/\" tabindex=\"-1\" ><div class=\"elementor-post__thumbnail\"><img loading=\"lazy\" decoding=\"async\" width=\"800\" height=\"372\" src=\"https:\/\/profinrg.nl\/wp-content\/uploads\/2025\/03\/subsidie-flex-e-1024x476.jpg\" class=\"attachment-large size-large wp-image-41989\" alt=\"flex-e subsidie\" srcset=\"https:\/\/profinrg.nl\/wp-content\/uploads\/2025\/03\/subsidie-flex-e-1024x476.jpg 1024w, https:\/\/profinrg.nl\/wp-content\/uploads\/2025\/03\/subsidie-flex-e-300x139.jpg 300w, https:\/\/profinrg.nl\/wp-content\/uploads\/2025\/03\/subsidie-flex-e-768x357.jpg 768w, https:\/\/profinrg.nl\/wp-content\/uploads\/2025\/03\/subsidie-flex-e-1536x714.jpg 1536w, https:\/\/profinrg.nl\/wp-content\/uploads\/2025\/03\/subsidie-flex-e-2048x952.jpg 2048w, https:\/\/profinrg.nl\/wp-content\/uploads\/2025\/03\/subsidie-flex-e-18x8.jpg 18w\" sizes=\"(max-width: 800px) 100vw, 800px\" title=\"\"><\/div><\/a>\n\t\t\t\t<div class=\"elementor-post__text\">\n\t\t\t\t<h3 class=\"elementor-post__title\">\n\t\t\t<a href=\"https:\/\/profinrg.nl\/de\/flex-e-subsidie\/\" >\n\t\t\t\tFlex-E subsidie: d\u00e9 kans om energie slimmer te gebruiken\t\t\t<\/a>\n\t\t<\/h3>\n\t\t\n\t\t<a class=\"elementor-post__read-more\" href=\"https:\/\/profinrg.nl\/de\/flex-e-subsidie\/\" aria-label=\"Mehr \u00fcber Flex-E subsidie: d\u00e9 kans om energie slimmer te gebruiken\" tabindex=\"-1\" >\n\t\t\tLees verder \u00bb\t\t<\/a>\n\n\t\t\t\t<\/div>\n\t\t\t\t<div class=\"elementor-post__meta-data\">\n\t\t\t\t\t<span class=\"elementor-post-date\">\n\t\t\t13 M\u00e4rz 2025\t\t<\/span>\n\t\t\t\t<\/div>\n\t\t\t\t\t<\/div>\n\t\t<\/article>\n\t\t\t\t<article class=\"elementor-post elementor-grid-item post-41960 post type-post status-publish format-standard has-post-thumbnail hentry category-nieuws\" role=\"listitem\">\n\t\t\t<div class=\"elementor-post__card\">\n\t\t\t\t<a class=\"elementor-post__thumbnail__link\" href=\"https:\/\/profinrg.nl\/de\/subsidie-voor-zonnepanelen-op-parkeerterreinen\/\" tabindex=\"-1\" ><div class=\"elementor-post__thumbnail\"><img loading=\"lazy\" decoding=\"async\" width=\"431\" height=\"251\" src=\"https:\/\/profinrg.nl\/wp-content\/uploads\/2022\/07\/carport-e1640270841607.png\" class=\"attachment-large size-large wp-image-23868\" alt=\"solar carport Subsidie voor zonnepanelen op parkeerterreinen\" srcset=\"https:\/\/profinrg.nl\/wp-content\/uploads\/2022\/07\/carport-e1640270841607.png 431w, https:\/\/profinrg.nl\/wp-content\/uploads\/2022\/07\/carport-e1640270841607-300x175.png 300w\" sizes=\"(max-width: 431px) 100vw, 431px\" title=\"\"><\/div><\/a>\n\t\t\t\t<div class=\"elementor-post__text\">\n\t\t\t\t<h3 class=\"elementor-post__title\">\n\t\t\t<a href=\"https:\/\/profinrg.nl\/de\/subsidie-voor-zonnepanelen-op-parkeerterreinen\/\" >\n\t\t\t\tSubsidie voor zonnepanelen op parkeerterreinen\t\t\t<\/a>\n\t\t<\/h3>\n\t\t\n\t\t<a class=\"elementor-post__read-more\" href=\"https:\/\/profinrg.nl\/de\/subsidie-voor-zonnepanelen-op-parkeerterreinen\/\" aria-label=\"Mehr \u00fcber Subsidie voor zonnepanelen op parkeerterreinen\" tabindex=\"-1\" >\n\t\t\tLees verder \u00bb\t\t<\/a>\n\n\t\t\t\t<\/div>\n\t\t\t\t<div class=\"elementor-post__meta-data\">\n\t\t\t\t\t<span class=\"elementor-post-date\">\n\t\t\t7 M\u00e4rz 2025\t\t<\/span>\n\t\t\t\t<\/div>\n\t\t\t\t\t<\/div>\n\t\t<\/article>\n\t\t\t\t<article class=\"elementor-post elementor-grid-item post-41939 post type-post status-publish format-standard has-post-thumbnail hentry category-nieuws\" role=\"listitem\">\n\t\t\t<div class=\"elementor-post__card\">\n\t\t\t\t<a class=\"elementor-post__thumbnail__link\" href=\"https:\/\/profinrg.nl\/de\/negative-strompreise-ursachen-folgen-und-empfehlungen\/\" tabindex=\"-1\" ><div class=\"elementor-post__thumbnail\"><img loading=\"lazy\" decoding=\"async\" width=\"800\" height=\"450\" src=\"https:\/\/profinrg.nl\/wp-content\/uploads\/2024\/03\/Zonnepark-Aadijk-45-1024x576.jpg\" class=\"attachment-large size-large wp-image-37779\" alt=\"agri pv\" srcset=\"https:\/\/profinrg.nl\/wp-content\/uploads\/2024\/03\/Zonnepark-Aadijk-45-1024x576.jpg 1024w, https:\/\/profinrg.nl\/wp-content\/uploads\/2024\/03\/Zonnepark-Aadijk-45-300x169.jpg 300w, https:\/\/profinrg.nl\/wp-content\/uploads\/2024\/03\/Zonnepark-Aadijk-45-768x432.jpg 768w, https:\/\/profinrg.nl\/wp-content\/uploads\/2024\/03\/Zonnepark-Aadijk-45-1536x864.jpg 1536w, https:\/\/profinrg.nl\/wp-content\/uploads\/2024\/03\/Zonnepark-Aadijk-45-2048x1152.jpg 2048w, https:\/\/profinrg.nl\/wp-content\/uploads\/2024\/03\/Zonnepark-Aadijk-45-18x10.jpg 18w\" sizes=\"(max-width: 800px) 100vw, 800px\" title=\"\"><\/div><\/a>\n\t\t\t\t<div class=\"elementor-post__text\">\n\t\t\t\t<h3 class=\"elementor-post__title\">\n\t\t\t<a href=\"https:\/\/profinrg.nl\/de\/negative-strompreise-ursachen-folgen-und-empfehlungen\/\" >\n\t\t\t\tNegatieve stroomprijzen: oorzaken, gevolgen en aanbevelingen\t\t\t<\/a>\n\t\t<\/h3>\n\t\t\n\t\t<a class=\"elementor-post__read-more\" href=\"https:\/\/profinrg.nl\/de\/negative-strompreise-ursachen-folgen-und-empfehlungen\/\" aria-label=\"Mehr \u00fcber Negatieve stroomprijzen: oorzaken, gevolgen en aanbevelingen\" tabindex=\"-1\" >\n\t\t\tLees verder \u00bb\t\t<\/a>\n\n\t\t\t\t<\/div>\n\t\t\t\t<div class=\"elementor-post__meta-data\">\n\t\t\t\t\t<span class=\"elementor-post-date\">\n\t\t\t4 M\u00e4rz 2025\t\t<\/span>\n\t\t\t\t<\/div>\n\t\t\t\t\t<\/div>\n\t\t<\/article>\n\t\t\t\t<article class=\"elementor-post elementor-grid-item post-41893 post type-post status-publish format-standard has-post-thumbnail hentry category-nieuws\" role=\"listitem\">\n\t\t\t<div class=\"elementor-post__card\">\n\t\t\t\t<a class=\"elementor-post__thumbnail__link\" href=\"https:\/\/profinrg.nl\/de\/bezoek-ons-tijden-solar-solutions-2025\/\" tabindex=\"-1\" ><div class=\"elementor-post__thumbnail\"><img loading=\"lazy\" decoding=\"async\" width=\"800\" height=\"600\" src=\"https:\/\/profinrg.nl\/wp-content\/uploads\/2025\/02\/image00034-1024x768.jpeg\" class=\"attachment-large size-large wp-image-41901\" alt=\"\" srcset=\"https:\/\/profinrg.nl\/wp-content\/uploads\/2025\/02\/image00034-1024x768.jpeg 1024w, https:\/\/profinrg.nl\/wp-content\/uploads\/2025\/02\/image00034-300x225.jpeg 300w, https:\/\/profinrg.nl\/wp-content\/uploads\/2025\/02\/image00034-768x576.jpeg 768w, https:\/\/profinrg.nl\/wp-content\/uploads\/2025\/02\/image00034-1536x1152.jpeg 1536w, https:\/\/profinrg.nl\/wp-content\/uploads\/2025\/02\/image00034-2048x1536.jpeg 2048w, https:\/\/profinrg.nl\/wp-content\/uploads\/2025\/02\/image00034-16x12.jpeg 16w\" sizes=\"(max-width: 800px) 100vw, 800px\" title=\"\"><\/div><\/a>\n\t\t\t\t<div class=\"elementor-post__text\">\n\t\t\t\t<h3 class=\"elementor-post__title\">\n\t\t\t<a href=\"https:\/\/profinrg.nl\/de\/bezoek-ons-tijden-solar-solutions-2025\/\" >\n\t\t\t\tBezoek ons tijdens Solar Solutions 2025\t\t\t<\/a>\n\t\t<\/h3>\n\t\t\n\t\t<a class=\"elementor-post__read-more\" href=\"https:\/\/profinrg.nl\/de\/bezoek-ons-tijden-solar-solutions-2025\/\" aria-label=\"Mehr \u00fcber Bezoek ons tijdens Solar Solutions 2025\" tabindex=\"-1\" >\n\t\t\tLees verder \u00bb\t\t<\/a>\n\n\t\t\t\t<\/div>\n\t\t\t\t<div class=\"elementor-post__meta-data\">\n\t\t\t\t\t<span class=\"elementor-post-date\">\n\t\t\t24 Februar 2025\t\t<\/span>\n\t\t\t\t<\/div>\n\t\t\t\t\t<\/div>\n\t\t<\/article>\n\t\t\t\t<article class=\"elementor-post elementor-grid-item post-41629 post type-post status-publish format-standard has-post-thumbnail hentry category-nieuws\" role=\"listitem\">\n\t\t\t<div class=\"elementor-post__card\">\n\t\t\t\t<a class=\"elementor-post__thumbnail__link\" href=\"https:\/\/profinrg.nl\/de\/19-megawatt-agri-pv-in-almelo-am-netz\/\" tabindex=\"-1\" ><div class=\"elementor-post__thumbnail\"><img loading=\"lazy\" decoding=\"async\" width=\"800\" height=\"450\" src=\"https:\/\/profinrg.nl\/wp-content\/uploads\/2024\/03\/Zonnepark-Aadijk-34-1024x576.jpg\" class=\"attachment-large size-large wp-image-37760\" alt=\"zonnepark en agri-PV\" srcset=\"https:\/\/profinrg.nl\/wp-content\/uploads\/2024\/03\/Zonnepark-Aadijk-34-1024x576.jpg 1024w, https:\/\/profinrg.nl\/wp-content\/uploads\/2024\/03\/Zonnepark-Aadijk-34-300x169.jpg 300w, https:\/\/profinrg.nl\/wp-content\/uploads\/2024\/03\/Zonnepark-Aadijk-34-768x432.jpg 768w, https:\/\/profinrg.nl\/wp-content\/uploads\/2024\/03\/Zonnepark-Aadijk-34-1536x864.jpg 1536w, https:\/\/profinrg.nl\/wp-content\/uploads\/2024\/03\/Zonnepark-Aadijk-34-2048x1152.jpg 2048w, https:\/\/profinrg.nl\/wp-content\/uploads\/2024\/03\/Zonnepark-Aadijk-34-18x10.jpg 18w\" sizes=\"(max-width: 800px) 100vw, 800px\" title=\"\"><\/div><\/a>\n\t\t\t\t<div class=\"elementor-post__text\">\n\t\t\t\t<h3 class=\"elementor-post__title\">\n\t\t\t<a href=\"https:\/\/profinrg.nl\/de\/19-megawatt-agri-pv-in-almelo-am-netz\/\" >\n\t\t\t\t1,9 Megawatt Agri-PV in Almelo am Netz\u00a0\u00a0\u00a0\t\t\t<\/a>\n\t\t<\/h3>\n\t\t\n\t\t<a class=\"elementor-post__read-more\" href=\"https:\/\/profinrg.nl\/de\/19-megawatt-agri-pv-in-almelo-am-netz\/\" aria-label=\"Mehr \u00fcber 1,9 Megawatt Agri-PV in Almelo am Netz\u00a0\u00a0\u00a0\" tabindex=\"-1\" >\n\t\t\tLees verder \u00bb\t\t<\/a>\n\n\t\t\t\t<\/div>\n\t\t\t\t<div class=\"elementor-post__meta-data\">\n\t\t\t\t\t<span class=\"elementor-post-date\">\n\t\t\t23 Januar 2025\t\t<\/span>\n\t\t\t\t<\/div>\n\t\t\t\t\t<\/div>\n\t\t<\/article>\n\t\t\t\t<article class=\"elementor-post elementor-grid-item post-41449 post type-post status-publish format-standard has-post-thumbnail hentry category-nieuws\" role=\"listitem\">\n\t\t\t<div class=\"elementor-post__card\">\n\t\t\t\t<a class=\"elementor-post__thumbnail__link\" href=\"https:\/\/profinrg.nl\/de\/salderingsregeling-zonnepanelen-stopt-definitief-in-2027-na-groen-licht-eerste-kamer\/\" tabindex=\"-1\" ><div class=\"elementor-post__thumbnail\"><img loading=\"lazy\" decoding=\"async\" width=\"683\" height=\"1024\" src=\"https:\/\/profinrg.nl\/wp-content\/uploads\/2022\/08\/IMG_6979-683x1024.jpg\" class=\"attachment-large size-large wp-image-36548\" alt=\"salderingsregeling zonnepanelen stopt\" srcset=\"https:\/\/profinrg.nl\/wp-content\/uploads\/2022\/08\/IMG_6979-683x1024.jpg 683w, https:\/\/profinrg.nl\/wp-content\/uploads\/2022\/08\/IMG_6979-200x300.jpg 200w, https:\/\/profinrg.nl\/wp-content\/uploads\/2022\/08\/IMG_6979-768x1152.jpg 768w, https:\/\/profinrg.nl\/wp-content\/uploads\/2022\/08\/IMG_6979.jpg 850w\" sizes=\"(max-width: 683px) 100vw, 683px\" title=\"\"><\/div><\/a>\n\t\t\t\t<div class=\"elementor-post__text\">\n\t\t\t\t<h3 class=\"elementor-post__title\">\n\t\t\t<a href=\"https:\/\/profinrg.nl\/de\/salderingsregeling-zonnepanelen-stopt-definitief-in-2027-na-groen-licht-eerste-kamer\/\" >\n\t\t\t\tSalderingsregeling zonnepanelen stopt definitief in 2027 na groen licht Eerste Kamer\t\t\t<\/a>\n\t\t<\/h3>\n\t\t\n\t\t<a class=\"elementor-post__read-more\" href=\"https:\/\/profinrg.nl\/de\/salderingsregeling-zonnepanelen-stopt-definitief-in-2027-na-groen-licht-eerste-kamer\/\" aria-label=\"Mehr \u00fcber Salderingsregeling zonnepanelen stopt definitief in 2027 na groen licht Eerste Kamer\" tabindex=\"-1\" >\n\t\t\tLees verder \u00bb\t\t<\/a>\n\n\t\t\t\t<\/div>\n\t\t\t\t<div class=\"elementor-post__meta-data\">\n\t\t\t\t\t<span class=\"elementor-post-date\">\n\t\t\t17 Dezember 2024\t\t<\/span>\n\t\t\t\t<\/div>\n\t\t\t\t\t<\/div>\n\t\t<\/article>\n\t\t\t\t<article class=\"elementor-post elementor-grid-item post-41260 post type-post status-publish format-standard has-post-thumbnail hentry category-nieuws\" role=\"listitem\">\n\t\t\t<div class=\"elementor-post__card\">\n\t\t\t\t<a class=\"elementor-post__thumbnail__link\" href=\"https:\/\/profinrg.nl\/de\/batterijen-bij-wind-en-zonneparken-2024\/\" tabindex=\"-1\" ><div class=\"elementor-post__thumbnail\"><img loading=\"lazy\" decoding=\"async\" width=\"800\" height=\"601\" src=\"https:\/\/profinrg.nl\/wp-content\/uploads\/2024\/06\/IMG_20240605_121337-1024x769.jpg\" class=\"attachment-large size-large wp-image-39319\" alt=\"Batterijen bij wind- en zonneparken\" srcset=\"https:\/\/profinrg.nl\/wp-content\/uploads\/2024\/06\/IMG_20240605_121337-1024x769.jpg 1024w, https:\/\/profinrg.nl\/wp-content\/uploads\/2024\/06\/IMG_20240605_121337-300x225.jpg 300w, https:\/\/profinrg.nl\/wp-content\/uploads\/2024\/06\/IMG_20240605_121337-768x576.jpg 768w, https:\/\/profinrg.nl\/wp-content\/uploads\/2024\/06\/IMG_20240605_121337-16x12.jpg 16w, https:\/\/profinrg.nl\/wp-content\/uploads\/2024\/06\/IMG_20240605_121337.jpg 1275w\" sizes=\"(max-width: 800px) 100vw, 800px\" title=\"\"><\/div><\/a>\n\t\t\t\t<div class=\"elementor-post__text\">\n\t\t\t\t<h3 class=\"elementor-post__title\">\n\t\t\t<a href=\"https:\/\/profinrg.nl\/de\/batterijen-bij-wind-en-zonneparken-2024\/\" >\n\t\t\t\tBatterijen bij wind- en zonneparken 2024\t\t\t<\/a>\n\t\t<\/h3>\n\t\t\n\t\t<a class=\"elementor-post__read-more\" href=\"https:\/\/profinrg.nl\/de\/batterijen-bij-wind-en-zonneparken-2024\/\" aria-label=\"Mehr \u00fcber Batterijen bij wind- en zonneparken 2024\" tabindex=\"-1\" >\n\t\t\tLees verder \u00bb\t\t<\/a>\n\n\t\t\t\t<\/div>\n\t\t\t\t<div class=\"elementor-post__meta-data\">\n\t\t\t\t\t<span class=\"elementor-post-date\">\n\t\t\t12 November 2024\t\t<\/span>\n\t\t\t\t<\/div>\n\t\t\t\t\t<\/div>\n\t\t<\/article>\n\t\t\t\t<article class=\"elementor-post elementor-grid-item post-41252 post type-post status-publish format-standard has-post-thumbnail hentry category-nieuws\" role=\"listitem\">\n\t\t\t<div class=\"elementor-post__card\">\n\t\t\t\t<a class=\"elementor-post__thumbnail__link\" href=\"https:\/\/profinrg.nl\/de\/start-van-de-nationale-klimaatweek-2024\/\" tabindex=\"-1\" ><div class=\"elementor-post__thumbnail\"><img loading=\"lazy\" decoding=\"async\" width=\"800\" height=\"578\" src=\"https:\/\/profinrg.nl\/wp-content\/uploads\/2024\/11\/nkw-1024x740.jpg\" class=\"attachment-large size-large wp-image-41254\" alt=\"Nationale Klimaatweek 2024\" srcset=\"https:\/\/profinrg.nl\/wp-content\/uploads\/2024\/11\/nkw-1024x740.jpg 1024w, https:\/\/profinrg.nl\/wp-content\/uploads\/2024\/11\/nkw-300x217.jpg 300w, https:\/\/profinrg.nl\/wp-content\/uploads\/2024\/11\/nkw-768x555.jpg 768w, https:\/\/profinrg.nl\/wp-content\/uploads\/2024\/11\/nkw-1536x1111.jpg 1536w, https:\/\/profinrg.nl\/wp-content\/uploads\/2024\/11\/nkw-2048x1481.jpg 2048w, https:\/\/profinrg.nl\/wp-content\/uploads\/2024\/11\/nkw-18x12.jpg 18w\" sizes=\"(max-width: 800px) 100vw, 800px\" title=\"\"><\/div><\/a>\n\t\t\t\t<div class=\"elementor-post__text\">\n\t\t\t\t<h3 class=\"elementor-post__title\">\n\t\t\t<a href=\"https:\/\/profinrg.nl\/de\/start-van-de-nationale-klimaatweek-2024\/\" >\n\t\t\t\tStart van de Nationale Klimaatweek 2024!\t\t\t<\/a>\n\t\t<\/h3>\n\t\t\n\t\t<a class=\"elementor-post__read-more\" href=\"https:\/\/profinrg.nl\/de\/start-van-de-nationale-klimaatweek-2024\/\" aria-label=\"Mehr \u00fcber Start van de Nationale Klimaatweek 2024!\" tabindex=\"-1\" >\n\t\t\tLees verder \u00bb\t\t<\/a>\n\n\t\t\t\t<\/div>\n\t\t\t\t<div class=\"elementor-post__meta-data\">\n\t\t\t\t\t<span class=\"elementor-post-date\">\n\t\t\t11 November 2024\t\t<\/span>\n\t\t\t\t<\/div>\n\t\t\t\t\t<\/div>\n\t\t<\/article>\n\t\t\t\t<article class=\"elementor-post elementor-grid-item post-41234 post type-post status-publish format-standard has-post-thumbnail hentry category-nieuws\" role=\"listitem\">\n\t\t\t<div class=\"elementor-post__card\">\n\t\t\t\t<a class=\"elementor-post__thumbnail__link\" href=\"https:\/\/profinrg.nl\/de\/%f0%9d%97%a0%f0%9d%97%ae%f0%9d%97%ae%f0%9d%97%b8-%f0%9d%97%b7%f0%9d%97%b2-%f0%9d%97%af%f0%9d%97%b2%f0%9d%97%b1%f0%9d%97%bf%f0%9d%97%b6%f0%9d%97%b7%f0%9d%97%b3-%f0%9d%98%81%f0%9d%97%bc%f0%9d%97%b2\/\" tabindex=\"-1\" ><div class=\"elementor-post__thumbnail\"><img loading=\"lazy\" decoding=\"async\" width=\"800\" height=\"800\" src=\"https:\/\/profinrg.nl\/wp-content\/uploads\/2024\/11\/RMV-Linkedin-1024x1024.png\" class=\"attachment-large size-large wp-image-41236\" alt=\"Rundvee &amp; Mechanisatie vakdagen in Gorinchem 2024\" srcset=\"https:\/\/profinrg.nl\/wp-content\/uploads\/2024\/11\/RMV-Linkedin-1024x1024.png 1024w, https:\/\/profinrg.nl\/wp-content\/uploads\/2024\/11\/RMV-Linkedin-300x300.png 300w, https:\/\/profinrg.nl\/wp-content\/uploads\/2024\/11\/RMV-Linkedin-150x150.png 150w, https:\/\/profinrg.nl\/wp-content\/uploads\/2024\/11\/RMV-Linkedin-768x768.png 768w, https:\/\/profinrg.nl\/wp-content\/uploads\/2024\/11\/RMV-Linkedin-12x12.png 12w, https:\/\/profinrg.nl\/wp-content\/uploads\/2024\/11\/RMV-Linkedin.png 1200w\" sizes=\"(max-width: 800px) 100vw, 800px\" title=\"\"><\/div><\/a>\n\t\t\t\t<div class=\"elementor-post__text\">\n\t\t\t\t<h3 class=\"elementor-post__title\">\n\t\t\t<a href=\"https:\/\/profinrg.nl\/de\/%f0%9d%97%a0%f0%9d%97%ae%f0%9d%97%ae%f0%9d%97%b8-%f0%9d%97%b7%f0%9d%97%b2-%f0%9d%97%af%f0%9d%97%b2%f0%9d%97%b1%f0%9d%97%bf%f0%9d%97%b6%f0%9d%97%b7%f0%9d%97%b3-%f0%9d%98%81%f0%9d%97%bc%f0%9d%97%b2\/\" >\n\t\t\t\tMaak je bedrijf toekomstbestendig\t\t\t<\/a>\n\t\t<\/h3>\n\t\t\n\t\t<a class=\"elementor-post__read-more\" href=\"https:\/\/profinrg.nl\/de\/%f0%9d%97%a0%f0%9d%97%ae%f0%9d%97%ae%f0%9d%97%b8-%f0%9d%97%b7%f0%9d%97%b2-%f0%9d%97%af%f0%9d%97%b2%f0%9d%97%b1%f0%9d%97%bf%f0%9d%97%b6%f0%9d%97%b7%f0%9d%97%b3-%f0%9d%98%81%f0%9d%97%bc%f0%9d%97%b2\/\" aria-label=\"Mehr \u00fcber Maak je bedrijf toekomstbestendig\" tabindex=\"-1\" >\n\t\t\tLees verder \u00bb\t\t<\/a>\n\n\t\t\t\t<\/div>\n\t\t\t\t<div class=\"elementor-post__meta-data\">\n\t\t\t\t\t<span class=\"elementor-post-date\">\n\t\t\t7 November 2024\t\t<\/span>\n\t\t\t\t<\/div>\n\t\t\t\t\t<\/div>\n\t\t<\/article>\n\t\t\t\t<article class=\"elementor-post elementor-grid-item post-40772 post type-post status-publish format-standard has-post-thumbnail hentry category-nieuws\" role=\"listitem\">\n\t\t\t<div class=\"elementor-post__card\">\n\t\t\t\t<a class=\"elementor-post__thumbnail__link\" href=\"https:\/\/profinrg.nl\/de\/7-oplossingen-voor-netcongestie\/\" tabindex=\"-1\" ><div class=\"elementor-post__thumbnail\"><img loading=\"lazy\" decoding=\"async\" width=\"800\" height=\"601\" src=\"https:\/\/profinrg.nl\/wp-content\/uploads\/2024\/06\/IMG_20240605_121549-1024x769.jpg\" class=\"attachment-large size-large wp-image-39321\" alt=\"7 oplossingen voor netcongestie\" srcset=\"https:\/\/profinrg.nl\/wp-content\/uploads\/2024\/06\/IMG_20240605_121549-1024x769.jpg 1024w, https:\/\/profinrg.nl\/wp-content\/uploads\/2024\/06\/IMG_20240605_121549-300x225.jpg 300w, https:\/\/profinrg.nl\/wp-content\/uploads\/2024\/06\/IMG_20240605_121549-768x576.jpg 768w, https:\/\/profinrg.nl\/wp-content\/uploads\/2024\/06\/IMG_20240605_121549-16x12.jpg 16w, https:\/\/profinrg.nl\/wp-content\/uploads\/2024\/06\/IMG_20240605_121549.jpg 1275w\" sizes=\"(max-width: 800px) 100vw, 800px\" title=\"\"><\/div><\/a>\n\t\t\t\t<div class=\"elementor-post__text\">\n\t\t\t\t<h3 class=\"elementor-post__title\">\n\t\t\t<a href=\"https:\/\/profinrg.nl\/de\/7-oplossingen-voor-netcongestie\/\" >\n\t\t\t\t7 oplossingen voor Netcongestie\t\t\t<\/a>\n\t\t<\/h3>\n\t\t\n\t\t<a class=\"elementor-post__read-more\" href=\"https:\/\/profinrg.nl\/de\/7-oplossingen-voor-netcongestie\/\" aria-label=\"Mehr \u00fcber 7 oplossingen voor Netcongestie\" tabindex=\"-1\" >\n\t\t\tLees verder \u00bb\t\t<\/a>\n\n\t\t\t\t<\/div>\n\t\t\t\t<div class=\"elementor-post__meta-data\">\n\t\t\t\t\t<span class=\"elementor-post-date\">\n\t\t\t17 Oktober 2024\t\t<\/span>\n\t\t\t\t<\/div>\n\t\t\t\t\t<\/div>\n\t\t<\/article>\n\t\t\t\t<article class=\"elementor-post elementor-grid-item post-40685 post type-post status-publish format-standard has-post-thumbnail hentry category-nieuws\" role=\"listitem\">\n\t\t\t<div class=\"elementor-post__card\">\n\t\t\t\t<a class=\"elementor-post__thumbnail__link\" href=\"https:\/\/profinrg.nl\/de\/vanaf-2025-subsidie-voor-verplichte-batterijen-bij-zonneparken\/\" tabindex=\"-1\" ><div class=\"elementor-post__thumbnail\"><img loading=\"lazy\" decoding=\"async\" width=\"800\" height=\"497\" src=\"https:\/\/profinrg.nl\/wp-content\/uploads\/2024\/09\/lekkerkerker1-e1727706090308-1024x636.jpg\" class=\"attachment-large size-large wp-image-40686\" alt=\"subsidie voor verplichte batterijen bij zonnepark\" srcset=\"https:\/\/profinrg.nl\/wp-content\/uploads\/2024\/09\/lekkerkerker1-e1727706090308-1024x636.jpg 1024w, https:\/\/profinrg.nl\/wp-content\/uploads\/2024\/09\/lekkerkerker1-e1727706090308-300x186.jpg 300w, https:\/\/profinrg.nl\/wp-content\/uploads\/2024\/09\/lekkerkerker1-e1727706090308-768x477.jpg 768w, https:\/\/profinrg.nl\/wp-content\/uploads\/2024\/09\/lekkerkerker1-e1727706090308-18x12.jpg 18w, https:\/\/profinrg.nl\/wp-content\/uploads\/2024\/09\/lekkerkerker1-e1727706090308.jpg 1239w\" sizes=\"(max-width: 800px) 100vw, 800px\" title=\"\"><\/div><\/a>\n\t\t\t\t<div class=\"elementor-post__text\">\n\t\t\t\t<h3 class=\"elementor-post__title\">\n\t\t\t<a href=\"https:\/\/profinrg.nl\/de\/vanaf-2025-subsidie-voor-verplichte-batterijen-bij-zonneparken\/\" >\n\t\t\t\tVanaf 2025 subsidie voor verplichte batterijen bij zonneparken\t\t\t<\/a>\n\t\t<\/h3>\n\t\t\n\t\t<a class=\"elementor-post__read-more\" href=\"https:\/\/profinrg.nl\/de\/vanaf-2025-subsidie-voor-verplichte-batterijen-bij-zonneparken\/\" aria-label=\"Mehr \u00fcber Vanaf 2025 subsidie voor verplichte batterijen bij zonneparken\" tabindex=\"-1\" >\n\t\t\tLees verder \u00bb\t\t<\/a>\n\n\t\t\t\t<\/div>\n\t\t\t\t<div class=\"elementor-post__meta-data\">\n\t\t\t\t\t<span class=\"elementor-post-date\">\n\t\t\t30 September 2024\t\t<\/span>\n\t\t\t\t<\/div>\n\t\t\t\t\t<\/div>\n\t\t<\/article>\n\t\t\t\t<article class=\"elementor-post elementor-grid-item post-40456 post type-post status-publish format-standard has-post-thumbnail hentry category-nieuws\" role=\"listitem\">\n\t\t\t<div class=\"elementor-post__card\">\n\t\t\t\t<a class=\"elementor-post__thumbnail__link\" href=\"https:\/\/profinrg.nl\/de\/iso-9001-kwaliteit-en-14001-milieu-certificeringen-zijn-verlengd\/\" tabindex=\"-1\" ><div class=\"elementor-post__thumbnail\"><img loading=\"lazy\" decoding=\"async\" width=\"800\" height=\"800\" src=\"https:\/\/profinrg.nl\/wp-content\/uploads\/2024\/09\/3-1024x1024.png\" class=\"attachment-large size-large wp-image-40457\" alt=\"iso en vca verlengd\" srcset=\"https:\/\/profinrg.nl\/wp-content\/uploads\/2024\/09\/3-1024x1024.png 1024w, https:\/\/profinrg.nl\/wp-content\/uploads\/2024\/09\/3-300x300.png 300w, https:\/\/profinrg.nl\/wp-content\/uploads\/2024\/09\/3-150x150.png 150w, https:\/\/profinrg.nl\/wp-content\/uploads\/2024\/09\/3-768x768.png 768w, https:\/\/profinrg.nl\/wp-content\/uploads\/2024\/09\/3-12x12.png 12w, https:\/\/profinrg.nl\/wp-content\/uploads\/2024\/09\/3.png 1080w\" sizes=\"(max-width: 800px) 100vw, 800px\" title=\"\"><\/div><\/a>\n\t\t\t\t<div class=\"elementor-post__text\">\n\t\t\t\t<h3 class=\"elementor-post__title\">\n\t\t\t<a href=\"https:\/\/profinrg.nl\/de\/iso-9001-kwaliteit-en-14001-milieu-certificeringen-zijn-verlengd\/\" >\n\t\t\t\tISO 9001 (Kwaliteit) en 14001 (Milieu) certificeringen zijn verlengd.\t\t\t<\/a>\n\t\t<\/h3>\n\t\t\n\t\t<a class=\"elementor-post__read-more\" href=\"https:\/\/profinrg.nl\/de\/iso-9001-kwaliteit-en-14001-milieu-certificeringen-zijn-verlengd\/\" aria-label=\"Mehr \u00fcber ISO 9001 (Kwaliteit) en 14001 (Milieu) certificeringen zijn verlengd.\" tabindex=\"-1\" >\n\t\t\tLees verder \u00bb\t\t<\/a>\n\n\t\t\t\t<\/div>\n\t\t\t\t<div class=\"elementor-post__meta-data\">\n\t\t\t\t\t<span class=\"elementor-post-date\">\n\t\t\t3 September 2024\t\t<\/span>\n\t\t\t\t<\/div>\n\t\t\t\t\t<\/div>\n\t\t<\/article>\n\t\t\t\t<article class=\"elementor-post elementor-grid-item post-40443 post type-post status-publish format-standard has-post-thumbnail hentry category-nieuws\" role=\"listitem\">\n\t\t\t<div class=\"elementor-post__card\">\n\t\t\t\t<a class=\"elementor-post__thumbnail__link\" href=\"https:\/\/profinrg.nl\/de\/een-klimaatneutrale-eu-vereist-slechts-22-procent-van-het-beschikbare-land\/\" tabindex=\"-1\" ><div class=\"elementor-post__thumbnail\"><img loading=\"lazy\" decoding=\"async\" width=\"800\" height=\"534\" src=\"https:\/\/profinrg.nl\/wp-content\/uploads\/2024\/09\/Sunvest-Zutphen-18-1024x683.jpg\" class=\"attachment-large size-large wp-image-40478\" alt=\"vegetatiebeheer\" srcset=\"https:\/\/profinrg.nl\/wp-content\/uploads\/2024\/09\/Sunvest-Zutphen-18-1024x683.jpg 1024w, https:\/\/profinrg.nl\/wp-content\/uploads\/2024\/09\/Sunvest-Zutphen-18-300x200.jpg 300w, https:\/\/profinrg.nl\/wp-content\/uploads\/2024\/09\/Sunvest-Zutphen-18-768x512.jpg 768w, https:\/\/profinrg.nl\/wp-content\/uploads\/2024\/09\/Sunvest-Zutphen-18-1536x1025.jpg 1536w, https:\/\/profinrg.nl\/wp-content\/uploads\/2024\/09\/Sunvest-Zutphen-18-2048x1366.jpg 2048w, https:\/\/profinrg.nl\/wp-content\/uploads\/2024\/09\/Sunvest-Zutphen-18-18x12.jpg 18w\" sizes=\"(max-width: 800px) 100vw, 800px\" title=\"\"><\/div><\/a>\n\t\t\t\t<div class=\"elementor-post__text\">\n\t\t\t\t<h3 class=\"elementor-post__title\">\n\t\t\t<a href=\"https:\/\/profinrg.nl\/de\/een-klimaatneutrale-eu-vereist-slechts-22-procent-van-het-beschikbare-land\/\" >\n\t\t\t\tEen klimaatneutrale EU vereist slechts 2,2 procent van het beschikbare land\t\t\t<\/a>\n\t\t<\/h3>\n\t\t\n\t\t<a class=\"elementor-post__read-more\" href=\"https:\/\/profinrg.nl\/de\/een-klimaatneutrale-eu-vereist-slechts-22-procent-van-het-beschikbare-land\/\" aria-label=\"Mehr \u00fcber Een klimaatneutrale EU vereist slechts 2,2 procent van het beschikbare land\" tabindex=\"-1\" >\n\t\t\tLees verder \u00bb\t\t<\/a>\n\n\t\t\t\t<\/div>\n\t\t\t\t<div class=\"elementor-post__meta-data\">\n\t\t\t\t\t<span class=\"elementor-post-date\">\n\t\t\t2 September 2024\t\t<\/span>\n\t\t\t\t<\/div>\n\t\t\t\t\t<\/div>\n\t\t<\/article>\n\t\t\t\t<article class=\"elementor-post elementor-grid-item post-40380 post type-post status-publish format-standard has-post-thumbnail hentry category-nieuws tag-batterijsysteem tag-congestieverzachters tag-energieopslag tag-netcongestie\" role=\"listitem\">\n\t\t\t<div class=\"elementor-post__card\">\n\t\t\t\t<a class=\"elementor-post__thumbnail__link\" href=\"https:\/\/profinrg.nl\/de\/welke-batterij-voorkomt-netcongestie\/\" tabindex=\"-1\" ><div class=\"elementor-post__thumbnail\"><img loading=\"lazy\" decoding=\"async\" width=\"800\" height=\"600\" src=\"https:\/\/profinrg.nl\/wp-content\/uploads\/2024\/05\/Zuidbroek-Afbeelding-van-WhatsApp-op-2023-09-11-om-14.50.32-1024x768.jpg\" class=\"attachment-large size-large wp-image-38635\" alt=\"batterijcontainers\" srcset=\"https:\/\/profinrg.nl\/wp-content\/uploads\/2024\/05\/Zuidbroek-Afbeelding-van-WhatsApp-op-2023-09-11-om-14.50.32-1024x768.jpg 1024w, https:\/\/profinrg.nl\/wp-content\/uploads\/2024\/05\/Zuidbroek-Afbeelding-van-WhatsApp-op-2023-09-11-om-14.50.32-300x225.jpg 300w, https:\/\/profinrg.nl\/wp-content\/uploads\/2024\/05\/Zuidbroek-Afbeelding-van-WhatsApp-op-2023-09-11-om-14.50.32-768x576.jpg 768w, https:\/\/profinrg.nl\/wp-content\/uploads\/2024\/05\/Zuidbroek-Afbeelding-van-WhatsApp-op-2023-09-11-om-14.50.32-16x12.jpg 16w, https:\/\/profinrg.nl\/wp-content\/uploads\/2024\/05\/Zuidbroek-Afbeelding-van-WhatsApp-op-2023-09-11-om-14.50.32.jpg 1275w\" sizes=\"(max-width: 800px) 100vw, 800px\" title=\"\"><\/div><\/a>\n\t\t\t\t<div class=\"elementor-post__text\">\n\t\t\t\t<h3 class=\"elementor-post__title\">\n\t\t\t<a href=\"https:\/\/profinrg.nl\/de\/welke-batterij-voorkomt-netcongestie\/\" >\n\t\t\t\tWelke batterij voorkomt netcongestie?\t\t\t<\/a>\n\t\t<\/h3>\n\t\t\n\t\t<a class=\"elementor-post__read-more\" href=\"https:\/\/profinrg.nl\/de\/welke-batterij-voorkomt-netcongestie\/\" aria-label=\"Mehr \u00fcber Welke batterij voorkomt netcongestie?\" tabindex=\"-1\" >\n\t\t\tLees verder \u00bb\t\t<\/a>\n\n\t\t\t\t<\/div>\n\t\t\t\t<div class=\"elementor-post__meta-data\">\n\t\t\t\t\t<span class=\"elementor-post-date\">\n\t\t\t26 August 2024\t\t<\/span>\n\t\t\t\t<\/div>\n\t\t\t\t\t<\/div>\n\t\t<\/article>\n\t\t\t\t<article class=\"elementor-post elementor-grid-item post-40340 post type-post status-publish format-standard has-post-thumbnail hentry category-nieuws tag-acm tag-hoogspanningsnet tag-maatregelen tag-netcongestie\" role=\"listitem\">\n\t\t\t<div class=\"elementor-post__card\">\n\t\t\t\t<a class=\"elementor-post__thumbnail__link\" href=\"https:\/\/profinrg.nl\/de\/netcongestie-maatregelen\/\" tabindex=\"-1\" ><div class=\"elementor-post__thumbnail\"><img loading=\"lazy\" decoding=\"async\" width=\"800\" height=\"450\" src=\"https:\/\/profinrg.nl\/wp-content\/uploads\/2024\/08\/maatregelen-netcongestie-1024x576.jpg\" class=\"attachment-large size-large wp-image-40342\" alt=\"netcongestie maatregelen\" srcset=\"https:\/\/profinrg.nl\/wp-content\/uploads\/2024\/08\/maatregelen-netcongestie-1024x576.jpg 1024w, https:\/\/profinrg.nl\/wp-content\/uploads\/2024\/08\/maatregelen-netcongestie-300x169.jpg 300w, https:\/\/profinrg.nl\/wp-content\/uploads\/2024\/08\/maatregelen-netcongestie-768x432.jpg 768w, https:\/\/profinrg.nl\/wp-content\/uploads\/2024\/08\/maatregelen-netcongestie-1536x864.jpg 1536w, https:\/\/profinrg.nl\/wp-content\/uploads\/2024\/08\/maatregelen-netcongestie-2048x1152.jpg 2048w, https:\/\/profinrg.nl\/wp-content\/uploads\/2024\/08\/maatregelen-netcongestie-18x10.jpg 18w\" sizes=\"(max-width: 800px) 100vw, 800px\" title=\"\"><\/div><\/a>\n\t\t\t\t<div class=\"elementor-post__text\">\n\t\t\t\t<h3 class=\"elementor-post__title\">\n\t\t\t<a href=\"https:\/\/profinrg.nl\/de\/netcongestie-maatregelen\/\" >\n\t\t\t\tNetcongestie maatregelen\t\t\t<\/a>\n\t\t<\/h3>\n\t\t\n\t\t<a class=\"elementor-post__read-more\" href=\"https:\/\/profinrg.nl\/de\/netcongestie-maatregelen\/\" aria-label=\"Mehr \u00fcber Netcongestie maatregelen\" tabindex=\"-1\" >\n\t\t\tLees verder \u00bb\t\t<\/a>\n\n\t\t\t\t<\/div>\n\t\t\t\t<div class=\"elementor-post__meta-data\">\n\t\t\t\t\t<span class=\"elementor-post-date\">\n\t\t\t6 August 2024\t\t<\/span>\n\t\t\t\t<\/div>\n\t\t\t\t\t<\/div>\n\t\t<\/article>\n\t\t\t\t<article class=\"elementor-post elementor-grid-item post-39988 post type-post status-publish format-standard has-post-thumbnail hentry category-nieuws tag-duurzameenergie tag-energietransitie tag-sde tag-sde-subsidie-2\" role=\"listitem\">\n\t\t\t<div class=\"elementor-post__card\">\n\t\t\t\t<a class=\"elementor-post__thumbnail__link\" href=\"https:\/\/profinrg.nl\/de\/hoe-wordt-mijn-sde-berekend\/\" tabindex=\"-1\" ><div class=\"elementor-post__thumbnail\"><img loading=\"lazy\" decoding=\"async\" width=\"800\" height=\"534\" src=\"https:\/\/profinrg.nl\/wp-content\/uploads\/2024\/07\/Hoe-wordt-mijn-SDE-berekend-1024x684.jpg\" class=\"attachment-large size-large wp-image-40146\" alt=\"Hoe wordt mijn sde++ berekend?\" srcset=\"https:\/\/profinrg.nl\/wp-content\/uploads\/2024\/07\/Hoe-wordt-mijn-SDE-berekend-1024x684.jpg 1024w, https:\/\/profinrg.nl\/wp-content\/uploads\/2024\/07\/Hoe-wordt-mijn-SDE-berekend-300x200.jpg 300w, https:\/\/profinrg.nl\/wp-content\/uploads\/2024\/07\/Hoe-wordt-mijn-SDE-berekend-768x513.jpg 768w, https:\/\/profinrg.nl\/wp-content\/uploads\/2024\/07\/Hoe-wordt-mijn-SDE-berekend-1536x1025.jpg 1536w, https:\/\/profinrg.nl\/wp-content\/uploads\/2024\/07\/Hoe-wordt-mijn-SDE-berekend-2048x1367.jpg 2048w, https:\/\/profinrg.nl\/wp-content\/uploads\/2024\/07\/Hoe-wordt-mijn-SDE-berekend-18x12.jpg 18w\" sizes=\"(max-width: 800px) 100vw, 800px\" title=\"\"><\/div><\/a>\n\t\t\t\t<div class=\"elementor-post__text\">\n\t\t\t\t<h3 class=\"elementor-post__title\">\n\t\t\t<a href=\"https:\/\/profinrg.nl\/de\/hoe-wordt-mijn-sde-berekend\/\" >\n\t\t\t\tHoe wordt mijn SDE++ Berekend? Fase- en Correctiebedrag Uitgelegd\t\t\t<\/a>\n\t\t<\/h3>\n\t\t\n\t\t<a class=\"elementor-post__read-more\" href=\"https:\/\/profinrg.nl\/de\/hoe-wordt-mijn-sde-berekend\/\" aria-label=\"Mehr \u00fcber Hoe wordt mijn SDE++ Berekend? Fase- en Correctiebedrag Uitgelegd\" tabindex=\"-1\" >\n\t\t\tLees verder \u00bb\t\t<\/a>\n\n\t\t\t\t<\/div>\n\t\t\t\t<div class=\"elementor-post__meta-data\">\n\t\t\t\t\t<span class=\"elementor-post-date\">\n\t\t\t25 Juli 2024\t\t<\/span>\n\t\t\t\t<\/div>\n\t\t\t\t\t<\/div>\n\t\t<\/article>\n\t\t\t\t<article class=\"elementor-post elementor-grid-item post-39776 post type-post status-publish format-standard has-post-thumbnail hentry category-nieuws tag-batterijen tag-energieopslag\" role=\"listitem\">\n\t\t\t<div class=\"elementor-post__card\">\n\t\t\t\t<a class=\"elementor-post__thumbnail__link\" href=\"https:\/\/profinrg.nl\/de\/marktvooruitzichten-voor-energieopslag-in-batterijen-2024-2028\/\" tabindex=\"-1\" ><div class=\"elementor-post__thumbnail\"><img loading=\"lazy\" decoding=\"async\" width=\"800\" height=\"452\" src=\"https:\/\/profinrg.nl\/wp-content\/uploads\/2024\/07\/zuidbroek-24-1024x578.jpg\" class=\"attachment-large size-large wp-image-39737\" alt=\"profinrg zonnepark met energieopslag\" srcset=\"https:\/\/profinrg.nl\/wp-content\/uploads\/2024\/07\/zuidbroek-24-1024x578.jpg 1024w, https:\/\/profinrg.nl\/wp-content\/uploads\/2024\/07\/zuidbroek-24-300x169.jpg 300w, https:\/\/profinrg.nl\/wp-content\/uploads\/2024\/07\/zuidbroek-24-768x434.jpg 768w, https:\/\/profinrg.nl\/wp-content\/uploads\/2024\/07\/zuidbroek-24-18x10.jpg 18w, https:\/\/profinrg.nl\/wp-content\/uploads\/2024\/07\/zuidbroek-24.jpg 1275w\" sizes=\"(max-width: 800px) 100vw, 800px\" title=\"\"><\/div><\/a>\n\t\t\t\t<div class=\"elementor-post__text\">\n\t\t\t\t<h3 class=\"elementor-post__title\">\n\t\t\t<a href=\"https:\/\/profinrg.nl\/de\/marktvooruitzichten-voor-energieopslag-in-batterijen-2024-2028\/\" >\n\t\t\t\tMarktvooruitzichten voor energieopslag in batterijen 2024-2028\t\t\t<\/a>\n\t\t<\/h3>\n\t\t\n\t\t<a class=\"elementor-post__read-more\" href=\"https:\/\/profinrg.nl\/de\/marktvooruitzichten-voor-energieopslag-in-batterijen-2024-2028\/\" aria-label=\"Mehr \u00fcber Marktvooruitzichten voor energieopslag in batterijen 2024-2028\" tabindex=\"-1\" >\n\t\t\tLees verder \u00bb\t\t<\/a>\n\n\t\t\t\t<\/div>\n\t\t\t\t<div class=\"elementor-post__meta-data\">\n\t\t\t\t\t<span class=\"elementor-post-date\">\n\t\t\t16 Juli 2024\t\t<\/span>\n\t\t\t\t<\/div>\n\t\t\t\t\t<\/div>\n\t\t<\/article>\n\t\t\t\t<article class=\"elementor-post elementor-grid-item post-39759 post type-post status-publish format-standard has-post-thumbnail hentry category-nieuws\" role=\"listitem\">\n\t\t\t<div class=\"elementor-post__card\">\n\t\t\t\t<a class=\"elementor-post__thumbnail__link\" href=\"https:\/\/profinrg.nl\/de\/profinrg-ontvangt-bronzen-medaille-van-ecovadis-voor-duurzaamheidsprestaties\/\" tabindex=\"-1\" ><div class=\"elementor-post__thumbnail\"><img loading=\"lazy\" decoding=\"async\" width=\"800\" height=\"566\" src=\"https:\/\/profinrg.nl\/wp-content\/uploads\/2024\/07\/ecovadis-e1720708055399-1024x725.jpg\" class=\"attachment-large size-large wp-image-39761\" alt=\"ecovadis\" srcset=\"https:\/\/profinrg.nl\/wp-content\/uploads\/2024\/07\/ecovadis-e1720708055399-1024x725.jpg 1024w, https:\/\/profinrg.nl\/wp-content\/uploads\/2024\/07\/ecovadis-e1720708055399-300x213.jpg 300w, https:\/\/profinrg.nl\/wp-content\/uploads\/2024\/07\/ecovadis-e1720708055399-768x544.jpg 768w, https:\/\/profinrg.nl\/wp-content\/uploads\/2024\/07\/ecovadis-e1720708055399-18x12.jpg 18w, https:\/\/profinrg.nl\/wp-content\/uploads\/2024\/07\/ecovadis-e1720708055399.jpg 1512w\" sizes=\"(max-width: 800px) 100vw, 800px\" title=\"\"><\/div><\/a>\n\t\t\t\t<div class=\"elementor-post__text\">\n\t\t\t\t<h3 class=\"elementor-post__title\">\n\t\t\t<a href=\"https:\/\/profinrg.nl\/de\/profinrg-ontvangt-bronzen-medaille-van-ecovadis-voor-duurzaamheidsprestaties\/\" >\n\t\t\t\tProfiNRG ontvangt bronzen medaille van EcoVadis voor duurzaamheidsprestaties\t\t\t<\/a>\n\t\t<\/h3>\n\t\t\n\t\t<a class=\"elementor-post__read-more\" href=\"https:\/\/profinrg.nl\/de\/profinrg-ontvangt-bronzen-medaille-van-ecovadis-voor-duurzaamheidsprestaties\/\" aria-label=\"Mehr \u00fcber ProfiNRG ontvangt bronzen medaille van EcoVadis voor duurzaamheidsprestaties\" tabindex=\"-1\" >\n\t\t\tLees verder \u00bb\t\t<\/a>\n\n\t\t\t\t<\/div>\n\t\t\t\t<div class=\"elementor-post__meta-data\">\n\t\t\t\t\t<span class=\"elementor-post-date\">\n\t\t\t11 Juli 2024\t\t<\/span>\n\t\t\t\t<\/div>\n\t\t\t\t\t<\/div>\n\t\t<\/article>\n\t\t\t\t<article class=\"elementor-post elementor-grid-item post-39963 post type-post status-publish format-standard has-post-thumbnail hentry category-nieuws\" role=\"listitem\">\n\t\t\t<div class=\"elementor-post__card\">\n\t\t\t\t<a class=\"elementor-post__thumbnail__link\" href=\"https:\/\/profinrg.nl\/de\/openstellingsronde-sde-2024\/\" tabindex=\"-1\" ><div class=\"elementor-post__thumbnail\"><img loading=\"lazy\" decoding=\"async\" width=\"800\" height=\"450\" src=\"https:\/\/profinrg.nl\/wp-content\/uploads\/2023\/05\/DJI_0511-1024x576.jpg\" class=\"attachment-large size-large wp-image-31949\" alt=\"openstellingsronde SDE++ 2024\" srcset=\"https:\/\/profinrg.nl\/wp-content\/uploads\/2023\/05\/DJI_0511-1024x576.jpg 1024w, https:\/\/profinrg.nl\/wp-content\/uploads\/2023\/05\/DJI_0511-300x169.jpg 300w, https:\/\/profinrg.nl\/wp-content\/uploads\/2023\/05\/DJI_0511-768x432.jpg 768w, https:\/\/profinrg.nl\/wp-content\/uploads\/2023\/05\/DJI_0511.jpg 1275w\" sizes=\"(max-width: 800px) 100vw, 800px\" title=\"\"><\/div><\/a>\n\t\t\t\t<div class=\"elementor-post__text\">\n\t\t\t\t<h3 class=\"elementor-post__title\">\n\t\t\t<a href=\"https:\/\/profinrg.nl\/de\/openstellingsronde-sde-2024\/\" >\n\t\t\t\tOpenstellingsronde SDE++ 2024\t\t\t<\/a>\n\t\t<\/h3>\n\t\t\n\t\t<a class=\"elementor-post__read-more\" href=\"https:\/\/profinrg.nl\/de\/openstellingsronde-sde-2024\/\" aria-label=\"Mehr \u00fcber Openstellingsronde SDE++ 2024\" tabindex=\"-1\" >\n\t\t\tLees verder \u00bb\t\t<\/a>\n\n\t\t\t\t<\/div>\n\t\t\t\t<div class=\"elementor-post__meta-data\">\n\t\t\t\t\t<span class=\"elementor-post-date\">\n\t\t\t10 Juli 2024\t\t<\/span>\n\t\t\t\t<\/div>\n\t\t\t\t\t<\/div>\n\t\t<\/article>\n\t\t\t\t<article class=\"elementor-post elementor-grid-item post-39689 post type-post status-publish format-standard has-post-thumbnail hentry category-nieuws\" role=\"listitem\">\n\t\t\t<div class=\"elementor-post__card\">\n\t\t\t\t<a class=\"elementor-post__thumbnail__link\" href=\"https:\/\/profinrg.nl\/de\/in-3-stappen-weer-baas-over-je-energierekening\/\" tabindex=\"-1\" ><div class=\"elementor-post__thumbnail\"><img loading=\"lazy\" decoding=\"async\" width=\"800\" height=\"447\" src=\"https:\/\/profinrg.nl\/wp-content\/uploads\/2024\/07\/baas-over-je-energierekening-1024x572.jpg\" class=\"attachment-large size-large wp-image-39694\" alt=\"baas over je energierekening\" srcset=\"https:\/\/profinrg.nl\/wp-content\/uploads\/2024\/07\/baas-over-je-energierekening-1024x572.jpg 1024w, https:\/\/profinrg.nl\/wp-content\/uploads\/2024\/07\/baas-over-je-energierekening-300x168.jpg 300w, https:\/\/profinrg.nl\/wp-content\/uploads\/2024\/07\/baas-over-je-energierekening-768x429.jpg 768w, https:\/\/profinrg.nl\/wp-content\/uploads\/2024\/07\/baas-over-je-energierekening-18x10.jpg 18w, https:\/\/profinrg.nl\/wp-content\/uploads\/2024\/07\/baas-over-je-energierekening.jpg 1275w\" sizes=\"(max-width: 800px) 100vw, 800px\" title=\"\"><\/div><\/a>\n\t\t\t\t<div class=\"elementor-post__text\">\n\t\t\t\t<h3 class=\"elementor-post__title\">\n\t\t\t<a href=\"https:\/\/profinrg.nl\/de\/in-3-stappen-weer-baas-over-je-energierekening\/\" >\n\t\t\t\tIn 3 stappen weer baas over je energierekening\t\t\t<\/a>\n\t\t<\/h3>\n\t\t\n\t\t<a class=\"elementor-post__read-more\" href=\"https:\/\/profinrg.nl\/de\/in-3-stappen-weer-baas-over-je-energierekening\/\" aria-label=\"Mehr \u00fcber In 3 stappen weer baas over je energierekening\" tabindex=\"-1\" >\n\t\t\tLees verder \u00bb\t\t<\/a>\n\n\t\t\t\t<\/div>\n\t\t\t\t<div class=\"elementor-post__meta-data\">\n\t\t\t\t\t<span class=\"elementor-post-date\">\n\t\t\t8 Juli 2024\t\t<\/span>\n\t\t\t\t<\/div>\n\t\t\t\t\t<\/div>\n\t\t<\/article>\n\t\t\t\t<article class=\"elementor-post elementor-grid-item post-39888 post type-post status-publish format-standard has-post-thumbnail hentry category-nieuws\" role=\"listitem\">\n\t\t\t<div class=\"elementor-post__card\">\n\t\t\t\t<a class=\"elementor-post__thumbnail__link\" href=\"https:\/\/profinrg.nl\/de\/zonnepark-aanleggen\/\" tabindex=\"-1\" ><div class=\"elementor-post__thumbnail\"><img loading=\"lazy\" decoding=\"async\" width=\"800\" height=\"480\" src=\"https:\/\/profinrg.nl\/wp-content\/uploads\/2024\/07\/profinrg-zonnepark-vuilstort-bov-e1721291034456-1024x615.jpg\" class=\"attachment-large size-large wp-image-39758\" alt=\"zonnepark aanleggen\" srcset=\"https:\/\/profinrg.nl\/wp-content\/uploads\/2024\/07\/profinrg-zonnepark-vuilstort-bov-e1721291034456-1024x615.jpg 1024w, https:\/\/profinrg.nl\/wp-content\/uploads\/2024\/07\/profinrg-zonnepark-vuilstort-bov-e1721291034456-300x180.jpg 300w, https:\/\/profinrg.nl\/wp-content\/uploads\/2024\/07\/profinrg-zonnepark-vuilstort-bov-e1721291034456-768x461.jpg 768w, https:\/\/profinrg.nl\/wp-content\/uploads\/2024\/07\/profinrg-zonnepark-vuilstort-bov-e1721291034456-18x12.jpg 18w, https:\/\/profinrg.nl\/wp-content\/uploads\/2024\/07\/profinrg-zonnepark-vuilstort-bov-e1721291034456.jpg 1196w\" sizes=\"(max-width: 800px) 100vw, 800px\" title=\"\"><\/div><\/a>\n\t\t\t\t<div class=\"elementor-post__text\">\n\t\t\t\t<h3 class=\"elementor-post__title\">\n\t\t\t<a href=\"https:\/\/profinrg.nl\/de\/zonnepark-aanleggen\/\" >\n\t\t\t\tZonnepark aanleggen op uw grond\t\t\t<\/a>\n\t\t<\/h3>\n\t\t\n\t\t<a class=\"elementor-post__read-more\" href=\"https:\/\/profinrg.nl\/de\/zonnepark-aanleggen\/\" aria-label=\"Mehr \u00fcber Zonnepark aanleggen op uw grond\" tabindex=\"-1\" >\n\t\t\tLees verder \u00bb\t\t<\/a>\n\n\t\t\t\t<\/div>\n\t\t\t\t<div class=\"elementor-post__meta-data\">\n\t\t\t\t\t<span class=\"elementor-post-date\">\n\t\t\t1 Juli 2024\t\t<\/span>\n\t\t\t\t<\/div>\n\t\t\t\t\t<\/div>\n\t\t<\/article>\n\t\t\t\t<article class=\"elementor-post elementor-grid-item post-39719 post type-post status-publish format-standard has-post-thumbnail hentry category-nieuws\" role=\"listitem\">\n\t\t\t<div class=\"elementor-post__card\">\n\t\t\t\t<a class=\"elementor-post__thumbnail__link\" href=\"https:\/\/profinrg.nl\/de\/oogst-de-zon\/\" tabindex=\"-1\" ><div class=\"elementor-post__thumbnail\"><img loading=\"lazy\" decoding=\"async\" width=\"800\" height=\"534\" src=\"https:\/\/profinrg.nl\/wp-content\/uploads\/2024\/02\/Zonnepark-Aadijk-17-1024x683.jpg\" class=\"attachment-large size-large wp-image-37572\" alt=\"Oogst de zon\" srcset=\"https:\/\/profinrg.nl\/wp-content\/uploads\/2024\/02\/Zonnepark-Aadijk-17-1024x683.jpg 1024w, https:\/\/profinrg.nl\/wp-content\/uploads\/2024\/02\/Zonnepark-Aadijk-17-300x200.jpg 300w, https:\/\/profinrg.nl\/wp-content\/uploads\/2024\/02\/Zonnepark-Aadijk-17-768x512.jpg 768w, https:\/\/profinrg.nl\/wp-content\/uploads\/2024\/02\/Zonnepark-Aadijk-17-1536x1024.jpg 1536w, https:\/\/profinrg.nl\/wp-content\/uploads\/2024\/02\/Zonnepark-Aadijk-17-2048x1365.jpg 2048w, https:\/\/profinrg.nl\/wp-content\/uploads\/2024\/02\/Zonnepark-Aadijk-17-18x12.jpg 18w\" sizes=\"(max-width: 800px) 100vw, 800px\" title=\"\"><\/div><\/a>\n\t\t\t\t<div class=\"elementor-post__text\">\n\t\t\t\t<h3 class=\"elementor-post__title\">\n\t\t\t<a href=\"https:\/\/profinrg.nl\/de\/oogst-de-zon\/\" >\n\t\t\t\tHolland Solar publiceert factsheet &#8220;Oogst de zon&#8221;\t\t\t<\/a>\n\t\t<\/h3>\n\t\t\n\t\t<a class=\"elementor-post__read-more\" href=\"https:\/\/profinrg.nl\/de\/oogst-de-zon\/\" aria-label=\"Mehr \u00fcber Holland Solar publiceert factsheet &#8220;Oogst de zon&#8221;\" tabindex=\"-1\" >\n\t\t\tLees verder \u00bb\t\t<\/a>\n\n\t\t\t\t<\/div>\n\t\t\t\t<div class=\"elementor-post__meta-data\">\n\t\t\t\t\t<span class=\"elementor-post-date\">\n\t\t\t27 Juni 2024\t\t<\/span>\n\t\t\t\t<\/div>\n\t\t\t\t\t<\/div>\n\t\t<\/article>\n\t\t\t\t<article class=\"elementor-post elementor-grid-item post-39710 post type-post status-publish format-standard has-post-thumbnail hentry category-nieuws\" role=\"listitem\">\n\t\t\t<div class=\"elementor-post__card\">\n\t\t\t\t<a class=\"elementor-post__thumbnail__link\" href=\"https:\/\/profinrg.nl\/de\/kamerbrief-netcongestie\/\" tabindex=\"-1\" ><div class=\"elementor-post__thumbnail\"><img loading=\"lazy\" decoding=\"async\" width=\"800\" height=\"601\" src=\"https:\/\/profinrg.nl\/wp-content\/uploads\/2024\/06\/IMG_20240605_124856-1024x769.jpg\" class=\"attachment-large size-large wp-image-39323\" alt=\"kamerbrief netcongestie\" srcset=\"https:\/\/profinrg.nl\/wp-content\/uploads\/2024\/06\/IMG_20240605_124856-1024x769.jpg 1024w, https:\/\/profinrg.nl\/wp-content\/uploads\/2024\/06\/IMG_20240605_124856-300x225.jpg 300w, https:\/\/profinrg.nl\/wp-content\/uploads\/2024\/06\/IMG_20240605_124856-768x576.jpg 768w, https:\/\/profinrg.nl\/wp-content\/uploads\/2024\/06\/IMG_20240605_124856-16x12.jpg 16w, https:\/\/profinrg.nl\/wp-content\/uploads\/2024\/06\/IMG_20240605_124856.jpg 1275w\" sizes=\"(max-width: 800px) 100vw, 800px\" title=\"\"><\/div><\/a>\n\t\t\t\t<div class=\"elementor-post__text\">\n\t\t\t\t<h3 class=\"elementor-post__title\">\n\t\t\t<a href=\"https:\/\/profinrg.nl\/de\/kamerbrief-netcongestie\/\" >\n\t\t\t\tMinister Jetten publiceert kamerbrief over aanpak netcongestie\t\t\t<\/a>\n\t\t<\/h3>\n\t\t\n\t\t<a class=\"elementor-post__read-more\" href=\"https:\/\/profinrg.nl\/de\/kamerbrief-netcongestie\/\" aria-label=\"Mehr \u00fcber Minister Jetten publiceert kamerbrief over aanpak netcongestie\" tabindex=\"-1\" >\n\t\t\tLees verder \u00bb\t\t<\/a>\n\n\t\t\t\t<\/div>\n\t\t\t\t<div class=\"elementor-post__meta-data\">\n\t\t\t\t\t<span class=\"elementor-post-date\">\n\t\t\t25 Juni 2024\t\t<\/span>\n\t\t\t\t<\/div>\n\t\t\t\t\t<\/div>\n\t\t<\/article>\n\t\t\t\t<article class=\"elementor-post elementor-grid-item post-39272 post type-post status-publish format-standard has-post-thumbnail hentry category-nieuws\" role=\"listitem\">\n\t\t\t<div class=\"elementor-post__card\">\n\t\t\t\t<a class=\"elementor-post__thumbnail__link\" href=\"https:\/\/profinrg.nl\/de\/10-redenen-voor-energieopslag\/\" tabindex=\"-1\" ><div class=\"elementor-post__thumbnail\"><img loading=\"lazy\" decoding=\"async\" width=\"800\" height=\"450\" src=\"https:\/\/profinrg.nl\/wp-content\/uploads\/2024\/06\/netbeheerder-1024x576.jpg\" class=\"attachment-large size-large wp-image-39281\" alt=\"10 redenen voor energieopslag ; netcongestie ; energiemanagement\" srcset=\"https:\/\/profinrg.nl\/wp-content\/uploads\/2024\/06\/netbeheerder-1024x576.jpg 1024w, https:\/\/profinrg.nl\/wp-content\/uploads\/2024\/06\/netbeheerder-300x169.jpg 300w, https:\/\/profinrg.nl\/wp-content\/uploads\/2024\/06\/netbeheerder-768x432.jpg 768w, https:\/\/profinrg.nl\/wp-content\/uploads\/2024\/06\/netbeheerder-18x10.jpg 18w, https:\/\/profinrg.nl\/wp-content\/uploads\/2024\/06\/netbeheerder.jpg 1275w\" sizes=\"(max-width: 800px) 100vw, 800px\" title=\"\"><\/div><\/a>\n\t\t\t\t<div class=\"elementor-post__text\">\n\t\t\t\t<h3 class=\"elementor-post__title\">\n\t\t\t<a href=\"https:\/\/profinrg.nl\/de\/10-redenen-voor-energieopslag\/\" >\n\t\t\t\t10 redenen voor energieopslag bij netcongestie\t\t\t<\/a>\n\t\t<\/h3>\n\t\t\n\t\t<a class=\"elementor-post__read-more\" href=\"https:\/\/profinrg.nl\/de\/10-redenen-voor-energieopslag\/\" aria-label=\"Mehr \u00fcber 10 redenen voor energieopslag bij netcongestie\" tabindex=\"-1\" >\n\t\t\tLees verder \u00bb\t\t<\/a>\n\n\t\t\t\t<\/div>\n\t\t\t\t<div class=\"elementor-post__meta-data\">\n\t\t\t\t\t<span class=\"elementor-post-date\">\n\t\t\t13 Juni 2024\t\t<\/span>\n\t\t\t\t<\/div>\n\t\t\t\t\t<\/div>\n\t\t<\/article>\n\t\t\t\t<article class=\"elementor-post elementor-grid-item post-38967 post type-post status-publish format-standard has-post-thumbnail hentry category-nieuws tag-natuur-inclusieve-zonneparken tag-sde-2\" role=\"listitem\">\n\t\t\t<div class=\"elementor-post__card\">\n\t\t\t\t<a class=\"elementor-post__thumbnail__link\" href=\"https:\/\/profinrg.nl\/de\/natuurinclusieve-zonneparken\/\" tabindex=\"-1\" ><div class=\"elementor-post__thumbnail\"><img loading=\"lazy\" decoding=\"async\" width=\"800\" height=\"534\" src=\"https:\/\/profinrg.nl\/wp-content\/uploads\/2024\/06\/profinrg-Enschede-groot-4-1024x683.jpg\" class=\"attachment-large size-large wp-image-38968\" alt=\"natuur-inclusieve zonneparken\" srcset=\"https:\/\/profinrg.nl\/wp-content\/uploads\/2024\/06\/profinrg-Enschede-groot-4-1024x683.jpg 1024w, https:\/\/profinrg.nl\/wp-content\/uploads\/2024\/06\/profinrg-Enschede-groot-4-300x200.jpg 300w, https:\/\/profinrg.nl\/wp-content\/uploads\/2024\/06\/profinrg-Enschede-groot-4-768x512.jpg 768w, https:\/\/profinrg.nl\/wp-content\/uploads\/2024\/06\/profinrg-Enschede-groot-4-18x12.jpg 18w, https:\/\/profinrg.nl\/wp-content\/uploads\/2024\/06\/profinrg-Enschede-groot-4.jpg 1275w\" sizes=\"(max-width: 800px) 100vw, 800px\" title=\"\"><\/div><\/a>\n\t\t\t\t<div class=\"elementor-post__text\">\n\t\t\t\t<h3 class=\"elementor-post__title\">\n\t\t\t<a href=\"https:\/\/profinrg.nl\/de\/natuurinclusieve-zonneparken\/\" >\n\t\t\t\tWat zijn natuurinclusieve zonneparken?\t\t\t<\/a>\n\t\t<\/h3>\n\t\t\n\t\t<a class=\"elementor-post__read-more\" href=\"https:\/\/profinrg.nl\/de\/natuurinclusieve-zonneparken\/\" aria-label=\"Mehr \u00fcber Wat zijn natuurinclusieve zonneparken?\" tabindex=\"-1\" >\n\t\t\tLees verder \u00bb\t\t<\/a>\n\n\t\t\t\t<\/div>\n\t\t\t\t<div class=\"elementor-post__meta-data\">\n\t\t\t\t\t<span class=\"elementor-post-date\">\n\t\t\t4 Juni 2024\t\t<\/span>\n\t\t\t\t<\/div>\n\t\t\t\t\t<\/div>\n\t\t<\/article>\n\t\t\t\t<article class=\"elementor-post elementor-grid-item post-38819 post type-post status-publish format-standard has-post-thumbnail hentry category-nieuws tag-sde-subsidie tag-sde-2 tag-zonnepanelen tag-zwakke-daken\" role=\"listitem\">\n\t\t\t<div class=\"elementor-post__card\">\n\t\t\t\t<a class=\"elementor-post__thumbnail__link\" href=\"https:\/\/profinrg.nl\/de\/zonnepanelen-op-zwakke-daken\/\" tabindex=\"-1\" ><div class=\"elementor-post__thumbnail\"><img loading=\"lazy\" decoding=\"async\" width=\"800\" height=\"450\" src=\"https:\/\/profinrg.nl\/wp-content\/uploads\/2024\/05\/plastchem-1024x576.jpg\" class=\"attachment-large size-large wp-image-38820\" alt=\"zonnepanelen op zwakke daken\" srcset=\"https:\/\/profinrg.nl\/wp-content\/uploads\/2024\/05\/plastchem-1024x576.jpg 1024w, https:\/\/profinrg.nl\/wp-content\/uploads\/2024\/05\/plastchem-300x169.jpg 300w, https:\/\/profinrg.nl\/wp-content\/uploads\/2024\/05\/plastchem-768x432.jpg 768w, https:\/\/profinrg.nl\/wp-content\/uploads\/2024\/05\/plastchem-18x10.jpg 18w, https:\/\/profinrg.nl\/wp-content\/uploads\/2024\/05\/plastchem.jpg 1275w\" sizes=\"(max-width: 800px) 100vw, 800px\" title=\"\"><\/div><\/a>\n\t\t\t\t<div class=\"elementor-post__text\">\n\t\t\t\t<h3 class=\"elementor-post__title\">\n\t\t\t<a href=\"https:\/\/profinrg.nl\/de\/zonnepanelen-op-zwakke-daken\/\" >\n\t\t\t\tSDE subsdie voor zonnepanelen op zwakke daken\u00a0\t\t\t<\/a>\n\t\t<\/h3>\n\t\t\n\t\t<a class=\"elementor-post__read-more\" href=\"https:\/\/profinrg.nl\/de\/zonnepanelen-op-zwakke-daken\/\" aria-label=\"Mehr \u00fcber SDE subsdie voor zonnepanelen op zwakke daken\u00a0\" tabindex=\"-1\" >\n\t\t\tLees verder \u00bb\t\t<\/a>\n\n\t\t\t\t<\/div>\n\t\t\t\t<div class=\"elementor-post__meta-data\">\n\t\t\t\t\t<span class=\"elementor-post-date\">\n\t\t\t30 Mai 2024\t\t<\/span>\n\t\t\t\t<\/div>\n\t\t\t\t\t<\/div>\n\t\t<\/article>\n\t\t\t\t<article class=\"elementor-post elementor-grid-item post-38767 post type-post status-publish format-standard has-post-thumbnail hentry category-nieuws tag-batterijcontainer tag-energieopslag tag-netcongestie\" role=\"listitem\">\n\t\t\t<div class=\"elementor-post__card\">\n\t\t\t\t<a class=\"elementor-post__thumbnail__link\" href=\"https:\/\/profinrg.nl\/de\/netcongestie\/\" tabindex=\"-1\" ><div class=\"elementor-post__thumbnail\"><img loading=\"lazy\" decoding=\"async\" width=\"567\" height=\"378\" src=\"https:\/\/profinrg.nl\/wp-content\/uploads\/2024\/05\/netbeheerder-PNG.png\" class=\"attachment-large size-large wp-image-38737\" alt=\"netcongestie netbeheerder\" srcset=\"https:\/\/profinrg.nl\/wp-content\/uploads\/2024\/05\/netbeheerder-PNG.png 567w, https:\/\/profinrg.nl\/wp-content\/uploads\/2024\/05\/netbeheerder-PNG-300x200.png 300w, https:\/\/profinrg.nl\/wp-content\/uploads\/2024\/05\/netbeheerder-PNG-18x12.png 18w\" sizes=\"(max-width: 567px) 100vw, 567px\" title=\"\"><\/div><\/a>\n\t\t\t\t<div class=\"elementor-post__text\">\n\t\t\t\t<h3 class=\"elementor-post__title\">\n\t\t\t<a href=\"https:\/\/profinrg.nl\/de\/netcongestie\/\" >\n\t\t\t\tNetcongestie: 3 oplossingen\t\t\t<\/a>\n\t\t<\/h3>\n\t\t\n\t\t<a class=\"elementor-post__read-more\" href=\"https:\/\/profinrg.nl\/de\/netcongestie\/\" aria-label=\"Mehr \u00fcber Netcongestie: 3 oplossingen\" tabindex=\"-1\" >\n\t\t\tLees verder \u00bb\t\t<\/a>\n\n\t\t\t\t<\/div>\n\t\t\t\t<div class=\"elementor-post__meta-data\">\n\t\t\t\t\t<span class=\"elementor-post-date\">\n\t\t\t28 Mai 2024\t\t<\/span>\n\t\t\t\t<\/div>\n\t\t\t\t\t<\/div>\n\t\t<\/article>\n\t\t\t\t<article class=\"elementor-post elementor-grid-item post-39096 post type-post status-publish format-standard has-post-thumbnail hentry category-nieuws\" role=\"listitem\">\n\t\t\t<div class=\"elementor-post__card\">\n\t\t\t\t<a class=\"elementor-post__thumbnail__link\" href=\"https:\/\/profinrg.nl\/de\/energiewet-aangenomen-een-belangrijke-stap-vooruit\/\" tabindex=\"-1\" ><div class=\"elementor-post__thumbnail\"><img loading=\"lazy\" decoding=\"async\" width=\"800\" height=\"534\" src=\"https:\/\/profinrg.nl\/wp-content\/uploads\/2024\/02\/Zonnepark-Aadijk-17-1024x683.jpg\" class=\"attachment-large size-large wp-image-37572\" alt=\"Oogst de zon\" srcset=\"https:\/\/profinrg.nl\/wp-content\/uploads\/2024\/02\/Zonnepark-Aadijk-17-1024x683.jpg 1024w, https:\/\/profinrg.nl\/wp-content\/uploads\/2024\/02\/Zonnepark-Aadijk-17-300x200.jpg 300w, https:\/\/profinrg.nl\/wp-content\/uploads\/2024\/02\/Zonnepark-Aadijk-17-768x512.jpg 768w, https:\/\/profinrg.nl\/wp-content\/uploads\/2024\/02\/Zonnepark-Aadijk-17-1536x1024.jpg 1536w, https:\/\/profinrg.nl\/wp-content\/uploads\/2024\/02\/Zonnepark-Aadijk-17-2048x1365.jpg 2048w, https:\/\/profinrg.nl\/wp-content\/uploads\/2024\/02\/Zonnepark-Aadijk-17-18x12.jpg 18w\" sizes=\"(max-width: 800px) 100vw, 800px\" title=\"\"><\/div><\/a>\n\t\t\t\t<div class=\"elementor-post__text\">\n\t\t\t\t<h3 class=\"elementor-post__title\">\n\t\t\t<a href=\"https:\/\/profinrg.nl\/de\/energiewet-aangenomen-een-belangrijke-stap-vooruit\/\" >\n\t\t\t\tEnergiewet aangenomen: een belangrijke stap vooruit\u00a0\t\t\t<\/a>\n\t\t<\/h3>\n\t\t\n\t\t<a class=\"elementor-post__read-more\" href=\"https:\/\/profinrg.nl\/de\/energiewet-aangenomen-een-belangrijke-stap-vooruit\/\" aria-label=\"Mehr \u00fcber Energiewet aangenomen: een belangrijke stap vooruit\u00a0\" tabindex=\"-1\" >\n\t\t\tLees verder \u00bb\t\t<\/a>\n\n\t\t\t\t<\/div>\n\t\t\t\t<div class=\"elementor-post__meta-data\">\n\t\t\t\t\t<span class=\"elementor-post-date\">\n\t\t\t11 Mai 2024\t\t<\/span>\n\t\t\t\t<\/div>\n\t\t\t\t\t<\/div>\n\t\t<\/article>\n\t\t\t\t<article class=\"elementor-post elementor-grid-item post-38704 post type-post status-publish format-standard has-post-thumbnail hentry category-nieuws tag-batterijcontainer tag-batterijsysteem tag-energieopslag\" role=\"listitem\">\n\t\t\t<div class=\"elementor-post__card\">\n\t\t\t\t<a class=\"elementor-post__thumbnail__link\" href=\"https:\/\/profinrg.nl\/de\/batterijsysteem-nut-en-noodzaak\/\" tabindex=\"-1\" ><div class=\"elementor-post__thumbnail\"><img loading=\"lazy\" decoding=\"async\" width=\"800\" height=\"400\" src=\"https:\/\/profinrg.nl\/wp-content\/uploads\/2024\/05\/AdobeStock_248626760-1024x512.jpeg\" class=\"attachment-large size-large wp-image-38706\" alt=\"batterijsysteem : nut en noodzaak\" srcset=\"https:\/\/profinrg.nl\/wp-content\/uploads\/2024\/05\/AdobeStock_248626760-1024x512.jpeg 1024w, https:\/\/profinrg.nl\/wp-content\/uploads\/2024\/05\/AdobeStock_248626760-300x150.jpeg 300w, https:\/\/profinrg.nl\/wp-content\/uploads\/2024\/05\/AdobeStock_248626760-768x384.jpeg 768w, https:\/\/profinrg.nl\/wp-content\/uploads\/2024\/05\/AdobeStock_248626760-18x9.jpeg 18w, https:\/\/profinrg.nl\/wp-content\/uploads\/2024\/05\/AdobeStock_248626760.jpeg 1275w\" sizes=\"(max-width: 800px) 100vw, 800px\" title=\"\"><\/div><\/a>\n\t\t\t\t<div class=\"elementor-post__text\">\n\t\t\t\t<h3 class=\"elementor-post__title\">\n\t\t\t<a href=\"https:\/\/profinrg.nl\/de\/batterijsysteem-nut-en-noodzaak\/\" >\n\t\t\t\tBatterijsysteem : Nut en Noodzaak\t\t\t<\/a>\n\t\t<\/h3>\n\t\t\n\t\t<a class=\"elementor-post__read-more\" href=\"https:\/\/profinrg.nl\/de\/batterijsysteem-nut-en-noodzaak\/\" aria-label=\"Mehr \u00fcber Batterijsysteem : Nut en Noodzaak\" tabindex=\"-1\" >\n\t\t\tLees verder \u00bb\t\t<\/a>\n\n\t\t\t\t<\/div>\n\t\t\t\t<div class=\"elementor-post__meta-data\">\n\t\t\t\t\t<span class=\"elementor-post-date\">\n\t\t\t6 Mai 2024\t\t<\/span>\n\t\t\t\t<\/div>\n\t\t\t\t\t<\/div>\n\t\t<\/article>\n\t\t\t\t<article class=\"elementor-post elementor-grid-item post-38383 post type-post status-publish format-standard has-post-thumbnail hentry category-nieuws\" role=\"listitem\">\n\t\t\t<div class=\"elementor-post__card\">\n\t\t\t\t<a class=\"elementor-post__thumbnail__link\" href=\"https:\/\/profinrg.nl\/de\/zonnepark-overbetuwe-alle-trafos-zijn-aangesloten\/\" tabindex=\"-1\" ><div class=\"elementor-post__thumbnail\"><img loading=\"lazy\" decoding=\"async\" width=\"800\" height=\"534\" src=\"https:\/\/profinrg.nl\/wp-content\/uploads\/2024\/04\/DJI_0115-1024x683.jpg\" class=\"attachment-large size-large wp-image-38385\" alt=\"Zonnepark Overbetuwe\" srcset=\"https:\/\/profinrg.nl\/wp-content\/uploads\/2024\/04\/DJI_0115-1024x683.jpg 1024w, https:\/\/profinrg.nl\/wp-content\/uploads\/2024\/04\/DJI_0115-300x200.jpg 300w, https:\/\/profinrg.nl\/wp-content\/uploads\/2024\/04\/DJI_0115-768x512.jpg 768w, https:\/\/profinrg.nl\/wp-content\/uploads\/2024\/04\/DJI_0115-18x12.jpg 18w, https:\/\/profinrg.nl\/wp-content\/uploads\/2024\/04\/DJI_0115.jpg 1275w\" sizes=\"(max-width: 800px) 100vw, 800px\" title=\"\"><\/div><\/a>\n\t\t\t\t<div class=\"elementor-post__text\">\n\t\t\t\t<h3 class=\"elementor-post__title\">\n\t\t\t<a href=\"https:\/\/profinrg.nl\/de\/zonnepark-overbetuwe-alle-trafos-zijn-aangesloten\/\" >\n\t\t\t\tZonnepark Overbetuwe: alle trafo&#8217;s zijn aangesloten\t\t\t<\/a>\n\t\t<\/h3>\n\t\t\n\t\t<a class=\"elementor-post__read-more\" href=\"https:\/\/profinrg.nl\/de\/zonnepark-overbetuwe-alle-trafos-zijn-aangesloten\/\" aria-label=\"Mehr \u00fcber Zonnepark Overbetuwe: alle trafo&#8217;s zijn aangesloten\" tabindex=\"-1\" >\n\t\t\tLees verder \u00bb\t\t<\/a>\n\n\t\t\t\t<\/div>\n\t\t\t\t<div class=\"elementor-post__meta-data\">\n\t\t\t\t\t<span class=\"elementor-post-date\">\n\t\t\t25 April 2024\t\t<\/span>\n\t\t\t\t<\/div>\n\t\t\t\t\t<\/div>\n\t\t<\/article>\n\t\t\t\t<article class=\"elementor-post elementor-grid-item post-38387 post type-post status-publish format-standard has-post-thumbnail hentry category-nieuws\" role=\"listitem\">\n\t\t\t<div class=\"elementor-post__card\">\n\t\t\t\t<a class=\"elementor-post__thumbnail__link\" href=\"https:\/\/profinrg.nl\/de\/%e2%9a%a0%ef%b8%8f-%f0%9d%97%9d%f0%9d%97%a2%f0%9d%97%95-%f0%9d%97%94%f0%9d%97%9f%f0%9d%97%98%f0%9d%97%a5%f0%9d%97%a7-%f0%9f%9a%a8\/\" tabindex=\"-1\" ><div class=\"elementor-post__thumbnail\"><img loading=\"lazy\" decoding=\"async\" width=\"800\" height=\"800\" src=\"https:\/\/profinrg.nl\/wp-content\/uploads\/2024\/04\/Collegas-gezocht-1024x1024.jpg\" class=\"attachment-large size-large wp-image-38388\" alt=\"collega&#039;s gezocht, job alert\" srcset=\"https:\/\/profinrg.nl\/wp-content\/uploads\/2024\/04\/Collegas-gezocht-1024x1024.jpg 1024w, https:\/\/profinrg.nl\/wp-content\/uploads\/2024\/04\/Collegas-gezocht-300x300.jpg 300w, https:\/\/profinrg.nl\/wp-content\/uploads\/2024\/04\/Collegas-gezocht-150x150.jpg 150w, https:\/\/profinrg.nl\/wp-content\/uploads\/2024\/04\/Collegas-gezocht-768x768.jpg 768w, https:\/\/profinrg.nl\/wp-content\/uploads\/2024\/04\/Collegas-gezocht-12x12.jpg 12w, https:\/\/profinrg.nl\/wp-content\/uploads\/2024\/04\/Collegas-gezocht.jpg 1200w\" sizes=\"(max-width: 800px) 100vw, 800px\" title=\"\"><\/div><\/a>\n\t\t\t\t<div class=\"elementor-post__text\">\n\t\t\t\t<h3 class=\"elementor-post__title\">\n\t\t\t<a href=\"https:\/\/profinrg.nl\/de\/%e2%9a%a0%ef%b8%8f-%f0%9d%97%9d%f0%9d%97%a2%f0%9d%97%95-%f0%9d%97%94%f0%9d%97%9f%f0%9d%97%98%f0%9d%97%a5%f0%9d%97%a7-%f0%9f%9a%a8\/\" >\n\t\t\t\tJob alert! Kom jij ons team versterken?\t\t\t<\/a>\n\t\t<\/h3>\n\t\t\n\t\t<a class=\"elementor-post__read-more\" href=\"https:\/\/profinrg.nl\/de\/%e2%9a%a0%ef%b8%8f-%f0%9d%97%9d%f0%9d%97%a2%f0%9d%97%95-%f0%9d%97%94%f0%9d%97%9f%f0%9d%97%98%f0%9d%97%a5%f0%9d%97%a7-%f0%9f%9a%a8\/\" aria-label=\"Mehr \u00fcber Job alert! Kom jij ons team versterken?\" tabindex=\"-1\" >\n\t\t\tLees verder \u00bb\t\t<\/a>\n\n\t\t\t\t<\/div>\n\t\t\t\t<div class=\"elementor-post__meta-data\">\n\t\t\t\t\t<span class=\"elementor-post-date\">\n\t\t\t23 April 2024\t\t<\/span>\n\t\t\t\t<\/div>\n\t\t\t\t\t<\/div>\n\t\t<\/article>\n\t\t\t\t<article class=\"elementor-post elementor-grid-item post-38392 post type-post status-publish format-standard has-post-thumbnail hentry category-nieuws\" role=\"listitem\">\n\t\t\t<div class=\"elementor-post__card\">\n\t\t\t\t<a class=\"elementor-post__thumbnail__link\" href=\"https:\/\/profinrg.nl\/de\/ons-eerste-project-in-duitsland\/\" tabindex=\"-1\" ><div class=\"elementor-post__thumbnail\"><img loading=\"lazy\" decoding=\"async\" width=\"800\" height=\"800\" src=\"https:\/\/profinrg.nl\/wp-content\/uploads\/2024\/04\/Bremen2-1024x1024.jpg\" class=\"attachment-large size-large wp-image-38393\" alt=\"eerste project Duitslan\" srcset=\"https:\/\/profinrg.nl\/wp-content\/uploads\/2024\/04\/Bremen2-1024x1024.jpg 1024w, https:\/\/profinrg.nl\/wp-content\/uploads\/2024\/04\/Bremen2-300x300.jpg 300w, https:\/\/profinrg.nl\/wp-content\/uploads\/2024\/04\/Bremen2-150x150.jpg 150w, https:\/\/profinrg.nl\/wp-content\/uploads\/2024\/04\/Bremen2-768x768.jpg 768w, https:\/\/profinrg.nl\/wp-content\/uploads\/2024\/04\/Bremen2-12x12.jpg 12w, https:\/\/profinrg.nl\/wp-content\/uploads\/2024\/04\/Bremen2.jpg 1200w\" sizes=\"(max-width: 800px) 100vw, 800px\" title=\"\"><\/div><\/a>\n\t\t\t\t<div class=\"elementor-post__text\">\n\t\t\t\t<h3 class=\"elementor-post__title\">\n\t\t\t<a href=\"https:\/\/profinrg.nl\/de\/ons-eerste-project-in-duitsland\/\" >\n\t\t\t\tOns eerste project in Duitsland!\t\t\t<\/a>\n\t\t<\/h3>\n\t\t\n\t\t<a class=\"elementor-post__read-more\" href=\"https:\/\/profinrg.nl\/de\/ons-eerste-project-in-duitsland\/\" aria-label=\"Mehr \u00fcber Ons eerste project in Duitsland!\" tabindex=\"-1\" >\n\t\t\tLees verder \u00bb\t\t<\/a>\n\n\t\t\t\t<\/div>\n\t\t\t\t<div class=\"elementor-post__meta-data\">\n\t\t\t\t\t<span class=\"elementor-post-date\">\n\t\t\t4 April 2024\t\t<\/span>\n\t\t\t\t<\/div>\n\t\t\t\t\t<\/div>\n\t\t<\/article>\n\t\t\t\t<article class=\"elementor-post elementor-grid-item post-40232 post type-post status-publish format-standard has-post-thumbnail hentry category-nieuws tag-sde tag-sde-subsidie-2 tag-zonnepanelen\" role=\"listitem\">\n\t\t\t<div class=\"elementor-post__card\">\n\t\t\t\t<a class=\"elementor-post__thumbnail__link\" href=\"https:\/\/profinrg.nl\/de\/eindadvies-basisbedragen-sde-2024\/\" tabindex=\"-1\" ><div class=\"elementor-post__thumbnail\"><img loading=\"lazy\" decoding=\"async\" width=\"800\" height=\"534\" src=\"https:\/\/profinrg.nl\/wp-content\/uploads\/2024\/07\/Eindadvies-basisbedragen-sde-2024-1024x683.jpg\" class=\"attachment-large size-large wp-image-40234\" alt=\"Eindadvies basisbedragen sde++ 2025\" srcset=\"https:\/\/profinrg.nl\/wp-content\/uploads\/2024\/07\/Eindadvies-basisbedragen-sde-2024-1024x683.jpg 1024w, https:\/\/profinrg.nl\/wp-content\/uploads\/2024\/07\/Eindadvies-basisbedragen-sde-2024-300x200.jpg 300w, https:\/\/profinrg.nl\/wp-content\/uploads\/2024\/07\/Eindadvies-basisbedragen-sde-2024-768x512.jpg 768w, https:\/\/profinrg.nl\/wp-content\/uploads\/2024\/07\/Eindadvies-basisbedragen-sde-2024-1536x1025.jpg 1536w, https:\/\/profinrg.nl\/wp-content\/uploads\/2024\/07\/Eindadvies-basisbedragen-sde-2024-2048x1366.jpg 2048w, https:\/\/profinrg.nl\/wp-content\/uploads\/2024\/07\/Eindadvies-basisbedragen-sde-2024-18x12.jpg 18w\" sizes=\"(max-width: 800px) 100vw, 800px\" title=\"\"><\/div><\/a>\n\t\t\t\t<div class=\"elementor-post__text\">\n\t\t\t\t<h3 class=\"elementor-post__title\">\n\t\t\t<a href=\"https:\/\/profinrg.nl\/de\/eindadvies-basisbedragen-sde-2024\/\" >\n\t\t\t\tEindadvies basisbedragen SDE++ 2024\t\t\t<\/a>\n\t\t<\/h3>\n\t\t\n\t\t<a class=\"elementor-post__read-more\" href=\"https:\/\/profinrg.nl\/de\/eindadvies-basisbedragen-sde-2024\/\" aria-label=\"Mehr \u00fcber Eindadvies basisbedragen SDE++ 2024\" tabindex=\"-1\" >\n\t\t\tLees verder \u00bb\t\t<\/a>\n\n\t\t\t\t<\/div>\n\t\t\t\t<div class=\"elementor-post__meta-data\">\n\t\t\t\t\t<span class=\"elementor-post-date\">\n\t\t\t21 M\u00e4rz 2024\t\t<\/span>\n\t\t\t\t<\/div>\n\t\t\t\t\t<\/div>\n\t\t<\/article>\n\t\t\t\t<article class=\"elementor-post elementor-grid-item post-37666 post type-post status-publish format-standard has-post-thumbnail hentry category-nieuws tag-sde tag-sde-2 tag-sde-subsidie-2 tag-subsidie tag-zonnepanelen\" role=\"listitem\">\n\t\t\t<div class=\"elementor-post__card\">\n\t\t\t\t<a class=\"elementor-post__thumbnail__link\" href=\"https:\/\/profinrg.nl\/de\/sde2024-115-miljard-euro-subsidie\/\" tabindex=\"-1\" ><div class=\"elementor-post__thumbnail\"><img loading=\"lazy\" decoding=\"async\" width=\"800\" height=\"534\" src=\"https:\/\/profinrg.nl\/wp-content\/uploads\/2023\/07\/OW8A9807-1024x683.jpg\" class=\"attachment-large size-large wp-image-32684\" alt=\"Sitemanager bij zonnepark\" srcset=\"https:\/\/profinrg.nl\/wp-content\/uploads\/2023\/07\/OW8A9807-1024x683.jpg 1024w, https:\/\/profinrg.nl\/wp-content\/uploads\/2023\/07\/OW8A9807-300x200.jpg 300w, https:\/\/profinrg.nl\/wp-content\/uploads\/2023\/07\/OW8A9807-768x512.jpg 768w, https:\/\/profinrg.nl\/wp-content\/uploads\/2023\/07\/OW8A9807.jpg 1275w\" sizes=\"(max-width: 800px) 100vw, 800px\" title=\"\"><\/div><\/a>\n\t\t\t\t<div class=\"elementor-post__text\">\n\t\t\t\t<h3 class=\"elementor-post__title\">\n\t\t\t<a href=\"https:\/\/profinrg.nl\/de\/sde2024-115-miljard-euro-subsidie\/\" >\n\t\t\t\tSDE++ 2024: 11,5 miljard euro subsidie\t\t\t<\/a>\n\t\t<\/h3>\n\t\t\n\t\t<a class=\"elementor-post__read-more\" href=\"https:\/\/profinrg.nl\/de\/sde2024-115-miljard-euro-subsidie\/\" aria-label=\"Mehr \u00fcber SDE++ 2024: 11,5 miljard euro subsidie\" tabindex=\"-1\" >\n\t\t\tLees verder \u00bb\t\t<\/a>\n\n\t\t\t\t<\/div>\n\t\t\t\t<div class=\"elementor-post__meta-data\">\n\t\t\t\t\t<span class=\"elementor-post-date\">\n\t\t\t4 M\u00e4rz 2024\t\t<\/span>\n\t\t\t\t<\/div>\n\t\t\t\t\t<\/div>\n\t\t<\/article>\n\t\t\t\t<article class=\"elementor-post elementor-grid-item post-37280 post type-post status-publish format-standard has-post-thumbnail hentry category-nieuws tag-agri-solar tag-agri-pv tag-agripv tag-dubbel-grondgebruik\" role=\"listitem\">\n\t\t\t<div class=\"elementor-post__card\">\n\t\t\t\t<a class=\"elementor-post__thumbnail__link\" href=\"https:\/\/profinrg.nl\/de\/agri-pv-verticale-montage-van-bifacial-panelen\/\" tabindex=\"-1\" ><div class=\"elementor-post__thumbnail\"><img loading=\"lazy\" decoding=\"async\" width=\"800\" height=\"600\" src=\"https:\/\/profinrg.nl\/wp-content\/uploads\/2024\/02\/1f4d4005-cb70-4355-b0d8-539256566c7a-1024x768.jpg\" class=\"attachment-large size-large wp-image-37289\" alt=\"agri pv agri solar\" srcset=\"https:\/\/profinrg.nl\/wp-content\/uploads\/2024\/02\/1f4d4005-cb70-4355-b0d8-539256566c7a-1024x768.jpg 1024w, https:\/\/profinrg.nl\/wp-content\/uploads\/2024\/02\/1f4d4005-cb70-4355-b0d8-539256566c7a-300x225.jpg 300w, https:\/\/profinrg.nl\/wp-content\/uploads\/2024\/02\/1f4d4005-cb70-4355-b0d8-539256566c7a-768x576.jpg 768w, https:\/\/profinrg.nl\/wp-content\/uploads\/2024\/02\/1f4d4005-cb70-4355-b0d8-539256566c7a-16x12.jpg 16w, https:\/\/profinrg.nl\/wp-content\/uploads\/2024\/02\/1f4d4005-cb70-4355-b0d8-539256566c7a.jpg 1275w\" sizes=\"(max-width: 800px) 100vw, 800px\" title=\"\"><\/div><\/a>\n\t\t\t\t<div class=\"elementor-post__text\">\n\t\t\t\t<h3 class=\"elementor-post__title\">\n\t\t\t<a href=\"https:\/\/profinrg.nl\/de\/agri-pv-verticale-montage-van-bifacial-panelen\/\" >\n\t\t\t\tAgri PV: verticale montage van bifacial panelen\t\t\t<\/a>\n\t\t<\/h3>\n\t\t\n\t\t<a class=\"elementor-post__read-more\" href=\"https:\/\/profinrg.nl\/de\/agri-pv-verticale-montage-van-bifacial-panelen\/\" aria-label=\"Mehr \u00fcber Agri PV: verticale montage van bifacial panelen\" tabindex=\"-1\" >\n\t\t\tLees verder \u00bb\t\t<\/a>\n\n\t\t\t\t<\/div>\n\t\t\t\t<div class=\"elementor-post__meta-data\">\n\t\t\t\t\t<span class=\"elementor-post-date\">\n\t\t\t12 Februar 2024\t\t<\/span>\n\t\t\t\t<\/div>\n\t\t\t\t\t<\/div>\n\t\t<\/article>\n\t\t\t\t<article class=\"elementor-post elementor-grid-item post-37207 post type-post status-publish format-standard has-post-thumbnail hentry category-nieuws\" role=\"listitem\">\n\t\t\t<div class=\"elementor-post__card\">\n\t\t\t\t<a class=\"elementor-post__thumbnail__link\" href=\"https:\/\/profinrg.nl\/de\/bezoek-ons-tijdens-solarsolutions-van-19-tm-21-maart\/\" tabindex=\"-1\" ><div class=\"elementor-post__thumbnail\"><img loading=\"lazy\" decoding=\"async\" width=\"800\" height=\"450\" src=\"https:\/\/profinrg.nl\/wp-content\/uploads\/2024\/02\/3-1024x576.jpg\" class=\"attachment-large size-large wp-image-37210\" alt=\"Solar Solutions beurs\" srcset=\"https:\/\/profinrg.nl\/wp-content\/uploads\/2024\/02\/3-1024x576.jpg 1024w, https:\/\/profinrg.nl\/wp-content\/uploads\/2024\/02\/3-300x169.jpg 300w, https:\/\/profinrg.nl\/wp-content\/uploads\/2024\/02\/3-768x432.jpg 768w, https:\/\/profinrg.nl\/wp-content\/uploads\/2024\/02\/3-18x10.jpg 18w, https:\/\/profinrg.nl\/wp-content\/uploads\/2024\/02\/3.jpg 1275w\" sizes=\"(max-width: 800px) 100vw, 800px\" title=\"\"><\/div><\/a>\n\t\t\t\t<div class=\"elementor-post__text\">\n\t\t\t\t<h3 class=\"elementor-post__title\">\n\t\t\t<a href=\"https:\/\/profinrg.nl\/de\/bezoek-ons-tijdens-solarsolutions-van-19-tm-21-maart\/\" >\n\t\t\t\tBezoek ons tijdens SolarSolutions van 19 tm 21 maart\t\t\t<\/a>\n\t\t<\/h3>\n\t\t\n\t\t<a class=\"elementor-post__read-more\" href=\"https:\/\/profinrg.nl\/de\/bezoek-ons-tijdens-solarsolutions-van-19-tm-21-maart\/\" aria-label=\"Mehr \u00fcber Bezoek ons tijdens SolarSolutions van 19 tm 21 maart\" tabindex=\"-1\" >\n\t\t\tLees verder \u00bb\t\t<\/a>\n\n\t\t\t\t<\/div>\n\t\t\t\t<div class=\"elementor-post__meta-data\">\n\t\t\t\t\t<span class=\"elementor-post-date\">\n\t\t\t5 Februar 2024\t\t<\/span>\n\t\t\t\t<\/div>\n\t\t\t\t\t<\/div>\n\t\t<\/article>\n\t\t\t\t<article class=\"elementor-post elementor-grid-item post-36977 post type-post status-publish format-standard has-post-thumbnail hentry category-nieuws tag-duurzame-toekomst\" role=\"listitem\">\n\t\t\t<div class=\"elementor-post__card\">\n\t\t\t\t<a class=\"elementor-post__thumbnail__link\" href=\"https:\/\/profinrg.nl\/de\/batterijsystemen-de-toekomst-van-duurzame-energie\/\" tabindex=\"-1\" ><div class=\"elementor-post__thumbnail\"><img loading=\"lazy\" decoding=\"async\" width=\"800\" height=\"600\" src=\"https:\/\/profinrg.nl\/wp-content\/uploads\/2024\/01\/Afbeelding-van-WhatsApp-op-2023-09-12-om-11.03.49-1024x768.jpg\" class=\"attachment-large size-large wp-image-36983\" alt=\"batterijsystemen energieopslagsysteem back-upp voorziening\" srcset=\"https:\/\/profinrg.nl\/wp-content\/uploads\/2024\/01\/Afbeelding-van-WhatsApp-op-2023-09-12-om-11.03.49-1024x768.jpg 1024w, https:\/\/profinrg.nl\/wp-content\/uploads\/2024\/01\/Afbeelding-van-WhatsApp-op-2023-09-12-om-11.03.49-300x225.jpg 300w, https:\/\/profinrg.nl\/wp-content\/uploads\/2024\/01\/Afbeelding-van-WhatsApp-op-2023-09-12-om-11.03.49-768x576.jpg 768w, https:\/\/profinrg.nl\/wp-content\/uploads\/2024\/01\/Afbeelding-van-WhatsApp-op-2023-09-12-om-11.03.49.jpg 1275w\" sizes=\"(max-width: 800px) 100vw, 800px\" title=\"\"><\/div><\/a>\n\t\t\t\t<div class=\"elementor-post__text\">\n\t\t\t\t<h3 class=\"elementor-post__title\">\n\t\t\t<a href=\"https:\/\/profinrg.nl\/de\/batterijsystemen-de-toekomst-van-duurzame-energie\/\" >\n\t\t\t\tBatterijsystemen: de toekomst van duurzame energie\t\t\t<\/a>\n\t\t<\/h3>\n\t\t\n\t\t<a class=\"elementor-post__read-more\" href=\"https:\/\/profinrg.nl\/de\/batterijsystemen-de-toekomst-van-duurzame-energie\/\" aria-label=\"Mehr \u00fcber Batterijsystemen: de toekomst van duurzame energie\" tabindex=\"-1\" >\n\t\t\tLees verder \u00bb\t\t<\/a>\n\n\t\t\t\t<\/div>\n\t\t\t\t<div class=\"elementor-post__meta-data\">\n\t\t\t\t\t<span class=\"elementor-post-date\">\n\t\t\t23 Januar 2024\t\t<\/span>\n\t\t\t\t<\/div>\n\t\t\t\t\t<\/div>\n\t\t<\/article>\n\t\t\t\t<article class=\"elementor-post elementor-grid-item post-36246 post type-post status-publish format-standard has-post-thumbnail hentry category-nieuws tag-duurzaamheid tag-duurzameenergie tag-energietransitie tag-hernieuwbare-energie tag-zonnepanelen tag-zonnepark\" role=\"listitem\">\n\t\t\t<div class=\"elementor-post__card\">\n\t\t\t\t<a class=\"elementor-post__thumbnail__link\" href=\"https:\/\/profinrg.nl\/de\/aandeel-hernieuwbare-energie-gegroeid-tot-17-procent\/\" tabindex=\"-1\" ><div class=\"elementor-post__thumbnail\"><img loading=\"lazy\" decoding=\"async\" width=\"800\" height=\"450\" src=\"https:\/\/profinrg.nl\/wp-content\/uploads\/2023\/10\/DJI_0059-DeNoiseAI-standard-1024x576.jpg\" class=\"attachment-large size-large wp-image-34897\" alt=\"zonnepark koningspleij Arhem Hernieuwbare energie 17 procent\" srcset=\"https:\/\/profinrg.nl\/wp-content\/uploads\/2023\/10\/DJI_0059-DeNoiseAI-standard-1024x576.jpg 1024w, https:\/\/profinrg.nl\/wp-content\/uploads\/2023\/10\/DJI_0059-DeNoiseAI-standard-300x169.jpg 300w, https:\/\/profinrg.nl\/wp-content\/uploads\/2023\/10\/DJI_0059-DeNoiseAI-standard-768x432.jpg 768w, https:\/\/profinrg.nl\/wp-content\/uploads\/2023\/10\/DJI_0059-DeNoiseAI-standard.jpg 1275w\" sizes=\"(max-width: 800px) 100vw, 800px\" title=\"\"><\/div><\/a>\n\t\t\t\t<div class=\"elementor-post__text\">\n\t\t\t\t<h3 class=\"elementor-post__title\">\n\t\t\t<a href=\"https:\/\/profinrg.nl\/de\/aandeel-hernieuwbare-energie-gegroeid-tot-17-procent\/\" >\n\t\t\t\tAandeel hernieuwbare energie gegroeid tot 17 procent\t\t\t<\/a>\n\t\t<\/h3>\n\t\t\n\t\t<a class=\"elementor-post__read-more\" href=\"https:\/\/profinrg.nl\/de\/aandeel-hernieuwbare-energie-gegroeid-tot-17-procent\/\" aria-label=\"Mehr \u00fcber Aandeel hernieuwbare energie gegroeid tot 17 procent\" tabindex=\"-1\" >\n\t\t\tLees verder \u00bb\t\t<\/a>\n\n\t\t\t\t<\/div>\n\t\t\t\t<div class=\"elementor-post__meta-data\">\n\t\t\t\t\t<span class=\"elementor-post-date\">\n\t\t\t9 Januar 2024\t\t<\/span>\n\t\t\t\t<\/div>\n\t\t\t\t\t<\/div>\n\t\t<\/article>\n\t\t\t\t<article class=\"elementor-post elementor-grid-item post-36190 post type-post status-publish format-standard has-post-thumbnail hentry category-nieuws tag-batterijopslag tag-duurzameenergie tag-energietransitie tag-profinrg tag-rob-jetten tag-zonnepark tag-zonneparken\" role=\"listitem\">\n\t\t\t<div class=\"elementor-post__card\">\n\t\t\t\t<a class=\"elementor-post__thumbnail__link\" href=\"https:\/\/profinrg.nl\/de\/halt-nederlandse-zonneparken-van-tijdelijke-aard-dat-kan-niet-anders\/\" tabindex=\"-1\" ><div class=\"elementor-post__thumbnail\"><img loading=\"lazy\" decoding=\"async\" width=\"567\" height=\"378\" src=\"https:\/\/profinrg.nl\/wp-content\/uploads\/2023\/12\/Zuidbroek-BESS-opslag-DJI_0554-klein.jpg\" class=\"attachment-large size-large wp-image-35767\" alt=\"Zuidbroek, groningen zonnepark met energieopslag in de vorm van batterijcontainers\" srcset=\"https:\/\/profinrg.nl\/wp-content\/uploads\/2023\/12\/Zuidbroek-BESS-opslag-DJI_0554-klein.jpg 567w, https:\/\/profinrg.nl\/wp-content\/uploads\/2023\/12\/Zuidbroek-BESS-opslag-DJI_0554-klein-300x200.jpg 300w\" sizes=\"(max-width: 567px) 100vw, 567px\" title=\"\"><\/div><\/a>\n\t\t\t\t<div class=\"elementor-post__text\">\n\t\t\t\t<h3 class=\"elementor-post__title\">\n\t\t\t<a href=\"https:\/\/profinrg.nl\/de\/halt-nederlandse-zonneparken-van-tijdelijke-aard-dat-kan-niet-anders\/\" >\n\t\t\t\tHalt Nederlandse zonneparken van tijdelijke aard, dat kan niet anders\t\t\t<\/a>\n\t\t<\/h3>\n\t\t\n\t\t<a class=\"elementor-post__read-more\" href=\"https:\/\/profinrg.nl\/de\/halt-nederlandse-zonneparken-van-tijdelijke-aard-dat-kan-niet-anders\/\" aria-label=\"Mehr \u00fcber Halt Nederlandse zonneparken van tijdelijke aard, dat kan niet anders\" tabindex=\"-1\" >\n\t\t\tLees verder \u00bb\t\t<\/a>\n\n\t\t\t\t<\/div>\n\t\t\t\t<div class=\"elementor-post__meta-data\">\n\t\t\t\t\t<span class=\"elementor-post-date\">\n\t\t\t21 Dezember 2023\t\t<\/span>\n\t\t\t\t<\/div>\n\t\t\t\t\t<\/div>\n\t\t<\/article>\n\t\t\t\t<article class=\"elementor-post elementor-grid-item post-33367 post type-post status-publish format-standard has-post-thumbnail hentry category-nieuws tag-sde tag-sde-subsidie-2 tag-solar tag-subsidie tag-zonnepanelen tag-zonnepark\" role=\"listitem\">\n\t\t\t<div class=\"elementor-post__card\">\n\t\t\t\t<a class=\"elementor-post__thumbnail__link\" href=\"https:\/\/profinrg.nl\/de\/sde-2023-definitieve-bedragen-bekend\/\" tabindex=\"-1\" ><div class=\"elementor-post__thumbnail\"><img loading=\"lazy\" decoding=\"async\" width=\"800\" height=\"534\" src=\"https:\/\/profinrg.nl\/wp-content\/uploads\/2022\/11\/DJI_0989-1024x683.jpg\" class=\"attachment-large size-large wp-image-30680\" alt=\"Lineage Vlissingen kloosterboer\" srcset=\"https:\/\/profinrg.nl\/wp-content\/uploads\/2022\/11\/DJI_0989-1024x683.jpg 1024w, https:\/\/profinrg.nl\/wp-content\/uploads\/2022\/11\/DJI_0989-300x200.jpg 300w, https:\/\/profinrg.nl\/wp-content\/uploads\/2022\/11\/DJI_0989-768x512.jpg 768w, https:\/\/profinrg.nl\/wp-content\/uploads\/2022\/11\/DJI_0989.jpg 1275w\" sizes=\"(max-width: 800px) 100vw, 800px\" title=\"\"><\/div><\/a>\n\t\t\t\t<div class=\"elementor-post__text\">\n\t\t\t\t<h3 class=\"elementor-post__title\">\n\t\t\t<a href=\"https:\/\/profinrg.nl\/de\/sde-2023-definitieve-bedragen-bekend\/\" >\n\t\t\t\tSDE++ 2023 definitieve bedragen bekend\t\t\t<\/a>\n\t\t<\/h3>\n\t\t\n\t\t<a class=\"elementor-post__read-more\" href=\"https:\/\/profinrg.nl\/de\/sde-2023-definitieve-bedragen-bekend\/\" aria-label=\"Mehr \u00fcber SDE++ 2023 definitieve bedragen bekend\" tabindex=\"-1\" >\n\t\t\tLees verder \u00bb\t\t<\/a>\n\n\t\t\t\t<\/div>\n\t\t\t\t<div class=\"elementor-post__meta-data\">\n\t\t\t\t\t<span class=\"elementor-post-date\">\n\t\t\t7 August 2023\t\t<\/span>\n\t\t\t\t<\/div>\n\t\t\t\t\t<\/div>\n\t\t<\/article>\n\t\t\t\t<article class=\"elementor-post elementor-grid-item post-32716 post type-post status-publish format-standard has-post-thumbnail hentry category-nieuws tag-afscheid tag-bert-van-woudenberg tag-pensioen tag-profinrg\" role=\"listitem\">\n\t\t\t<div class=\"elementor-post__card\">\n\t\t\t\t<a class=\"elementor-post__thumbnail__link\" href=\"https:\/\/profinrg.nl\/de\/medeoprichter-en-technisch-directeur-bert-van-woudenberg-neemt-afscheid-van-profinrg\/\" tabindex=\"-1\" ><div class=\"elementor-post__thumbnail\"><img loading=\"lazy\" decoding=\"async\" width=\"800\" height=\"450\" src=\"https:\/\/profinrg.nl\/wp-content\/uploads\/2023\/07\/Afscheid-Bert-1024x576.jpeg\" class=\"attachment-large size-large wp-image-32717\" alt=\"Afscheid Bert van Woudenberg bij pensioenering\" srcset=\"https:\/\/profinrg.nl\/wp-content\/uploads\/2023\/07\/Afscheid-Bert-1024x576.jpeg 1024w, https:\/\/profinrg.nl\/wp-content\/uploads\/2023\/07\/Afscheid-Bert-300x169.jpeg 300w, https:\/\/profinrg.nl\/wp-content\/uploads\/2023\/07\/Afscheid-Bert-768x432.jpeg 768w, https:\/\/profinrg.nl\/wp-content\/uploads\/2023\/07\/Afscheid-Bert.jpeg 1275w\" sizes=\"(max-width: 800px) 100vw, 800px\" title=\"\"><\/div><\/a>\n\t\t\t\t<div class=\"elementor-post__text\">\n\t\t\t\t<h3 class=\"elementor-post__title\">\n\t\t\t<a href=\"https:\/\/profinrg.nl\/de\/medeoprichter-en-technisch-directeur-bert-van-woudenberg-neemt-afscheid-van-profinrg\/\" >\n\t\t\t\tMedeoprichter en technisch directeur Bert van Woudenberg neemt afscheid van ProfiNRG\t\t\t<\/a>\n\t\t<\/h3>\n\t\t\n\t\t<a class=\"elementor-post__read-more\" href=\"https:\/\/profinrg.nl\/de\/medeoprichter-en-technisch-directeur-bert-van-woudenberg-neemt-afscheid-van-profinrg\/\" aria-label=\"Mehr \u00fcber Medeoprichter en technisch directeur Bert van Woudenberg neemt afscheid van ProfiNRG\" tabindex=\"-1\" >\n\t\t\tLees verder \u00bb\t\t<\/a>\n\n\t\t\t\t<\/div>\n\t\t\t\t<div class=\"elementor-post__meta-data\">\n\t\t\t\t\t<span class=\"elementor-post-date\">\n\t\t\t31 Juli 2023\t\t<\/span>\n\t\t\t\t<\/div>\n\t\t\t\t\t<\/div>\n\t\t<\/article>\n\t\t\t\t<article class=\"elementor-post elementor-grid-item post-32346 post type-post status-publish format-standard has-post-thumbnail hentry category-nieuws tag-duurzameenergie tag-energietransitie tag-zonnepanelen tag-zonnepark\" role=\"listitem\">\n\t\t\t<div class=\"elementor-post__card\">\n\t\t\t\t<a class=\"elementor-post__thumbnail__link\" href=\"https:\/\/profinrg.nl\/de\/zonnepark-zuidbroek-2\/\" tabindex=\"-1\" ><div class=\"elementor-post__thumbnail\"><img loading=\"lazy\" decoding=\"async\" width=\"800\" height=\"533\" src=\"https:\/\/profinrg.nl\/wp-content\/uploads\/2022\/08\/Zuidbroek-scaled-1-1024x682.jpg\" class=\"attachment-large size-large wp-image-27879\" alt=\"Zonnepark Zuidbroek\" srcset=\"https:\/\/profinrg.nl\/wp-content\/uploads\/2022\/08\/Zuidbroek-scaled-1-1024x682.jpg 1024w, https:\/\/profinrg.nl\/wp-content\/uploads\/2022\/08\/Zuidbroek-scaled-1-300x200.jpg 300w, https:\/\/profinrg.nl\/wp-content\/uploads\/2022\/08\/Zuidbroek-scaled-1-768x511.jpg 768w, https:\/\/profinrg.nl\/wp-content\/uploads\/2022\/08\/Zuidbroek-scaled-1.jpg 1229w\" sizes=\"(max-width: 800px) 100vw, 800px\" title=\"\"><\/div><\/a>\n\t\t\t\t<div class=\"elementor-post__text\">\n\t\t\t\t<h3 class=\"elementor-post__title\">\n\t\t\t<a href=\"https:\/\/profinrg.nl\/de\/zonnepark-zuidbroek-2\/\" >\n\t\t\t\tZonnepark Zuidbroek\t\t\t<\/a>\n\t\t<\/h3>\n\t\t\n\t\t<a class=\"elementor-post__read-more\" href=\"https:\/\/profinrg.nl\/de\/zonnepark-zuidbroek-2\/\" aria-label=\"Mehr \u00fcber Zonnepark Zuidbroek\" tabindex=\"-1\" >\n\t\t\tLees verder \u00bb\t\t<\/a>\n\n\t\t\t\t<\/div>\n\t\t\t\t<div class=\"elementor-post__meta-data\">\n\t\t\t\t\t<span class=\"elementor-post-date\">\n\t\t\t29 Juni 2023\t\t<\/span>\n\t\t\t\t<\/div>\n\t\t\t\t\t<\/div>\n\t\t<\/article>\n\t\t\t\t<article class=\"elementor-post elementor-grid-item post-34112 post type-post status-publish format-standard has-post-thumbnail hentry category-nieuws tag-duurzaamheid tag-duurzame-toekomst tag-duurzameenergie tag-profinrg tag-zonnepanelen\" role=\"listitem\">\n\t\t\t<div class=\"elementor-post__card\">\n\t\t\t\t<a class=\"elementor-post__thumbnail__link\" href=\"https:\/\/profinrg.nl\/de\/stone-base-en-h-swanenberg-uit-s-hertogenbosch-verduurzaamt\/\" tabindex=\"-1\" ><div class=\"elementor-post__thumbnail\"><img loading=\"lazy\" decoding=\"async\" width=\"754\" height=\"475\" src=\"https:\/\/profinrg.nl\/wp-content\/uploads\/2023\/08\/Stone-Base-en-Swanenberg.jpg\" class=\"attachment-large size-large wp-image-34113\" alt=\"Luchtfoto van zonnepanelen bij Stone Base en Swanenberg\" srcset=\"https:\/\/profinrg.nl\/wp-content\/uploads\/2023\/08\/Stone-Base-en-Swanenberg.jpg 754w, https:\/\/profinrg.nl\/wp-content\/uploads\/2023\/08\/Stone-Base-en-Swanenberg-300x189.jpg 300w\" sizes=\"(max-width: 754px) 100vw, 754px\" title=\"\"><\/div><\/a>\n\t\t\t\t<div class=\"elementor-post__text\">\n\t\t\t\t<h3 class=\"elementor-post__title\">\n\t\t\t<a href=\"https:\/\/profinrg.nl\/de\/stone-base-en-h-swanenberg-uit-s-hertogenbosch-verduurzaamt\/\" >\n\t\t\t\tStone Base en H. Swanenberg uit &#8216;s-Hertogenbosch verduurzaamt\t\t\t<\/a>\n\t\t<\/h3>\n\t\t\n\t\t<a class=\"elementor-post__read-more\" href=\"https:\/\/profinrg.nl\/de\/stone-base-en-h-swanenberg-uit-s-hertogenbosch-verduurzaamt\/\" aria-label=\"Mehr \u00fcber Stone Base en H. Swanenberg uit &#8216;s-Hertogenbosch verduurzaamt\" tabindex=\"-1\" >\n\t\t\tLees verder \u00bb\t\t<\/a>\n\n\t\t\t\t<\/div>\n\t\t\t\t<div class=\"elementor-post__meta-data\">\n\t\t\t\t\t<span class=\"elementor-post-date\">\n\t\t\t15 Juni 2023\t\t<\/span>\n\t\t\t\t<\/div>\n\t\t\t\t\t<\/div>\n\t\t<\/article>\n\t\t\t\t<article class=\"elementor-post elementor-grid-item post-31960 post type-post status-publish format-standard has-post-thumbnail hentry category-nieuws tag-duurzameenergie tag-energietransitie tag-enschede tag-zonnepanelen tag-zonnepark\" role=\"listitem\">\n\t\t\t<div class=\"elementor-post__card\">\n\t\t\t\t<a class=\"elementor-post__thumbnail__link\" href=\"https:\/\/profinrg.nl\/de\/profinrg-start-3-projecten-in-enschede\/\" tabindex=\"-1\" ><div class=\"elementor-post__thumbnail\"><img loading=\"lazy\" decoding=\"async\" width=\"800\" height=\"360\" src=\"https:\/\/profinrg.nl\/wp-content\/uploads\/2023\/06\/5-5-23-1024x461.jpg\" class=\"attachment-large size-large wp-image-31961\" alt=\"Zonnepark Enschede\" srcset=\"https:\/\/profinrg.nl\/wp-content\/uploads\/2023\/06\/5-5-23-1024x461.jpg 1024w, https:\/\/profinrg.nl\/wp-content\/uploads\/2023\/06\/5-5-23-300x135.jpg 300w, https:\/\/profinrg.nl\/wp-content\/uploads\/2023\/06\/5-5-23-768x346.jpg 768w, https:\/\/profinrg.nl\/wp-content\/uploads\/2023\/06\/5-5-23.jpg 1275w\" sizes=\"(max-width: 800px) 100vw, 800px\" title=\"\"><\/div><\/a>\n\t\t\t\t<div class=\"elementor-post__text\">\n\t\t\t\t<h3 class=\"elementor-post__title\">\n\t\t\t<a href=\"https:\/\/profinrg.nl\/de\/profinrg-start-3-projecten-in-enschede\/\" >\n\t\t\t\tProfiNRG start 3 projecten in Enschede\t\t\t<\/a>\n\t\t<\/h3>\n\t\t\n\t\t<a class=\"elementor-post__read-more\" href=\"https:\/\/profinrg.nl\/de\/profinrg-start-3-projecten-in-enschede\/\" aria-label=\"Mehr \u00fcber ProfiNRG start 3 projecten in Enschede\" tabindex=\"-1\" >\n\t\t\tLees verder \u00bb\t\t<\/a>\n\n\t\t\t\t<\/div>\n\t\t\t\t<div class=\"elementor-post__meta-data\">\n\t\t\t\t\t<span class=\"elementor-post-date\">\n\t\t\t1 Juni 2023\t\t<\/span>\n\t\t\t\t<\/div>\n\t\t\t\t\t<\/div>\n\t\t<\/article>\n\t\t\t\t<article class=\"elementor-post elementor-grid-item post-31936 post type-post status-publish format-standard has-post-thumbnail hentry category-nieuws tag-energietransitie tag-scope-12 tag-solar tag-zon-op-dak tag-zonnepanelen\" role=\"listitem\">\n\t\t\t<div class=\"elementor-post__card\">\n\t\t\t\t<a class=\"elementor-post__thumbnail__link\" href=\"https:\/\/profinrg.nl\/de\/opgeleverd-dakproject-werkhoven\/\" tabindex=\"-1\" ><div class=\"elementor-post__thumbnail\"><img loading=\"lazy\" decoding=\"async\" width=\"800\" height=\"450\" src=\"https:\/\/profinrg.nl\/wp-content\/uploads\/2023\/05\/DJI_0511-1024x576.jpg\" class=\"attachment-large size-large wp-image-31949\" alt=\"openstellingsronde SDE++ 2024\" srcset=\"https:\/\/profinrg.nl\/wp-content\/uploads\/2023\/05\/DJI_0511-1024x576.jpg 1024w, https:\/\/profinrg.nl\/wp-content\/uploads\/2023\/05\/DJI_0511-300x169.jpg 300w, https:\/\/profinrg.nl\/wp-content\/uploads\/2023\/05\/DJI_0511-768x432.jpg 768w, https:\/\/profinrg.nl\/wp-content\/uploads\/2023\/05\/DJI_0511.jpg 1275w\" sizes=\"(max-width: 800px) 100vw, 800px\" title=\"\"><\/div><\/a>\n\t\t\t\t<div class=\"elementor-post__text\">\n\t\t\t\t<h3 class=\"elementor-post__title\">\n\t\t\t<a href=\"https:\/\/profinrg.nl\/de\/opgeleverd-dakproject-werkhoven\/\" >\n\t\t\t\tOpgeleverd: Dakproject Werkhoven\t\t\t<\/a>\n\t\t<\/h3>\n\t\t\n\t\t<a class=\"elementor-post__read-more\" href=\"https:\/\/profinrg.nl\/de\/opgeleverd-dakproject-werkhoven\/\" aria-label=\"Mehr \u00fcber Opgeleverd: Dakproject Werkhoven\" tabindex=\"-1\" >\n\t\t\tLees verder \u00bb\t\t<\/a>\n\n\t\t\t\t<\/div>\n\t\t\t\t<div class=\"elementor-post__meta-data\">\n\t\t\t\t\t<span class=\"elementor-post-date\">\n\t\t\t25 Mai 2023\t\t<\/span>\n\t\t\t\t<\/div>\n\t\t\t\t\t<\/div>\n\t\t<\/article>\n\t\t\t\t<article class=\"elementor-post elementor-grid-item post-30840 post type-post status-publish format-standard has-post-thumbnail hentry category-nieuws tag-duurzameenergie tag-energietransitie tag-solar tag-windpark tag-zonnepanelen tag-zonnepark\" role=\"listitem\">\n\t\t\t<div class=\"elementor-post__card\">\n\t\t\t\t<a class=\"elementor-post__thumbnail__link\" href=\"https:\/\/profinrg.nl\/de\/cable-pooling-zonnepark-langstraatzon\/\" tabindex=\"-1\" ><div class=\"elementor-post__thumbnail\"><img loading=\"lazy\" decoding=\"async\" width=\"800\" height=\"450\" src=\"https:\/\/profinrg.nl\/wp-content\/uploads\/2023\/01\/waalwijk-1024x576.jpg\" class=\"attachment-large size-large wp-image-30841\" alt=\"cable pooling Waalwijk\" srcset=\"https:\/\/profinrg.nl\/wp-content\/uploads\/2023\/01\/waalwijk-1024x576.jpg 1024w, https:\/\/profinrg.nl\/wp-content\/uploads\/2023\/01\/waalwijk-300x169.jpg 300w, https:\/\/profinrg.nl\/wp-content\/uploads\/2023\/01\/waalwijk-768x432.jpg 768w, https:\/\/profinrg.nl\/wp-content\/uploads\/2023\/01\/waalwijk.jpg 1275w\" sizes=\"(max-width: 800px) 100vw, 800px\" title=\"\"><\/div><\/a>\n\t\t\t\t<div class=\"elementor-post__text\">\n\t\t\t\t<h3 class=\"elementor-post__title\">\n\t\t\t<a href=\"https:\/\/profinrg.nl\/de\/cable-pooling-zonnepark-langstraatzon\/\" >\n\t\t\t\tCable Pooling Zonnepark Langstraat Zon in bedrijf genomen\t\t\t<\/a>\n\t\t<\/h3>\n\t\t\n\t\t<a class=\"elementor-post__read-more\" href=\"https:\/\/profinrg.nl\/de\/cable-pooling-zonnepark-langstraatzon\/\" aria-label=\"Mehr \u00fcber Cable Pooling Zonnepark Langstraat Zon in bedrijf genomen\" tabindex=\"-1\" >\n\t\t\tLees verder \u00bb\t\t<\/a>\n\n\t\t\t\t<\/div>\n\t\t\t\t<div class=\"elementor-post__meta-data\">\n\t\t\t\t\t<span class=\"elementor-post-date\">\n\t\t\t3 Januar 2023\t\t<\/span>\n\t\t\t\t<\/div>\n\t\t\t\t\t<\/div>\n\t\t<\/article>\n\t\t\t\t<article class=\"elementor-post elementor-grid-item post-30934 post type-post status-publish format-standard has-post-thumbnail hentry category-nieuws\" role=\"listitem\">\n\t\t\t<div class=\"elementor-post__card\">\n\t\t\t\t<a class=\"elementor-post__thumbnail__link\" href=\"https:\/\/profinrg.nl\/de\/investeringsanalyse-energietransitie-door-seo-economisch-onderzoek\/\" tabindex=\"-1\" ><div class=\"elementor-post__thumbnail\"><img loading=\"lazy\" decoding=\"async\" width=\"800\" height=\"860\" src=\"https:\/\/profinrg.nl\/wp-content\/uploads\/2023\/01\/Investeringsanalyse-energietransitie.jpeg\" class=\"attachment-large size-large wp-image-30937\" alt=\"Investeringsanalyse energietransitie\" srcset=\"https:\/\/profinrg.nl\/wp-content\/uploads\/2023\/01\/Investeringsanalyse-energietransitie.jpeg 800w, https:\/\/profinrg.nl\/wp-content\/uploads\/2023\/01\/Investeringsanalyse-energietransitie-279x300.jpeg 279w, https:\/\/profinrg.nl\/wp-content\/uploads\/2023\/01\/Investeringsanalyse-energietransitie-768x826.jpeg 768w\" sizes=\"(max-width: 800px) 100vw, 800px\" title=\"\"><\/div><\/a>\n\t\t\t\t<div class=\"elementor-post__text\">\n\t\t\t\t<h3 class=\"elementor-post__title\">\n\t\t\t<a href=\"https:\/\/profinrg.nl\/de\/investeringsanalyse-energietransitie-door-seo-economisch-onderzoek\/\" >\n\t\t\t\tProfiNRG 2e grootste in categorie Zonne-energie!\t\t\t<\/a>\n\t\t<\/h3>\n\t\t\n\t\t<a class=\"elementor-post__read-more\" href=\"https:\/\/profinrg.nl\/de\/investeringsanalyse-energietransitie-door-seo-economisch-onderzoek\/\" aria-label=\"Mehr \u00fcber ProfiNRG 2e grootste in categorie Zonne-energie!\" tabindex=\"-1\" >\n\t\t\tLees verder \u00bb\t\t<\/a>\n\n\t\t\t\t<\/div>\n\t\t\t\t<div class=\"elementor-post__meta-data\">\n\t\t\t\t\t<span class=\"elementor-post-date\">\n\t\t\t10 November 2022\t\t<\/span>\n\t\t\t\t<\/div>\n\t\t\t\t\t<\/div>\n\t\t<\/article>\n\t\t\t\t<article class=\"elementor-post elementor-grid-item post-27210 post type-post status-publish format-standard has-post-thumbnail hentry category-nieuws\" role=\"listitem\">\n\t\t\t<div class=\"elementor-post__card\">\n\t\t\t\t<a class=\"elementor-post__thumbnail__link\" href=\"https:\/\/profinrg.nl\/de\/profinrg-wil-leidende-rol-spelen-in-uitrol-grote-batterijsystemen\/\" tabindex=\"-1\" ><div class=\"elementor-post__thumbnail\"><img loading=\"lazy\" decoding=\"async\" width=\"800\" height=\"500\" src=\"https:\/\/profinrg.nl\/wp-content\/uploads\/2022\/08\/Batterijen-2880x1800-1-1024x640.jpg\" class=\"attachment-large size-large wp-image-25815\" alt=\"batterijen\" srcset=\"https:\/\/profinrg.nl\/wp-content\/uploads\/2022\/08\/Batterijen-2880x1800-1-1024x640.jpg 1024w, https:\/\/profinrg.nl\/wp-content\/uploads\/2022\/08\/Batterijen-2880x1800-1-300x188.jpg 300w, https:\/\/profinrg.nl\/wp-content\/uploads\/2022\/08\/Batterijen-2880x1800-1-768x480.jpg 768w, https:\/\/profinrg.nl\/wp-content\/uploads\/2022\/08\/Batterijen-2880x1800-1.jpg 1275w\" sizes=\"(max-width: 800px) 100vw, 800px\" title=\"\"><\/div><\/a>\n\t\t\t\t<div class=\"elementor-post__text\">\n\t\t\t\t<h3 class=\"elementor-post__title\">\n\t\t\t<a href=\"https:\/\/profinrg.nl\/de\/profinrg-wil-leidende-rol-spelen-in-uitrol-grote-batterijsystemen\/\" >\n\t\t\t\tProfiNRG wil leidende rol spelen in uitrol grote batterijsystemen\t\t\t<\/a>\n\t\t<\/h3>\n\t\t\n\t\t<a class=\"elementor-post__read-more\" href=\"https:\/\/profinrg.nl\/de\/profinrg-wil-leidende-rol-spelen-in-uitrol-grote-batterijsystemen\/\" aria-label=\"Mehr \u00fcber ProfiNRG wil leidende rol spelen in uitrol grote batterijsystemen\" tabindex=\"-1\" >\n\t\t\tLees verder \u00bb\t\t<\/a>\n\n\t\t\t\t<\/div>\n\t\t\t\t<div class=\"elementor-post__meta-data\">\n\t\t\t\t\t<span class=\"elementor-post-date\">\n\t\t\t12 Juli 2022\t\t<\/span>\n\t\t\t\t<\/div>\n\t\t\t\t\t<\/div>\n\t\t<\/article>\n\t\t\t\t<article class=\"elementor-post elementor-grid-item post-29074 post type-post status-publish format-standard has-post-thumbnail hentry category-nieuws\" role=\"listitem\">\n\t\t\t<div class=\"elementor-post__card\">\n\t\t\t\t<a class=\"elementor-post__thumbnail__link\" href=\"https:\/\/profinrg.nl\/de\/profinrg-viert-10-jarig-bestaan\/\" tabindex=\"-1\" ><div class=\"elementor-post__thumbnail\"><img loading=\"lazy\" decoding=\"async\" width=\"800\" height=\"534\" src=\"https:\/\/profinrg.nl\/wp-content\/uploads\/2022\/08\/0-3-1-1024x683.jpeg\" class=\"attachment-large size-large wp-image-29083\" alt=\"10 jarig jubileum profiNRG\" srcset=\"https:\/\/profinrg.nl\/wp-content\/uploads\/2022\/08\/0-3-1-1024x683.jpeg 1024w, https:\/\/profinrg.nl\/wp-content\/uploads\/2022\/08\/0-3-1-300x200.jpeg 300w, https:\/\/profinrg.nl\/wp-content\/uploads\/2022\/08\/0-3-1-768x512.jpeg 768w, https:\/\/profinrg.nl\/wp-content\/uploads\/2022\/08\/0-3-1.jpeg 1121w\" sizes=\"(max-width: 800px) 100vw, 800px\" title=\"\"><\/div><\/a>\n\t\t\t\t<div class=\"elementor-post__text\">\n\t\t\t\t<h3 class=\"elementor-post__title\">\n\t\t\t<a href=\"https:\/\/profinrg.nl\/de\/profinrg-viert-10-jarig-bestaan\/\" >\n\t\t\t\tProfiNRG viert 10 jarig bestaan\t\t\t<\/a>\n\t\t<\/h3>\n\t\t\n\t\t<a class=\"elementor-post__read-more\" href=\"https:\/\/profinrg.nl\/de\/profinrg-viert-10-jarig-bestaan\/\" aria-label=\"Mehr \u00fcber ProfiNRG viert 10 jarig bestaan\" tabindex=\"-1\" >\n\t\t\tLees verder \u00bb\t\t<\/a>\n\n\t\t\t\t<\/div>\n\t\t\t\t<div class=\"elementor-post__meta-data\">\n\t\t\t\t\t<span class=\"elementor-post-date\">\n\t\t\t24 Juni 2022\t\t<\/span>\n\t\t\t\t<\/div>\n\t\t\t\t\t<\/div>\n\t\t<\/article>\n\t\t\t\t<article class=\"elementor-post elementor-grid-item post-27204 post type-post status-publish format-standard has-post-thumbnail hentry category-nieuws\" role=\"listitem\">\n\t\t\t<div class=\"elementor-post__card\">\n\t\t\t\t<a class=\"elementor-post__thumbnail__link\" href=\"https:\/\/profinrg.nl\/de\/50-procent-netaansluiting-verplicht-in-sde\/\" tabindex=\"-1\" ><div class=\"elementor-post__thumbnail\"><img loading=\"lazy\" decoding=\"async\" width=\"800\" height=\"436\" src=\"https:\/\/profinrg.nl\/wp-content\/uploads\/2022\/05\/Cornelis-vrolijk.jpg\" class=\"attachment-large size-large wp-image-26983\" alt=\"Zonnepanelen op dak bij Cornelis Vrolijk in IJmuiden\" srcset=\"https:\/\/profinrg.nl\/wp-content\/uploads\/2022\/05\/Cornelis-vrolijk.jpg 936w, https:\/\/profinrg.nl\/wp-content\/uploads\/2022\/05\/Cornelis-vrolijk-300x163.jpg 300w, https:\/\/profinrg.nl\/wp-content\/uploads\/2022\/05\/Cornelis-vrolijk-768x418.jpg 768w\" sizes=\"(max-width: 800px) 100vw, 800px\" title=\"\"><\/div><\/a>\n\t\t\t\t<div class=\"elementor-post__text\">\n\t\t\t\t<h3 class=\"elementor-post__title\">\n\t\t\t<a href=\"https:\/\/profinrg.nl\/de\/50-procent-netaansluiting-verplicht-in-sde\/\" >\n\t\t\t\t50 procent netaansluiting verplicht in SDE++ : \u2018nog een complicatie erbij voor de businesscase\u2019\t\t\t<\/a>\n\t\t<\/h3>\n\t\t\n\t\t<a class=\"elementor-post__read-more\" href=\"https:\/\/profinrg.nl\/de\/50-procent-netaansluiting-verplicht-in-sde\/\" aria-label=\"Mehr \u00fcber 50 procent netaansluiting verplicht in SDE++ : \u2018nog een complicatie erbij voor de businesscase\u2019\" tabindex=\"-1\" >\n\t\t\tLees verder \u00bb\t\t<\/a>\n\n\t\t\t\t<\/div>\n\t\t\t\t<div class=\"elementor-post__meta-data\">\n\t\t\t\t\t<span class=\"elementor-post-date\">\n\t\t\t21 Juni 2022\t\t<\/span>\n\t\t\t\t<\/div>\n\t\t\t\t\t<\/div>\n\t\t<\/article>\n\t\t\t\t<article class=\"elementor-post elementor-grid-item post-27195 post type-post status-publish format-standard has-post-thumbnail hentry category-nieuws\" role=\"listitem\">\n\t\t\t<div class=\"elementor-post__card\">\n\t\t\t\t<a class=\"elementor-post__thumbnail__link\" href=\"https:\/\/profinrg.nl\/de\/profinrg-maakt-grootschalige-toepassing-zonnepanelen-op-kassen-mogelijk\/\" tabindex=\"-1\" ><div class=\"elementor-post__thumbnail\"><img loading=\"lazy\" decoding=\"async\" width=\"800\" height=\"534\" src=\"https:\/\/profinrg.nl\/wp-content\/uploads\/2022\/05\/DJI_0007-scaled-1-1024x683.jpg\" class=\"attachment-large size-large wp-image-26978\" alt=\"Luttelgeest kas\" srcset=\"https:\/\/profinrg.nl\/wp-content\/uploads\/2022\/05\/DJI_0007-scaled-1-1024x683.jpg 1024w, https:\/\/profinrg.nl\/wp-content\/uploads\/2022\/05\/DJI_0007-scaled-1-300x200.jpg 300w, https:\/\/profinrg.nl\/wp-content\/uploads\/2022\/05\/DJI_0007-scaled-1-768x512.jpg 768w, https:\/\/profinrg.nl\/wp-content\/uploads\/2022\/05\/DJI_0007-scaled-1.jpg 1275w\" sizes=\"(max-width: 800px) 100vw, 800px\" title=\"\"><\/div><\/a>\n\t\t\t\t<div class=\"elementor-post__text\">\n\t\t\t\t<h3 class=\"elementor-post__title\">\n\t\t\t<a href=\"https:\/\/profinrg.nl\/de\/profinrg-maakt-grootschalige-toepassing-zonnepanelen-op-kassen-mogelijk\/\" >\n\t\t\t\tProfiNRG maakt grootschalige toepassing zonnepanelen op kassen mogelijk\t\t\t<\/a>\n\t\t<\/h3>\n\t\t\n\t\t<a class=\"elementor-post__read-more\" href=\"https:\/\/profinrg.nl\/de\/profinrg-maakt-grootschalige-toepassing-zonnepanelen-op-kassen-mogelijk\/\" aria-label=\"Mehr \u00fcber ProfiNRG maakt grootschalige toepassing zonnepanelen op kassen mogelijk\" tabindex=\"-1\" >\n\t\t\tLees verder \u00bb\t\t<\/a>\n\n\t\t\t\t<\/div>\n\t\t\t\t<div class=\"elementor-post__meta-data\">\n\t\t\t\t\t<span class=\"elementor-post-date\">\n\t\t\t9 Juni 2022\t\t<\/span>\n\t\t\t\t<\/div>\n\t\t\t\t\t<\/div>\n\t\t<\/article>\n\t\t\t\t<article class=\"elementor-post elementor-grid-item post-27185 post type-post status-publish format-standard has-post-thumbnail hentry category-nieuws\" role=\"listitem\">\n\t\t\t<div class=\"elementor-post__card\">\n\t\t\t\t<a class=\"elementor-post__thumbnail__link\" href=\"https:\/\/profinrg.nl\/de\/water-door-zonne-energie-en-batterij-opslag-op-beer-sheba\/\" tabindex=\"-1\" ><div class=\"elementor-post__thumbnail\"><img loading=\"lazy\" decoding=\"async\" width=\"800\" height=\"600\" src=\"https:\/\/profinrg.nl\/wp-content\/uploads\/2022\/05\/BeerSheba.jpg\" class=\"attachment-large size-large wp-image-26972\" alt=\"Projectbezoek Senegal Beer Sheba\" srcset=\"https:\/\/profinrg.nl\/wp-content\/uploads\/2022\/05\/BeerSheba.jpg 1008w, https:\/\/profinrg.nl\/wp-content\/uploads\/2022\/05\/BeerSheba-300x225.jpg 300w, https:\/\/profinrg.nl\/wp-content\/uploads\/2022\/05\/BeerSheba-768x576.jpg 768w\" sizes=\"(max-width: 800px) 100vw, 800px\" title=\"\"><\/div><\/a>\n\t\t\t\t<div class=\"elementor-post__text\">\n\t\t\t\t<h3 class=\"elementor-post__title\">\n\t\t\t<a href=\"https:\/\/profinrg.nl\/de\/water-door-zonne-energie-en-batterij-opslag-op-beer-sheba\/\" >\n\t\t\t\tWater door zonne-energie en batterij-opslag op Beer Sheba\t\t\t<\/a>\n\t\t<\/h3>\n\t\t\n\t\t<a class=\"elementor-post__read-more\" href=\"https:\/\/profinrg.nl\/de\/water-door-zonne-energie-en-batterij-opslag-op-beer-sheba\/\" aria-label=\"Mehr \u00fcber Water door zonne-energie en batterij-opslag op Beer Sheba\" tabindex=\"-1\" >\n\t\t\tLees verder \u00bb\t\t<\/a>\n\n\t\t\t\t<\/div>\n\t\t\t\t<div class=\"elementor-post__meta-data\">\n\t\t\t\t\t<span class=\"elementor-post-date\">\n\t\t\t31 Mai 2022\t\t<\/span>\n\t\t\t\t<\/div>\n\t\t\t\t\t<\/div>\n\t\t<\/article>\n\t\t\t\t<article class=\"elementor-post elementor-grid-item post-22958 post type-post status-publish format-standard has-post-thumbnail hentry category-nieuws tag-duurzaamheid tag-duurzameenergie tag-energietransitie tag-onderhoud tag-profinrg tag-sde-subsidie-2 tag-solar tag-zonnepanelen\" role=\"listitem\">\n\t\t\t<div class=\"elementor-post__card\">\n\t\t\t\t<a class=\"elementor-post__thumbnail__link\" href=\"https:\/\/profinrg.nl\/de\/het-begint-pas-echt-als-de-zonnepanelen-zijn-gelegd\/\" tabindex=\"-1\" ><div class=\"elementor-post__thumbnail\"><img loading=\"lazy\" decoding=\"async\" width=\"800\" height=\"600\" src=\"https:\/\/profinrg.nl\/wp-content\/uploads\/2022\/05\/Samenwerking-zonnigdak-klein.jpg\" class=\"attachment-large size-large wp-image-26947\" alt=\"Zonnepanelen op boeren dak zonnigdak\" srcset=\"https:\/\/profinrg.nl\/wp-content\/uploads\/2022\/05\/Samenwerking-zonnigdak-klein.jpg 992w, https:\/\/profinrg.nl\/wp-content\/uploads\/2022\/05\/Samenwerking-zonnigdak-klein-300x225.jpg 300w, https:\/\/profinrg.nl\/wp-content\/uploads\/2022\/05\/Samenwerking-zonnigdak-klein-768x576.jpg 768w\" sizes=\"(max-width: 800px) 100vw, 800px\" title=\"\"><\/div><\/a>\n\t\t\t\t<div class=\"elementor-post__text\">\n\t\t\t\t<h3 class=\"elementor-post__title\">\n\t\t\t<a href=\"https:\/\/profinrg.nl\/de\/het-begint-pas-echt-als-de-zonnepanelen-zijn-gelegd\/\" >\n\t\t\t\tEen mooi voorbeeld van de samenwerking met onze klant zonnigdak\t\t\t<\/a>\n\t\t<\/h3>\n\t\t\n\t\t<a class=\"elementor-post__read-more\" href=\"https:\/\/profinrg.nl\/de\/het-begint-pas-echt-als-de-zonnepanelen-zijn-gelegd\/\" aria-label=\"Mehr \u00fcber Een mooi voorbeeld van de samenwerking met onze klant zonnigdak\" tabindex=\"-1\" >\n\t\t\tLees verder \u00bb\t\t<\/a>\n\n\t\t\t\t<\/div>\n\t\t\t\t<div class=\"elementor-post__meta-data\">\n\t\t\t\t\t<span class=\"elementor-post-date\">\n\t\t\t17 Mai 2022\t\t<\/span>\n\t\t\t\t<\/div>\n\t\t\t\t\t<\/div>\n\t\t<\/article>\n\t\t\t\t<article class=\"elementor-post elementor-grid-item post-27171 post type-post status-publish format-standard has-post-thumbnail hentry category-nieuws\" role=\"listitem\">\n\t\t\t<div class=\"elementor-post__card\">\n\t\t\t\t<a class=\"elementor-post__thumbnail__link\" href=\"https:\/\/profinrg.nl\/de\/zonnepanelen-bedrijfsdak-ijmuiden\/\" tabindex=\"-1\" ><div class=\"elementor-post__thumbnail\"><img loading=\"lazy\" decoding=\"async\" width=\"800\" height=\"436\" src=\"https:\/\/profinrg.nl\/wp-content\/uploads\/2022\/05\/Cornelis-vrolijk.jpg\" class=\"attachment-large size-large wp-image-26983\" alt=\"Zonnepanelen op dak bij Cornelis Vrolijk in IJmuiden\" srcset=\"https:\/\/profinrg.nl\/wp-content\/uploads\/2022\/05\/Cornelis-vrolijk.jpg 936w, https:\/\/profinrg.nl\/wp-content\/uploads\/2022\/05\/Cornelis-vrolijk-300x163.jpg 300w, https:\/\/profinrg.nl\/wp-content\/uploads\/2022\/05\/Cornelis-vrolijk-768x418.jpg 768w\" sizes=\"(max-width: 800px) 100vw, 800px\" title=\"\"><\/div><\/a>\n\t\t\t\t<div class=\"elementor-post__text\">\n\t\t\t\t<h3 class=\"elementor-post__title\">\n\t\t\t<a href=\"https:\/\/profinrg.nl\/de\/zonnepanelen-bedrijfsdak-ijmuiden\/\" >\n\t\t\t\tZonnepanelen bedrijfsdak IJmuiden\t\t\t<\/a>\n\t\t<\/h3>\n\t\t\n\t\t<a class=\"elementor-post__read-more\" href=\"https:\/\/profinrg.nl\/de\/zonnepanelen-bedrijfsdak-ijmuiden\/\" aria-label=\"Mehr \u00fcber Zonnepanelen bedrijfsdak IJmuiden\" tabindex=\"-1\" >\n\t\t\tLees verder \u00bb\t\t<\/a>\n\n\t\t\t\t<\/div>\n\t\t\t\t<div class=\"elementor-post__meta-data\">\n\t\t\t\t\t<span class=\"elementor-post-date\">\n\t\t\t28 April 2022\t\t<\/span>\n\t\t\t\t<\/div>\n\t\t\t\t\t<\/div>\n\t\t<\/article>\n\t\t\t\t<article class=\"elementor-post elementor-grid-item post-27160 post type-post status-publish format-standard has-post-thumbnail hentry category-nieuws tag-duurzameenergie tag-energietransitie tag-profinrg tag-sde tag-sde-subsidie-2 tag-solar tag-zonnepanelen tag-zonnepark\" role=\"listitem\">\n\t\t\t<div class=\"elementor-post__card\">\n\t\t\t\t<a class=\"elementor-post__thumbnail__link\" href=\"https:\/\/profinrg.nl\/de\/zonnepanelen-bedrijfsdak-vianen\/\" tabindex=\"-1\" ><div class=\"elementor-post__thumbnail\"><img loading=\"lazy\" decoding=\"async\" width=\"800\" height=\"534\" src=\"https:\/\/profinrg.nl\/wp-content\/uploads\/2022\/05\/DJI_0484-scaled-1-1024x683.jpg\" class=\"attachment-large size-large wp-image-26973\" alt=\"Zonnepanelen op dak bij Miele\" srcset=\"https:\/\/profinrg.nl\/wp-content\/uploads\/2022\/05\/DJI_0484-scaled-1-1024x683.jpg 1024w, https:\/\/profinrg.nl\/wp-content\/uploads\/2022\/05\/DJI_0484-scaled-1-300x200.jpg 300w, https:\/\/profinrg.nl\/wp-content\/uploads\/2022\/05\/DJI_0484-scaled-1-768x512.jpg 768w, https:\/\/profinrg.nl\/wp-content\/uploads\/2022\/05\/DJI_0484-scaled-1.jpg 1275w\" sizes=\"(max-width: 800px) 100vw, 800px\" title=\"\"><\/div><\/a>\n\t\t\t\t<div class=\"elementor-post__text\">\n\t\t\t\t<h3 class=\"elementor-post__title\">\n\t\t\t<a href=\"https:\/\/profinrg.nl\/de\/zonnepanelen-bedrijfsdak-vianen\/\" >\n\t\t\t\tZonnepanelen bedrijfsdak Vianen\t\t\t<\/a>\n\t\t<\/h3>\n\t\t\n\t\t<a class=\"elementor-post__read-more\" href=\"https:\/\/profinrg.nl\/de\/zonnepanelen-bedrijfsdak-vianen\/\" aria-label=\"Mehr \u00fcber Zonnepanelen bedrijfsdak Vianen\" tabindex=\"-1\" >\n\t\t\tLees verder \u00bb\t\t<\/a>\n\n\t\t\t\t<\/div>\n\t\t\t\t<div class=\"elementor-post__meta-data\">\n\t\t\t\t\t<span class=\"elementor-post-date\">\n\t\t\t28 M\u00e4rz 2022\t\t<\/span>\n\t\t\t\t<\/div>\n\t\t\t\t\t<\/div>\n\t\t<\/article>\n\t\t\t\t<article class=\"elementor-post elementor-grid-item post-27147 post type-post status-publish format-standard has-post-thumbnail hentry category-nieuws tag-duurzaamheid tag-duurzame-toekomst tag-duurzameenergie tag-energietransitie tag-profinrg tag-sde tag-zonnepanelen tag-zonnepark\" role=\"listitem\">\n\t\t\t<div class=\"elementor-post__card\">\n\t\t\t\t<a class=\"elementor-post__thumbnail__link\" href=\"https:\/\/profinrg.nl\/de\/nederland-gaat-voor-groen\/\" tabindex=\"-1\" ><div class=\"elementor-post__thumbnail\"><img loading=\"lazy\" decoding=\"async\" width=\"800\" height=\"534\" src=\"https:\/\/profinrg.nl\/wp-content\/uploads\/2022\/08\/IMG_2291-1-scaled-1-1-1-1024x683.jpg\" class=\"attachment-large size-large wp-image-26252\" alt=\"Boeren gezin met zonnepanelen\" srcset=\"https:\/\/profinrg.nl\/wp-content\/uploads\/2022\/08\/IMG_2291-1-scaled-1-1-1-1024x683.jpg 1024w, https:\/\/profinrg.nl\/wp-content\/uploads\/2022\/08\/IMG_2291-1-scaled-1-1-1-300x200.jpg 300w, https:\/\/profinrg.nl\/wp-content\/uploads\/2022\/08\/IMG_2291-1-scaled-1-1-1-768x512.jpg 768w, https:\/\/profinrg.nl\/wp-content\/uploads\/2022\/08\/IMG_2291-1-scaled-1-1-1.jpg 1275w\" sizes=\"(max-width: 800px) 100vw, 800px\" title=\"\"><\/div><\/a>\n\t\t\t\t<div class=\"elementor-post__text\">\n\t\t\t\t<h3 class=\"elementor-post__title\">\n\t\t\t<a href=\"https:\/\/profinrg.nl\/de\/nederland-gaat-voor-groen\/\" >\n\t\t\t\tNederland gaat voor groen\t\t\t<\/a>\n\t\t<\/h3>\n\t\t\n\t\t<a class=\"elementor-post__read-more\" href=\"https:\/\/profinrg.nl\/de\/nederland-gaat-voor-groen\/\" aria-label=\"Mehr \u00fcber Nederland gaat voor groen\" tabindex=\"-1\" >\n\t\t\tLees verder \u00bb\t\t<\/a>\n\n\t\t\t\t<\/div>\n\t\t\t\t<div class=\"elementor-post__meta-data\">\n\t\t\t\t\t<span class=\"elementor-post-date\">\n\t\t\t21 Februar 2022\t\t<\/span>\n\t\t\t\t<\/div>\n\t\t\t\t\t<\/div>\n\t\t<\/article>\n\t\t\t\t<article class=\"elementor-post elementor-grid-item post-27140 post type-post status-publish format-standard has-post-thumbnail hentry category-nieuws\" role=\"listitem\">\n\t\t\t<div class=\"elementor-post__card\">\n\t\t\t\t<a class=\"elementor-post__thumbnail__link\" href=\"https:\/\/profinrg.nl\/de\/zonnepark-vuilstort-bovenveld\/\" tabindex=\"-1\" ><div class=\"elementor-post__thumbnail\"><img loading=\"lazy\" decoding=\"async\" width=\"800\" height=\"400\" src=\"https:\/\/profinrg.nl\/wp-content\/uploads\/2022\/05\/Bovenveld-in-aanbouw-1024x512.jpg\" class=\"attachment-large size-large wp-image-26965\" alt=\"Zonnepark op vormalige stortplaats Rova Bovenveld\" srcset=\"https:\/\/profinrg.nl\/wp-content\/uploads\/2022\/05\/Bovenveld-in-aanbouw-1024x512.jpg 1024w, https:\/\/profinrg.nl\/wp-content\/uploads\/2022\/05\/Bovenveld-in-aanbouw-300x150.jpg 300w, https:\/\/profinrg.nl\/wp-content\/uploads\/2022\/05\/Bovenveld-in-aanbouw-768x384.jpg 768w, https:\/\/profinrg.nl\/wp-content\/uploads\/2022\/05\/Bovenveld-in-aanbouw.jpg 1275w\" sizes=\"(max-width: 800px) 100vw, 800px\" title=\"\"><\/div><\/a>\n\t\t\t\t<div class=\"elementor-post__text\">\n\t\t\t\t<h3 class=\"elementor-post__title\">\n\t\t\t<a href=\"https:\/\/profinrg.nl\/de\/zonnepark-vuilstort-bovenveld\/\" >\n\t\t\t\tZonnepark vuilstort Bovenveld\t\t\t<\/a>\n\t\t<\/h3>\n\t\t\n\t\t<a class=\"elementor-post__read-more\" href=\"https:\/\/profinrg.nl\/de\/zonnepark-vuilstort-bovenveld\/\" aria-label=\"Mehr \u00fcber Zonnepark vuilstort Bovenveld\" tabindex=\"-1\" >\n\t\t\tLees verder \u00bb\t\t<\/a>\n\n\t\t\t\t<\/div>\n\t\t\t\t<div class=\"elementor-post__meta-data\">\n\t\t\t\t\t<span class=\"elementor-post-date\">\n\t\t\t3 Februar 2022\t\t<\/span>\n\t\t\t\t<\/div>\n\t\t\t\t\t<\/div>\n\t\t<\/article>\n\t\t\t\t<article class=\"elementor-post elementor-grid-item post-27134 post type-post status-publish format-standard has-post-thumbnail hentry category-nieuws\" role=\"listitem\">\n\t\t\t<div class=\"elementor-post__card\">\n\t\t\t\t<a class=\"elementor-post__thumbnail__link\" href=\"https:\/\/profinrg.nl\/de\/afbouw-salderingsregeling-uitgesteld\/\" tabindex=\"-1\" ><div class=\"elementor-post__thumbnail\"><img loading=\"lazy\" decoding=\"async\" width=\"800\" height=\"534\" src=\"https:\/\/profinrg.nl\/wp-content\/uploads\/2022\/01\/IMG_8382-1024x683.jpg\" class=\"attachment-large size-large wp-image-30539\" alt=\"Monteren zonnepanelen, monteur\" srcset=\"https:\/\/profinrg.nl\/wp-content\/uploads\/2022\/01\/IMG_8382-1024x683.jpg 1024w, https:\/\/profinrg.nl\/wp-content\/uploads\/2022\/01\/IMG_8382-300x200.jpg 300w, https:\/\/profinrg.nl\/wp-content\/uploads\/2022\/01\/IMG_8382-768x512.jpg 768w, https:\/\/profinrg.nl\/wp-content\/uploads\/2022\/01\/IMG_8382.jpg 1275w\" sizes=\"(max-width: 800px) 100vw, 800px\" title=\"\"><\/div><\/a>\n\t\t\t\t<div class=\"elementor-post__text\">\n\t\t\t\t<h3 class=\"elementor-post__title\">\n\t\t\t<a href=\"https:\/\/profinrg.nl\/de\/afbouw-salderingsregeling-uitgesteld\/\" >\n\t\t\t\tAfbouw salderingsregeling uitgesteld\t\t\t<\/a>\n\t\t<\/h3>\n\t\t\n\t\t<a class=\"elementor-post__read-more\" href=\"https:\/\/profinrg.nl\/de\/afbouw-salderingsregeling-uitgesteld\/\" aria-label=\"Mehr \u00fcber Afbouw salderingsregeling uitgesteld\" tabindex=\"-1\" >\n\t\t\tLees verder \u00bb\t\t<\/a>\n\n\t\t\t\t<\/div>\n\t\t\t\t<div class=\"elementor-post__meta-data\">\n\t\t\t\t\t<span class=\"elementor-post-date\">\n\t\t\t24 Januar 2022\t\t<\/span>\n\t\t\t\t<\/div>\n\t\t\t\t\t<\/div>\n\t\t<\/article>\n\t\t\t\t<article class=\"elementor-post elementor-grid-item post-27122 post type-post status-publish format-standard has-post-thumbnail hentry category-nieuws\" role=\"listitem\">\n\t\t\t<div class=\"elementor-post__card\">\n\t\t\t\t<a class=\"elementor-post__thumbnail__link\" href=\"https:\/\/profinrg.nl\/de\/onze-projecten-2021\/\" tabindex=\"-1\" ><div class=\"elementor-post__thumbnail\"><img loading=\"lazy\" decoding=\"async\" width=\"800\" height=\"534\" src=\"https:\/\/profinrg.nl\/wp-content\/uploads\/2022\/05\/Aldi-Brusche-bewerkt-verkleind-1024x683.jpg\" class=\"attachment-large size-large wp-image-26969\" alt=\"Zonnepanelen installeren op dak Aldi\" srcset=\"https:\/\/profinrg.nl\/wp-content\/uploads\/2022\/05\/Aldi-Brusche-bewerkt-verkleind-1024x683.jpg 1024w, https:\/\/profinrg.nl\/wp-content\/uploads\/2022\/05\/Aldi-Brusche-bewerkt-verkleind-300x200.jpg 300w, https:\/\/profinrg.nl\/wp-content\/uploads\/2022\/05\/Aldi-Brusche-bewerkt-verkleind-768x512.jpg 768w, https:\/\/profinrg.nl\/wp-content\/uploads\/2022\/05\/Aldi-Brusche-bewerkt-verkleind.jpg 1149w\" sizes=\"(max-width: 800px) 100vw, 800px\" title=\"\"><\/div><\/a>\n\t\t\t\t<div class=\"elementor-post__text\">\n\t\t\t\t<h3 class=\"elementor-post__title\">\n\t\t\t<a href=\"https:\/\/profinrg.nl\/de\/onze-projecten-2021\/\" >\n\t\t\t\tOnze projecten 2021\t\t\t<\/a>\n\t\t<\/h3>\n\t\t\n\t\t<a class=\"elementor-post__read-more\" href=\"https:\/\/profinrg.nl\/de\/onze-projecten-2021\/\" aria-label=\"Mehr \u00fcber Onze projecten 2021\" tabindex=\"-1\" >\n\t\t\tLees verder \u00bb\t\t<\/a>\n\n\t\t\t\t<\/div>\n\t\t\t\t<div class=\"elementor-post__meta-data\">\n\t\t\t\t\t<span class=\"elementor-post-date\">\n\t\t\t27 Dezember 2021\t\t<\/span>\n\t\t\t\t<\/div>\n\t\t\t\t\t<\/div>\n\t\t<\/article>\n\t\t\t\t<article class=\"elementor-post elementor-grid-item post-27116 post type-post status-publish format-standard has-post-thumbnail hentry category-nieuws\" role=\"listitem\">\n\t\t\t<div class=\"elementor-post__card\">\n\t\t\t\t<a class=\"elementor-post__thumbnail__link\" href=\"https:\/\/profinrg.nl\/de\/profinrg-neemt-bedrijfsactiviteiten-advisolar-over\/\" tabindex=\"-1\" ><div class=\"elementor-post__thumbnail\"><img loading=\"lazy\" decoding=\"async\" width=\"800\" height=\"600\" src=\"https:\/\/profinrg.nl\/wp-content\/uploads\/2022\/05\/ProfiNRG-Advisolar4-scaled-1-1024x768.jpg\" class=\"attachment-large size-large wp-image-26981\" alt=\"Samenwerking met zonningdak\" srcset=\"https:\/\/profinrg.nl\/wp-content\/uploads\/2022\/05\/ProfiNRG-Advisolar4-scaled-1-1024x768.jpg 1024w, https:\/\/profinrg.nl\/wp-content\/uploads\/2022\/05\/ProfiNRG-Advisolar4-scaled-1-300x225.jpg 300w, https:\/\/profinrg.nl\/wp-content\/uploads\/2022\/05\/ProfiNRG-Advisolar4-scaled-1-768x576.jpg 768w, https:\/\/profinrg.nl\/wp-content\/uploads\/2022\/05\/ProfiNRG-Advisolar4-scaled-1.jpg 1275w\" sizes=\"(max-width: 800px) 100vw, 800px\" title=\"\"><\/div><\/a>\n\t\t\t\t<div class=\"elementor-post__text\">\n\t\t\t\t<h3 class=\"elementor-post__title\">\n\t\t\t<a href=\"https:\/\/profinrg.nl\/de\/profinrg-neemt-bedrijfsactiviteiten-advisolar-over\/\" >\n\t\t\t\tProfinrg neemt bedrijfsactiviteiten advisolar over\t\t\t<\/a>\n\t\t<\/h3>\n\t\t\n\t\t<a class=\"elementor-post__read-more\" href=\"https:\/\/profinrg.nl\/de\/profinrg-neemt-bedrijfsactiviteiten-advisolar-over\/\" aria-label=\"Mehr \u00fcber Profinrg neemt bedrijfsactiviteiten advisolar over\" tabindex=\"-1\" >\n\t\t\tLees verder \u00bb\t\t<\/a>\n\n\t\t\t\t<\/div>\n\t\t\t\t<div class=\"elementor-post__meta-data\">\n\t\t\t\t\t<span class=\"elementor-post-date\">\n\t\t\t23 Dezember 2021\t\t<\/span>\n\t\t\t\t<\/div>\n\t\t\t\t\t<\/div>\n\t\t<\/article>\n\t\t\t\t<article class=\"elementor-post elementor-grid-item post-27109 post type-post status-publish format-standard has-post-thumbnail hentry category-nieuws\" role=\"listitem\">\n\t\t\t<div class=\"elementor-post__card\">\n\t\t\t\t<a class=\"elementor-post__thumbnail__link\" href=\"https:\/\/profinrg.nl\/de\/nieuwe-regeerakkoord-omzien-naar-elkaar-vooruitkijken-naar-de-toekomst\/\" tabindex=\"-1\" ><div class=\"elementor-post__thumbnail\"><img loading=\"lazy\" decoding=\"async\" width=\"800\" height=\"534\" src=\"https:\/\/profinrg.nl\/wp-content\/uploads\/2022\/11\/IMG_8128-1024x683.jpg\" class=\"attachment-large size-large wp-image-30661\" alt=\"Zonnepark ProfiNRG\" srcset=\"https:\/\/profinrg.nl\/wp-content\/uploads\/2022\/11\/IMG_8128-1024x683.jpg 1024w, https:\/\/profinrg.nl\/wp-content\/uploads\/2022\/11\/IMG_8128-300x200.jpg 300w, https:\/\/profinrg.nl\/wp-content\/uploads\/2022\/11\/IMG_8128-768x512.jpg 768w, https:\/\/profinrg.nl\/wp-content\/uploads\/2022\/11\/IMG_8128.jpg 1080w\" sizes=\"(max-width: 800px) 100vw, 800px\" title=\"\"><\/div><\/a>\n\t\t\t\t<div class=\"elementor-post__text\">\n\t\t\t\t<h3 class=\"elementor-post__title\">\n\t\t\t<a href=\"https:\/\/profinrg.nl\/de\/nieuwe-regeerakkoord-omzien-naar-elkaar-vooruitkijken-naar-de-toekomst\/\" >\n\t\t\t\tNieuwe regeerakkoord: omzien naar elkaar, vooruitkijken naar de toekomst\t\t\t<\/a>\n\t\t<\/h3>\n\t\t\n\t\t<a class=\"elementor-post__read-more\" href=\"https:\/\/profinrg.nl\/de\/nieuwe-regeerakkoord-omzien-naar-elkaar-vooruitkijken-naar-de-toekomst\/\" aria-label=\"Mehr \u00fcber Nieuwe regeerakkoord: omzien naar elkaar, vooruitkijken naar de toekomst\" tabindex=\"-1\" >\n\t\t\tLees verder \u00bb\t\t<\/a>\n\n\t\t\t\t<\/div>\n\t\t\t\t<div class=\"elementor-post__meta-data\">\n\t\t\t\t\t<span class=\"elementor-post-date\">\n\t\t\t20 Dezember 2021\t\t<\/span>\n\t\t\t\t<\/div>\n\t\t\t\t\t<\/div>\n\t\t<\/article>\n\t\t\t\t<article class=\"elementor-post elementor-grid-item post-27100 post type-post status-publish format-standard has-post-thumbnail hentry category-nieuws\" role=\"listitem\">\n\t\t\t<div class=\"elementor-post__card\">\n\t\t\t\t<a class=\"elementor-post__thumbnail__link\" href=\"https:\/\/profinrg.nl\/de\/hollandsolar-presenteert-gedragscode-zon-op-daken\/\" tabindex=\"-1\" ><div class=\"elementor-post__thumbnail\"><img loading=\"lazy\" decoding=\"async\" width=\"800\" height=\"528\" src=\"https:\/\/profinrg.nl\/wp-content\/uploads\/2022\/05\/zonnepanelen-1024x676.jpg\" class=\"attachment-large size-large wp-image-26963\" alt=\"zonnepanelen\" srcset=\"https:\/\/profinrg.nl\/wp-content\/uploads\/2022\/05\/zonnepanelen-1024x676.jpg 1024w, https:\/\/profinrg.nl\/wp-content\/uploads\/2022\/05\/zonnepanelen-300x198.jpg 300w, https:\/\/profinrg.nl\/wp-content\/uploads\/2022\/05\/zonnepanelen-768x507.jpg 768w, https:\/\/profinrg.nl\/wp-content\/uploads\/2022\/05\/zonnepanelen.jpg 1275w\" sizes=\"(max-width: 800px) 100vw, 800px\" title=\"\"><\/div><\/a>\n\t\t\t\t<div class=\"elementor-post__text\">\n\t\t\t\t<h3 class=\"elementor-post__title\">\n\t\t\t<a href=\"https:\/\/profinrg.nl\/de\/hollandsolar-presenteert-gedragscode-zon-op-daken\/\" >\n\t\t\t\tHollandsolar presenteert gedragscode zon op daken\t\t\t<\/a>\n\t\t<\/h3>\n\t\t\n\t\t<a class=\"elementor-post__read-more\" href=\"https:\/\/profinrg.nl\/de\/hollandsolar-presenteert-gedragscode-zon-op-daken\/\" aria-label=\"Mehr \u00fcber Hollandsolar presenteert gedragscode zon op daken\" tabindex=\"-1\" >\n\t\t\tLees verder \u00bb\t\t<\/a>\n\n\t\t\t\t<\/div>\n\t\t\t\t<div class=\"elementor-post__meta-data\">\n\t\t\t\t\t<span class=\"elementor-post-date\">\n\t\t\t6 Dezember 2021\t\t<\/span>\n\t\t\t\t<\/div>\n\t\t\t\t\t<\/div>\n\t\t<\/article>\n\t\t\t\t<article class=\"elementor-post elementor-grid-item post-27088 post type-post status-publish format-standard has-post-thumbnail hentry category-nieuws\" role=\"listitem\">\n\t\t\t<div class=\"elementor-post__card\">\n\t\t\t\t<a class=\"elementor-post__thumbnail__link\" href=\"https:\/\/profinrg.nl\/de\/bouw-zonnepark-arnhem-van-start\/\" tabindex=\"-1\" ><div class=\"elementor-post__thumbnail\"><img loading=\"lazy\" decoding=\"async\" width=\"800\" height=\"509\" src=\"https:\/\/profinrg.nl\/wp-content\/uploads\/2022\/05\/Eerste-paal-Zonnepark-Koningspleij-Arnhem-foto-eigendom-Sunvest-Ontwikkeling-B.V.-1024x652.jpg\" class=\"attachment-large size-large wp-image-26979\" alt=\"Eerste paal slaan zonnepark Koningspleij\" srcset=\"https:\/\/profinrg.nl\/wp-content\/uploads\/2022\/05\/Eerste-paal-Zonnepark-Koningspleij-Arnhem-foto-eigendom-Sunvest-Ontwikkeling-B.V.-1024x652.jpg 1024w, https:\/\/profinrg.nl\/wp-content\/uploads\/2022\/05\/Eerste-paal-Zonnepark-Koningspleij-Arnhem-foto-eigendom-Sunvest-Ontwikkeling-B.V.-300x191.jpg 300w, https:\/\/profinrg.nl\/wp-content\/uploads\/2022\/05\/Eerste-paal-Zonnepark-Koningspleij-Arnhem-foto-eigendom-Sunvest-Ontwikkeling-B.V.-768x489.jpg 768w, https:\/\/profinrg.nl\/wp-content\/uploads\/2022\/05\/Eerste-paal-Zonnepark-Koningspleij-Arnhem-foto-eigendom-Sunvest-Ontwikkeling-B.V..jpg 1275w\" sizes=\"(max-width: 800px) 100vw, 800px\" title=\"\"><\/div><\/a>\n\t\t\t\t<div class=\"elementor-post__text\">\n\t\t\t\t<h3 class=\"elementor-post__title\">\n\t\t\t<a href=\"https:\/\/profinrg.nl\/de\/bouw-zonnepark-arnhem-van-start\/\" >\n\t\t\t\tBouw zonnepark Arnhem van start\t\t\t<\/a>\n\t\t<\/h3>\n\t\t\n\t\t<a class=\"elementor-post__read-more\" href=\"https:\/\/profinrg.nl\/de\/bouw-zonnepark-arnhem-van-start\/\" aria-label=\"Mehr \u00fcber Bouw zonnepark Arnhem van start\" tabindex=\"-1\" >\n\t\t\tLees verder \u00bb\t\t<\/a>\n\n\t\t\t\t<\/div>\n\t\t\t\t<div class=\"elementor-post__meta-data\">\n\t\t\t\t\t<span class=\"elementor-post-date\">\n\t\t\t23 November 2021\t\t<\/span>\n\t\t\t\t<\/div>\n\t\t\t\t\t<\/div>\n\t\t<\/article>\n\t\t\t\t<article class=\"elementor-post elementor-grid-item post-27079 post type-post status-publish format-standard has-post-thumbnail hentry category-nieuws\" role=\"listitem\">\n\t\t\t<div class=\"elementor-post__card\">\n\t\t\t\t<a class=\"elementor-post__thumbnail__link\" href=\"https:\/\/profinrg.nl\/de\/open-energiedag-11-september-kom-kijken-bij-zonnepark-langstraatzon\/\" tabindex=\"-1\" ><div class=\"elementor-post__thumbnail\"><img loading=\"lazy\" decoding=\"async\" width=\"800\" height=\"451\" src=\"https:\/\/profinrg.nl\/wp-content\/uploads\/2022\/05\/luchtfoto-Waalwijk-1-1024x577.jpg\" class=\"attachment-large size-large wp-image-26980\" alt=\"Start bouw Zonnepark Waalwijk\" srcset=\"https:\/\/profinrg.nl\/wp-content\/uploads\/2022\/05\/luchtfoto-Waalwijk-1-1024x577.jpg 1024w, https:\/\/profinrg.nl\/wp-content\/uploads\/2022\/05\/luchtfoto-Waalwijk-1-300x169.jpg 300w, https:\/\/profinrg.nl\/wp-content\/uploads\/2022\/05\/luchtfoto-Waalwijk-1-768x432.jpg 768w, https:\/\/profinrg.nl\/wp-content\/uploads\/2022\/05\/luchtfoto-Waalwijk-1.jpg 1275w\" sizes=\"(max-width: 800px) 100vw, 800px\" title=\"\"><\/div><\/a>\n\t\t\t\t<div class=\"elementor-post__text\">\n\t\t\t\t<h3 class=\"elementor-post__title\">\n\t\t\t<a href=\"https:\/\/profinrg.nl\/de\/open-energiedag-11-september-kom-kijken-bij-zonnepark-langstraatzon\/\" >\n\t\t\t\tOpen energiedag 11 september: kom kijken bij zonnepark langstraatzon\t\t\t<\/a>\n\t\t<\/h3>\n\t\t\n\t\t<a class=\"elementor-post__read-more\" href=\"https:\/\/profinrg.nl\/de\/open-energiedag-11-september-kom-kijken-bij-zonnepark-langstraatzon\/\" aria-label=\"Mehr \u00fcber Open energiedag 11 september: kom kijken bij zonnepark langstraatzon\" tabindex=\"-1\" >\n\t\t\tLees verder \u00bb\t\t<\/a>\n\n\t\t\t\t<\/div>\n\t\t\t\t<div class=\"elementor-post__meta-data\">\n\t\t\t\t\t<span class=\"elementor-post-date\">\n\t\t\t7 September 2021\t\t<\/span>\n\t\t\t\t<\/div>\n\t\t\t\t\t<\/div>\n\t\t<\/article>\n\t\t\t\t<article class=\"elementor-post elementor-grid-item post-27067 post type-post status-publish format-standard has-post-thumbnail hentry category-nieuws\" role=\"listitem\">\n\t\t\t<div class=\"elementor-post__card\">\n\t\t\t\t<a class=\"elementor-post__thumbnail__link\" href=\"https:\/\/profinrg.nl\/de\/profinrg-wint-solar-safety-award\/\" tabindex=\"-1\" ><div class=\"elementor-post__thumbnail\"><img loading=\"lazy\" decoding=\"async\" width=\"800\" height=\"466\" src=\"https:\/\/profinrg.nl\/wp-content\/uploads\/2022\/05\/Uitreiking-Solar-Safety-Award-15-07-2021-uitsnede.jpeg\" class=\"attachment-large size-large wp-image-26984\" alt=\"Omega Solar Safety Award in ontvangst genomen\" srcset=\"https:\/\/profinrg.nl\/wp-content\/uploads\/2022\/05\/Uitreiking-Solar-Safety-Award-15-07-2021-uitsnede.jpeg 1023w, https:\/\/profinrg.nl\/wp-content\/uploads\/2022\/05\/Uitreiking-Solar-Safety-Award-15-07-2021-uitsnede-300x175.jpeg 300w, https:\/\/profinrg.nl\/wp-content\/uploads\/2022\/05\/Uitreiking-Solar-Safety-Award-15-07-2021-uitsnede-768x447.jpeg 768w\" sizes=\"(max-width: 800px) 100vw, 800px\" title=\"\"><\/div><\/a>\n\t\t\t\t<div class=\"elementor-post__text\">\n\t\t\t\t<h3 class=\"elementor-post__title\">\n\t\t\t<a href=\"https:\/\/profinrg.nl\/de\/profinrg-wint-solar-safety-award\/\" >\n\t\t\t\tProfiNRG wint solar safety award\t\t\t<\/a>\n\t\t<\/h3>\n\t\t\n\t\t<a class=\"elementor-post__read-more\" href=\"https:\/\/profinrg.nl\/de\/profinrg-wint-solar-safety-award\/\" aria-label=\"Mehr \u00fcber ProfiNRG wint solar safety award\" tabindex=\"-1\" >\n\t\t\tLees verder \u00bb\t\t<\/a>\n\n\t\t\t\t<\/div>\n\t\t\t\t<div class=\"elementor-post__meta-data\">\n\t\t\t\t\t<span class=\"elementor-post-date\">\n\t\t\t16 Juli 2021\t\t<\/span>\n\t\t\t\t<\/div>\n\t\t\t\t\t<\/div>\n\t\t<\/article>\n\t\t\t\t<article class=\"elementor-post elementor-grid-item post-27049 post type-post status-publish format-standard has-post-thumbnail hentry category-nieuws\" role=\"listitem\">\n\t\t\t<div class=\"elementor-post__card\">\n\t\t\t\t<a class=\"elementor-post__thumbnail__link\" href=\"https:\/\/profinrg.nl\/de\/nieuw-leven-voor-broeikas-van-zonnewijzer-b-v\/\" tabindex=\"-1\" ><div class=\"elementor-post__thumbnail\"><img loading=\"lazy\" decoding=\"async\" width=\"800\" height=\"534\" src=\"https:\/\/profinrg.nl\/wp-content\/uploads\/2022\/05\/Zonnewijzer3-1024x683.jpg\" class=\"attachment-large size-large wp-image-26982\" alt=\"Luttelgeest kas\" srcset=\"https:\/\/profinrg.nl\/wp-content\/uploads\/2022\/05\/Zonnewijzer3-1024x683.jpg 1024w, https:\/\/profinrg.nl\/wp-content\/uploads\/2022\/05\/Zonnewijzer3-300x200.jpg 300w, https:\/\/profinrg.nl\/wp-content\/uploads\/2022\/05\/Zonnewijzer3-768x513.jpg 768w, https:\/\/profinrg.nl\/wp-content\/uploads\/2022\/05\/Zonnewijzer3.jpg 1275w\" sizes=\"(max-width: 800px) 100vw, 800px\" title=\"\"><\/div><\/a>\n\t\t\t\t<div class=\"elementor-post__text\">\n\t\t\t\t<h3 class=\"elementor-post__title\">\n\t\t\t<a href=\"https:\/\/profinrg.nl\/de\/nieuw-leven-voor-broeikas-van-zonnewijzer-b-v\/\" >\n\t\t\t\tNieuw leven voor broeikas van zonnewijzer B.V.\t\t\t<\/a>\n\t\t<\/h3>\n\t\t\n\t\t<a class=\"elementor-post__read-more\" href=\"https:\/\/profinrg.nl\/de\/nieuw-leven-voor-broeikas-van-zonnewijzer-b-v\/\" aria-label=\"Mehr \u00fcber Nieuw leven voor broeikas van zonnewijzer B.V.\" tabindex=\"-1\" >\n\t\t\tLees verder \u00bb\t\t<\/a>\n\n\t\t\t\t<\/div>\n\t\t\t\t<div class=\"elementor-post__meta-data\">\n\t\t\t\t\t<span class=\"elementor-post-date\">\n\t\t\t17 Juni 2021\t\t<\/span>\n\t\t\t\t<\/div>\n\t\t\t\t\t<\/div>\n\t\t<\/article>\n\t\t\t\t<article class=\"elementor-post elementor-grid-item post-27039 post type-post status-publish format-standard has-post-thumbnail hentry category-nieuws\" role=\"listitem\">\n\t\t\t<div class=\"elementor-post__card\">\n\t\t\t\t<a class=\"elementor-post__thumbnail__link\" href=\"https:\/\/profinrg.nl\/de\/profinrg-helpt-met-sde-2021-aanvraag\/\" tabindex=\"-1\" ><div class=\"elementor-post__thumbnail\"><img loading=\"lazy\" decoding=\"async\" width=\"800\" height=\"450\" src=\"https:\/\/profinrg.nl\/wp-content\/uploads\/2022\/05\/DJI_0420-scaled-1-1024x576.jpg\" class=\"attachment-large size-large wp-image-26970\" alt=\"Zonnepanelen bij bollenkweker\" srcset=\"https:\/\/profinrg.nl\/wp-content\/uploads\/2022\/05\/DJI_0420-scaled-1-1024x576.jpg 1024w, https:\/\/profinrg.nl\/wp-content\/uploads\/2022\/05\/DJI_0420-scaled-1-300x169.jpg 300w, https:\/\/profinrg.nl\/wp-content\/uploads\/2022\/05\/DJI_0420-scaled-1-768x432.jpg 768w, https:\/\/profinrg.nl\/wp-content\/uploads\/2022\/05\/DJI_0420-scaled-1.jpg 1275w\" sizes=\"(max-width: 800px) 100vw, 800px\" title=\"\"><\/div><\/a>\n\t\t\t\t<div class=\"elementor-post__text\">\n\t\t\t\t<h3 class=\"elementor-post__title\">\n\t\t\t<a href=\"https:\/\/profinrg.nl\/de\/profinrg-helpt-met-sde-2021-aanvraag\/\" >\n\t\t\t\tProfiNRG helpt met sde ++ 2021 aanvraag\t\t\t<\/a>\n\t\t<\/h3>\n\t\t\n\t\t<a class=\"elementor-post__read-more\" href=\"https:\/\/profinrg.nl\/de\/profinrg-helpt-met-sde-2021-aanvraag\/\" aria-label=\"Mehr \u00fcber ProfiNRG helpt met sde ++ 2021 aanvraag\" tabindex=\"-1\" >\n\t\t\tLees verder \u00bb\t\t<\/a>\n\n\t\t\t\t<\/div>\n\t\t\t\t<div class=\"elementor-post__meta-data\">\n\t\t\t\t\t<span class=\"elementor-post-date\">\n\t\t\t9 Juni 2021\t\t<\/span>\n\t\t\t\t<\/div>\n\t\t\t\t\t<\/div>\n\t\t<\/article>\n\t\t\t\t<article class=\"elementor-post elementor-grid-item post-27029 post type-post status-publish format-standard has-post-thumbnail hentry category-nieuws\" role=\"listitem\">\n\t\t\t<div class=\"elementor-post__card\">\n\t\t\t\t<a class=\"elementor-post__thumbnail__link\" href=\"https:\/\/profinrg.nl\/de\/netbeheerders-publiceren-landkaart-met-overzicht-transportcapaciteit-voor-zonne-energie\/\" tabindex=\"-1\" ><div class=\"elementor-post__thumbnail\"><img loading=\"lazy\" decoding=\"async\" width=\"800\" height=\"380\" src=\"https:\/\/profinrg.nl\/wp-content\/uploads\/2022\/05\/kaartje-netbeheerders-april-2021-1024x486.jpg\" class=\"attachment-large size-large wp-image-26974\" alt=\"Kaart van nederland\" srcset=\"https:\/\/profinrg.nl\/wp-content\/uploads\/2022\/05\/kaartje-netbeheerders-april-2021-1024x486.jpg 1024w, https:\/\/profinrg.nl\/wp-content\/uploads\/2022\/05\/kaartje-netbeheerders-april-2021-300x143.jpg 300w, https:\/\/profinrg.nl\/wp-content\/uploads\/2022\/05\/kaartje-netbeheerders-april-2021-768x365.jpg 768w, https:\/\/profinrg.nl\/wp-content\/uploads\/2022\/05\/kaartje-netbeheerders-april-2021.jpg 1280w\" sizes=\"(max-width: 800px) 100vw, 800px\" title=\"\"><\/div><\/a>\n\t\t\t\t<div class=\"elementor-post__text\">\n\t\t\t\t<h3 class=\"elementor-post__title\">\n\t\t\t<a href=\"https:\/\/profinrg.nl\/de\/netbeheerders-publiceren-landkaart-met-overzicht-transportcapaciteit-voor-zonne-energie\/\" >\n\t\t\t\tNetbeheerders publiceren landkaart met overzicht transportcapaciteit voor zonne-energie\t\t\t<\/a>\n\t\t<\/h3>\n\t\t\n\t\t<a class=\"elementor-post__read-more\" href=\"https:\/\/profinrg.nl\/de\/netbeheerders-publiceren-landkaart-met-overzicht-transportcapaciteit-voor-zonne-energie\/\" aria-label=\"Mehr \u00fcber Netbeheerders publiceren landkaart met overzicht transportcapaciteit voor zonne-energie\" tabindex=\"-1\" >\n\t\t\tLees verder \u00bb\t\t<\/a>\n\n\t\t\t\t<\/div>\n\t\t\t\t<div class=\"elementor-post__meta-data\">\n\t\t\t\t\t<span class=\"elementor-post-date\">\n\t\t\t28 April 2021\t\t<\/span>\n\t\t\t\t<\/div>\n\t\t\t\t\t<\/div>\n\t\t<\/article>\n\t\t\t\t<article class=\"elementor-post elementor-grid-item post-27023 post type-post status-publish format-standard has-post-thumbnail hentry category-nieuws\" role=\"listitem\">\n\t\t\t<div class=\"elementor-post__card\">\n\t\t\t\t<a class=\"elementor-post__thumbnail__link\" href=\"https:\/\/profinrg.nl\/de\/is-waterstof-het-gouden-ei-voor-de-energietransitie\/\" tabindex=\"-1\" ><div class=\"elementor-post__thumbnail\"><img loading=\"lazy\" decoding=\"async\" width=\"800\" height=\"997\" src=\"https:\/\/profinrg.nl\/wp-content\/uploads\/2022\/05\/Inbedrijfstelling-electrolyser-op-locatie-door-Bert-van-Woudenberg-Directeur-ProfiNRG-scaled-e1647346175807-822x1024.jpg\" class=\"attachment-large size-large wp-image-26964\" alt=\"Electrolyser aansluiten op waterstof project\" srcset=\"https:\/\/profinrg.nl\/wp-content\/uploads\/2022\/05\/Inbedrijfstelling-electrolyser-op-locatie-door-Bert-van-Woudenberg-Directeur-ProfiNRG-scaled-e1647346175807-822x1024.jpg 822w, https:\/\/profinrg.nl\/wp-content\/uploads\/2022\/05\/Inbedrijfstelling-electrolyser-op-locatie-door-Bert-van-Woudenberg-Directeur-ProfiNRG-scaled-e1647346175807-241x300.jpg 241w, https:\/\/profinrg.nl\/wp-content\/uploads\/2022\/05\/Inbedrijfstelling-electrolyser-op-locatie-door-Bert-van-Woudenberg-Directeur-ProfiNRG-scaled-e1647346175807-768x957.jpg 768w, https:\/\/profinrg.nl\/wp-content\/uploads\/2022\/05\/Inbedrijfstelling-electrolyser-op-locatie-door-Bert-van-Woudenberg-Directeur-ProfiNRG-scaled-e1647346175807.jpg 1023w\" sizes=\"(max-width: 800px) 100vw, 800px\" title=\"\"><\/div><\/a>\n\t\t\t\t<div class=\"elementor-post__text\">\n\t\t\t\t<h3 class=\"elementor-post__title\">\n\t\t\t<a href=\"https:\/\/profinrg.nl\/de\/is-waterstof-het-gouden-ei-voor-de-energietransitie\/\" >\n\t\t\t\tIs waterstof het gouden ei voor de energietransitie?\t\t\t<\/a>\n\t\t<\/h3>\n\t\t\n\t\t<a class=\"elementor-post__read-more\" href=\"https:\/\/profinrg.nl\/de\/is-waterstof-het-gouden-ei-voor-de-energietransitie\/\" aria-label=\"Mehr \u00fcber Is waterstof het gouden ei voor de energietransitie?\" tabindex=\"-1\" >\n\t\t\tLees verder \u00bb\t\t<\/a>\n\n\t\t\t\t<\/div>\n\t\t\t\t<div class=\"elementor-post__meta-data\">\n\t\t\t\t\t<span class=\"elementor-post-date\">\n\t\t\t15 M\u00e4rz 2021\t\t<\/span>\n\t\t\t\t<\/div>\n\t\t\t\t\t<\/div>\n\t\t<\/article>\n\t\t\t\t<article class=\"elementor-post elementor-grid-item post-27017 post type-post status-publish format-standard has-post-thumbnail hentry category-nieuws\" role=\"listitem\">\n\t\t\t<div class=\"elementor-post__card\">\n\t\t\t\t<a class=\"elementor-post__thumbnail__link\" href=\"https:\/\/profinrg.nl\/de\/hoe-werkt-zonne-energie\/\" tabindex=\"-1\" ><div class=\"elementor-post__thumbnail\"><img loading=\"lazy\" decoding=\"async\" width=\"800\" height=\"439\" src=\"https:\/\/profinrg.nl\/wp-content\/uploads\/2022\/05\/uitleg-zonnestroom-1-1024x562.jpg\" class=\"attachment-large size-large wp-image-26975\" alt=\"grafiek gelijkstroom en wisselstroom\" srcset=\"https:\/\/profinrg.nl\/wp-content\/uploads\/2022\/05\/uitleg-zonnestroom-1-1024x562.jpg 1024w, https:\/\/profinrg.nl\/wp-content\/uploads\/2022\/05\/uitleg-zonnestroom-1-300x165.jpg 300w, https:\/\/profinrg.nl\/wp-content\/uploads\/2022\/05\/uitleg-zonnestroom-1-768x421.jpg 768w, https:\/\/profinrg.nl\/wp-content\/uploads\/2022\/05\/uitleg-zonnestroom-1.jpg 1240w\" sizes=\"(max-width: 800px) 100vw, 800px\" title=\"\"><\/div><\/a>\n\t\t\t\t<div class=\"elementor-post__text\">\n\t\t\t\t<h3 class=\"elementor-post__title\">\n\t\t\t<a href=\"https:\/\/profinrg.nl\/de\/hoe-werkt-zonne-energie\/\" >\n\t\t\t\tZonne-energie, hoe werkt dat eigenlijk? informatief fimpje voor en door kinderen\t\t\t<\/a>\n\t\t<\/h3>\n\t\t\n\t\t<a class=\"elementor-post__read-more\" href=\"https:\/\/profinrg.nl\/de\/hoe-werkt-zonne-energie\/\" aria-label=\"Mehr \u00fcber Zonne-energie, hoe werkt dat eigenlijk? informatief fimpje voor en door kinderen\" tabindex=\"-1\" >\n\t\t\tLees verder \u00bb\t\t<\/a>\n\n\t\t\t\t<\/div>\n\t\t\t\t<div class=\"elementor-post__meta-data\">\n\t\t\t\t\t<span class=\"elementor-post-date\">\n\t\t\t1 Februar 2021\t\t<\/span>\n\t\t\t\t<\/div>\n\t\t\t\t\t<\/div>\n\t\t<\/article>\n\t\t\t\t<article class=\"elementor-post elementor-grid-item post-27011 post type-post status-publish format-standard has-post-thumbnail hentry category-nieuws\" role=\"listitem\">\n\t\t\t<div class=\"elementor-post__card\">\n\t\t\t\t<a class=\"elementor-post__thumbnail__link\" href=\"https:\/\/profinrg.nl\/de\/rova-opent-zonnepark-bovenveld-een-uitdagend-project-door-het-glooiende-terrein\/\" tabindex=\"-1\" ><div class=\"elementor-post__thumbnail\"><img loading=\"lazy\" decoding=\"async\" width=\"800\" height=\"400\" src=\"https:\/\/profinrg.nl\/wp-content\/uploads\/2022\/05\/Bovenveld-in-aanbouw-1024x512.jpg\" class=\"attachment-large size-large wp-image-26965\" alt=\"Zonnepark op vormalige stortplaats Rova Bovenveld\" srcset=\"https:\/\/profinrg.nl\/wp-content\/uploads\/2022\/05\/Bovenveld-in-aanbouw-1024x512.jpg 1024w, https:\/\/profinrg.nl\/wp-content\/uploads\/2022\/05\/Bovenveld-in-aanbouw-300x150.jpg 300w, https:\/\/profinrg.nl\/wp-content\/uploads\/2022\/05\/Bovenveld-in-aanbouw-768x384.jpg 768w, https:\/\/profinrg.nl\/wp-content\/uploads\/2022\/05\/Bovenveld-in-aanbouw.jpg 1275w\" sizes=\"(max-width: 800px) 100vw, 800px\" title=\"\"><\/div><\/a>\n\t\t\t\t<div class=\"elementor-post__text\">\n\t\t\t\t<h3 class=\"elementor-post__title\">\n\t\t\t<a href=\"https:\/\/profinrg.nl\/de\/rova-opent-zonnepark-bovenveld-een-uitdagend-project-door-het-glooiende-terrein\/\" >\n\t\t\t\tRova opent zonnepark bovenveld \u2013 een uitdagend project door het glooiende terrein\t\t\t<\/a>\n\t\t<\/h3>\n\t\t\n\t\t<a class=\"elementor-post__read-more\" href=\"https:\/\/profinrg.nl\/de\/rova-opent-zonnepark-bovenveld-een-uitdagend-project-door-het-glooiende-terrein\/\" aria-label=\"Mehr \u00fcber Rova opent zonnepark bovenveld \u2013 een uitdagend project door het glooiende terrein\" tabindex=\"-1\" >\n\t\t\tLees verder \u00bb\t\t<\/a>\n\n\t\t\t\t<\/div>\n\t\t\t\t<div class=\"elementor-post__meta-data\">\n\t\t\t\t\t<span class=\"elementor-post-date\">\n\t\t\t14 Dezember 2020\t\t<\/span>\n\t\t\t\t<\/div>\n\t\t\t\t\t<\/div>\n\t\t<\/article>\n\t\t\t\t<article class=\"elementor-post elementor-grid-item post-27002 post type-post status-publish format-standard has-post-thumbnail hentry category-nieuws\" role=\"listitem\">\n\t\t\t<div class=\"elementor-post__card\">\n\t\t\t\t<a class=\"elementor-post__thumbnail__link\" href=\"https:\/\/profinrg.nl\/de\/zelfvoorzienend-tankstation-voor-groene-waterstof\/\" tabindex=\"-1\" ><div class=\"elementor-post__thumbnail\"><img loading=\"lazy\" decoding=\"async\" width=\"800\" height=\"532\" src=\"https:\/\/profinrg.nl\/wp-content\/uploads\/2022\/05\/Werkgroep-waterstof-Lage-Weide-scaled-1-1024x681.jpg\" class=\"attachment-large size-large wp-image-26976\" alt=\"Werkgroep waterstof lageweide\" srcset=\"https:\/\/profinrg.nl\/wp-content\/uploads\/2022\/05\/Werkgroep-waterstof-Lage-Weide-scaled-1-1024x681.jpg 1024w, https:\/\/profinrg.nl\/wp-content\/uploads\/2022\/05\/Werkgroep-waterstof-Lage-Weide-scaled-1-300x200.jpg 300w, https:\/\/profinrg.nl\/wp-content\/uploads\/2022\/05\/Werkgroep-waterstof-Lage-Weide-scaled-1-768x511.jpg 768w, https:\/\/profinrg.nl\/wp-content\/uploads\/2022\/05\/Werkgroep-waterstof-Lage-Weide-scaled-1.jpg 1275w\" sizes=\"(max-width: 800px) 100vw, 800px\" title=\"\"><\/div><\/a>\n\t\t\t\t<div class=\"elementor-post__text\">\n\t\t\t\t<h3 class=\"elementor-post__title\">\n\t\t\t<a href=\"https:\/\/profinrg.nl\/de\/zelfvoorzienend-tankstation-voor-groene-waterstof\/\" >\n\t\t\t\tZelfvoorzienend tankstation voor groene waterstof\t\t\t<\/a>\n\t\t<\/h3>\n\t\t\n\t\t<a class=\"elementor-post__read-more\" href=\"https:\/\/profinrg.nl\/de\/zelfvoorzienend-tankstation-voor-groene-waterstof\/\" aria-label=\"Mehr \u00fcber Zelfvoorzienend tankstation voor groene waterstof\" tabindex=\"-1\" >\n\t\t\tLees verder \u00bb\t\t<\/a>\n\n\t\t\t\t<\/div>\n\t\t\t\t<div class=\"elementor-post__meta-data\">\n\t\t\t\t\t<span class=\"elementor-post-date\">\n\t\t\t10 Dezember 2020\t\t<\/span>\n\t\t\t\t<\/div>\n\t\t\t\t\t<\/div>\n\t\t<\/article>\n\t\t\t\t<article class=\"elementor-post elementor-grid-item post-27000 post type-post status-publish format-standard has-post-thumbnail hentry category-nieuws\" role=\"listitem\">\n\t\t\t<div class=\"elementor-post__card\">\n\t\t\t\t<a class=\"elementor-post__thumbnail__link\" href=\"https:\/\/profinrg.nl\/de\/profinrg-genomineerd-voor-de-fd-gazellen-award\/\" tabindex=\"-1\" ><div class=\"elementor-post__thumbnail\"><img loading=\"lazy\" decoding=\"async\" width=\"800\" height=\"420\" src=\"https:\/\/profinrg.nl\/wp-content\/uploads\/2022\/05\/FD_Gazellen_1200x630_zondersponsor-1024x538.jpg\" class=\"attachment-large size-large wp-image-26967\" alt=\"Profinrg genomineerd voor de fd gazelle award!\" srcset=\"https:\/\/profinrg.nl\/wp-content\/uploads\/2022\/05\/FD_Gazellen_1200x630_zondersponsor-1024x538.jpg 1024w, https:\/\/profinrg.nl\/wp-content\/uploads\/2022\/05\/FD_Gazellen_1200x630_zondersponsor-300x158.jpg 300w, https:\/\/profinrg.nl\/wp-content\/uploads\/2022\/05\/FD_Gazellen_1200x630_zondersponsor-768x403.jpg 768w, https:\/\/profinrg.nl\/wp-content\/uploads\/2022\/05\/FD_Gazellen_1200x630_zondersponsor.jpg 1200w\" sizes=\"(max-width: 800px) 100vw, 800px\" title=\"\"><\/div><\/a>\n\t\t\t\t<div class=\"elementor-post__text\">\n\t\t\t\t<h3 class=\"elementor-post__title\">\n\t\t\t<a href=\"https:\/\/profinrg.nl\/de\/profinrg-genomineerd-voor-de-fd-gazellen-award\/\" >\n\t\t\t\tProfinrg genomineerd voor de fd gazelle award!\t\t\t<\/a>\n\t\t<\/h3>\n\t\t\n\t\t<a class=\"elementor-post__read-more\" href=\"https:\/\/profinrg.nl\/de\/profinrg-genomineerd-voor-de-fd-gazellen-award\/\" aria-label=\"Mehr \u00fcber Profinrg genomineerd voor de fd gazelle award!\" tabindex=\"-1\" >\n\t\t\tLees verder \u00bb\t\t<\/a>\n\n\t\t\t\t<\/div>\n\t\t\t\t<div class=\"elementor-post__meta-data\">\n\t\t\t\t\t<span class=\"elementor-post-date\">\n\t\t\t28 Oktober 2020\t\t<\/span>\n\t\t\t\t<\/div>\n\t\t\t\t\t<\/div>\n\t\t<\/article>\n\t\t\t\t<article class=\"elementor-post elementor-grid-item post-26994 post type-post status-publish format-standard has-post-thumbnail hentry category-nieuws\" role=\"listitem\">\n\t\t\t<div class=\"elementor-post__card\">\n\t\t\t\t<a class=\"elementor-post__thumbnail__link\" href=\"https:\/\/profinrg.nl\/de\/constructie-voor-zon-op-kas\/\" tabindex=\"-1\" ><div class=\"elementor-post__thumbnail\"><img loading=\"lazy\" decoding=\"async\" width=\"800\" height=\"600\" src=\"https:\/\/profinrg.nl\/wp-content\/uploads\/2022\/05\/1.jpg\" class=\"attachment-large size-large wp-image-26977\" alt=\"Zon op kas\" srcset=\"https:\/\/profinrg.nl\/wp-content\/uploads\/2022\/05\/1.jpg 800w, https:\/\/profinrg.nl\/wp-content\/uploads\/2022\/05\/1-300x225.jpg 300w, https:\/\/profinrg.nl\/wp-content\/uploads\/2022\/05\/1-768x576.jpg 768w\" sizes=\"(max-width: 800px) 100vw, 800px\" title=\"\"><\/div><\/a>\n\t\t\t\t<div class=\"elementor-post__text\">\n\t\t\t\t<h3 class=\"elementor-post__title\">\n\t\t\t<a href=\"https:\/\/profinrg.nl\/de\/constructie-voor-zon-op-kas\/\" >\n\t\t\t\tConstructie voor zon op kas\t\t\t<\/a>\n\t\t<\/h3>\n\t\t\n\t\t<a class=\"elementor-post__read-more\" href=\"https:\/\/profinrg.nl\/de\/constructie-voor-zon-op-kas\/\" aria-label=\"Mehr \u00fcber Constructie voor zon op kas\" tabindex=\"-1\" >\n\t\t\tLees verder \u00bb\t\t<\/a>\n\n\t\t\t\t<\/div>\n\t\t\t\t<div class=\"elementor-post__meta-data\">\n\t\t\t\t\t<span class=\"elementor-post-date\">\n\t\t\t28 Oktober 2020\t\t<\/span>\n\t\t\t\t<\/div>\n\t\t\t\t\t<\/div>\n\t\t<\/article>\n\t\t\t\t<article class=\"elementor-post elementor-grid-item post-26986 post type-post status-publish format-standard has-post-thumbnail hentry category-nieuws\" role=\"listitem\">\n\t\t\t<div class=\"elementor-post__card\">\n\t\t\t\t<a class=\"elementor-post__thumbnail__link\" href=\"https:\/\/profinrg.nl\/de\/profinrg-heeft-weer-een-nieuw-zonnepark-gebouwd\/\" tabindex=\"-1\" ><div class=\"elementor-post__thumbnail\"><img loading=\"lazy\" decoding=\"async\" width=\"800\" height=\"321\" src=\"https:\/\/profinrg.nl\/wp-content\/uploads\/2022\/05\/Zutphen-opening-1024x411.jpg\" class=\"attachment-large size-large wp-image-26985\" alt=\"Opening zonnepark Zonnestroom Zutphen\" srcset=\"https:\/\/profinrg.nl\/wp-content\/uploads\/2022\/05\/Zutphen-opening-1024x411.jpg 1024w, https:\/\/profinrg.nl\/wp-content\/uploads\/2022\/05\/Zutphen-opening-300x121.jpg 300w, https:\/\/profinrg.nl\/wp-content\/uploads\/2022\/05\/Zutphen-opening-768x309.jpg 768w, https:\/\/profinrg.nl\/wp-content\/uploads\/2022\/05\/Zutphen-opening.jpg 1170w\" sizes=\"(max-width: 800px) 100vw, 800px\" title=\"\"><\/div><\/a>\n\t\t\t\t<div class=\"elementor-post__text\">\n\t\t\t\t<h3 class=\"elementor-post__title\">\n\t\t\t<a href=\"https:\/\/profinrg.nl\/de\/profinrg-heeft-weer-een-nieuw-zonnepark-gebouwd\/\" >\n\t\t\t\tProfinrg heeft weer een nieuw zonnepark gebouwd!\t\t\t<\/a>\n\t\t<\/h3>\n\t\t\n\t\t<a class=\"elementor-post__read-more\" href=\"https:\/\/profinrg.nl\/de\/profinrg-heeft-weer-een-nieuw-zonnepark-gebouwd\/\" aria-label=\"Mehr \u00fcber Profinrg heeft weer een nieuw zonnepark gebouwd!\" tabindex=\"-1\" >\n\t\t\tLees verder \u00bb\t\t<\/a>\n\n\t\t\t\t<\/div>\n\t\t\t\t<div class=\"elementor-post__meta-data\">\n\t\t\t\t\t<span class=\"elementor-post-date\">\n\t\t\t15 Oktober 2020\t\t<\/span>\n\t\t\t\t<\/div>\n\t\t\t\t\t<\/div>\n\t\t<\/article>\n\t\t\t\t<\/div>\n\t\t\n\t\t\t\t\t\t<\/div>\n\t\t\t\t<\/div>\n\t\t\t\t\t<\/div>\n\t\t<\/div>\n\t\t\t\t\t<\/div>\n\t\t<\/section>\n\t\t\t\t<section class=\"elementor-section elementor-top-section elementor-element elementor-element-91c1cfb elementor-section-boxed elementor-section-height-default elementor-section-height-default\" data-id=\"91c1cfb\" data-element_type=\"section\" data-e-type=\"section\">\n\t\t\t\t\t\t<div class=\"elementor-container elementor-column-gap-default\">\n\t\t\t\t\t<div class=\"elementor-column elementor-col-100 elementor-top-column elementor-element elementor-element-859f054\" data-id=\"859f054\" data-element_type=\"column\" data-e-type=\"column\">\n\t\t\t<div class=\"elementor-widget-wrap elementor-element-populated\">\n\t\t\t\t\t\t<div class=\"elementor-element elementor-element-e3c5ba8 elementor-widget elementor-widget-spacer\" data-id=\"e3c5ba8\" data-element_type=\"widget\" data-e-type=\"widget\" data-widget_type=\"spacer.default\">\n\t\t\t\t<div class=\"elementor-widget-container\">\n\t\t\t\t\t\t\t<div class=\"elementor-spacer\">\n\t\t\t<div class=\"elementor-spacer-inner\"><\/div>\n\t\t<\/div>\n\t\t\t\t\t\t<\/div>\n\t\t\t\t<\/div>\n\t\t\t\t\t<\/div>\n\t\t<\/div>\n\t\t\t\t\t<\/div>\n\t\t<\/section>\n\t\t\t\t<\/div>\n\t\t","protected":false},"excerpt":{"rendered":"<p>ProfiNRG &#8211; nieuws Professioneel in duurzame energie Nieuwsbrief<\/p>","protected":false},"author":3,"featured_media":0,"parent":0,"menu_order":0,"comment_status":"closed","ping_status":"closed","template":"elementor_header_footer","meta":{"footnotes":""},"class_list":["post-327","page","type-page","status-publish","hentry"],"_links":{"self":[{"href":"https:\/\/profinrg.nl\/de\/wp-json\/wp\/v2\/pages\/327","targetHints":{"allow":["GET"]}}],"collection":[{"href":"https:\/\/profinrg.nl\/de\/wp-json\/wp\/v2\/pages"}],"about":[{"href":"https:\/\/profinrg.nl\/de\/wp-json\/wp\/v2\/types\/page"}],"author":[{"embeddable":true,"href":"https:\/\/profinrg.nl\/de\/wp-json\/wp\/v2\/users\/3"}],"replies":[{"embeddable":true,"href":"https:\/\/profinrg.nl\/de\/wp-json\/wp\/v2\/comments?post=327"}],"version-history":[{"count":6,"href":"https:\/\/profinrg.nl\/de\/wp-json\/wp\/v2\/pages\/327\/revisions"}],"predecessor-version":[{"id":44246,"href":"https:\/\/profinrg.nl\/de\/wp-json\/wp\/v2\/pages\/327\/revisions\/44246"}],"wp:attachment":[{"href":"https:\/\/profinrg.nl\/de\/wp-json\/wp\/v2\/media?parent=327"}],"curies":[{"name":"wp","href":"https:\/\/api.w.org\/{rel}","templated":true}]}}