{"id":35401,"date":"2023-11-24T09:30:55","date_gmt":"2023-11-24T09:30:55","guid":{"rendered":"https:\/\/profinrg.nl\/?page_id=35401"},"modified":"2024-03-05T08:41:53","modified_gmt":"2024-03-05T08:41:53","slug":"solarfarm-agro-2","status":"publish","type":"page","link":"https:\/\/profinrg.nl\/de\/zonnepark-agro\/","title":{"rendered":"Solarpark Agro"},"content":{"rendered":"<div data-elementor-type=\"wp-page\" data-elementor-id=\"35401\" class=\"elementor elementor-35401\" data-elementor-post-type=\"page\">\n\t\t\t\t\t\t<section class=\"elementor-section elementor-top-section elementor-element elementor-element-298aa672 elementor-reverse-tablet elementor-reverse-mobile elementor-section-boxed elementor-section-height-default elementor-section-height-default\" data-id=\"298aa672\" data-element_type=\"section\" data-e-type=\"section\" data-settings=\"{&quot;background_background&quot;:&quot;classic&quot;}\">\n\t\t\t\t\t\t<div class=\"elementor-container elementor-column-gap-default\">\n\t\t\t\t\t<div class=\"elementor-column elementor-col-25 elementor-top-column elementor-element elementor-element-52cadacb\" data-id=\"52cadacb\" data-element_type=\"column\" data-e-type=\"column\">\n\t\t\t<div class=\"elementor-widget-wrap elementor-element-populated\">\n\t\t\t\t\t\t<div class=\"elementor-element elementor-element-a5b5e74 elementor-widget elementor-widget-image\" data-id=\"a5b5e74\" data-element_type=\"widget\" data-e-type=\"widget\" data-widget_type=\"image.default\">\n\t\t\t\t<div class=\"elementor-widget-container\">\n\t\t\t\t\t\t\t\t\t\t\t\t\t\t\t<img fetchpriority=\"high\" decoding=\"async\" width=\"800\" height=\"534\" src=\"https:\/\/profinrg.nl\/wp-content\/uploads\/2023\/11\/DJI_053416122022-Lievelde-Nl-_-Zonnepark-in-aanleg-broers-Hulshof-Nieuwe-Oogst-9-1024x683.jpg\" class=\"attachment-large size-large wp-image-35284\" alt=\"Gebr\u00fcder Hulshof, Eigent\u00fcmer des Solarparks Lievelde\" srcset=\"https:\/\/profinrg.nl\/wp-content\/uploads\/2023\/11\/DJI_053416122022-Lievelde-Nl-_-Zonnepark-in-aanleg-broers-Hulshof-Nieuwe-Oogst-9-1024x683.jpg 1024w, https:\/\/profinrg.nl\/wp-content\/uploads\/2023\/11\/DJI_053416122022-Lievelde-Nl-_-Zonnepark-in-aanleg-broers-Hulshof-Nieuwe-Oogst-9-300x200.jpg 300w, https:\/\/profinrg.nl\/wp-content\/uploads\/2023\/11\/DJI_053416122022-Lievelde-Nl-_-Zonnepark-in-aanleg-broers-Hulshof-Nieuwe-Oogst-9-768x512.jpg 768w, https:\/\/profinrg.nl\/wp-content\/uploads\/2023\/11\/DJI_053416122022-Lievelde-Nl-_-Zonnepark-in-aanleg-broers-Hulshof-Nieuwe-Oogst-9.jpg 1275w\" sizes=\"(max-width: 800px) 100vw, 800px\" title=\"\">\t\t\t\t\t\t\t\t\t\t\t\t\t\t\t<\/div>\n\t\t\t\t<\/div>\n\t\t\t\t\t<\/div>\n\t\t<\/div>\n\t\t\t\t<div class=\"elementor-column elementor-col-25 elementor-top-column elementor-element elementor-element-43dccabb\" data-id=\"43dccabb\" data-element_type=\"column\" data-e-type=\"column\">\n\t\t\t<div class=\"elementor-widget-wrap elementor-element-populated\">\n\t\t\t\t\t\t<section class=\"elementor-section elementor-inner-section elementor-element elementor-element-5e757a5c elementor-section-boxed elementor-section-height-default elementor-section-height-default\" data-id=\"5e757a5c\" data-element_type=\"section\" data-e-type=\"section\">\n\t\t\t\t\t\t<div class=\"elementor-container elementor-column-gap-default\">\n\t\t\t\t\t<div class=\"elementor-column elementor-col-100 elementor-inner-column elementor-element elementor-element-5d2f71c3\" data-id=\"5d2f71c3\" data-element_type=\"column\" data-e-type=\"column\" data-settings=\"{&quot;background_background&quot;:&quot;classic&quot;}\">\n\t\t\t<div class=\"elementor-widget-wrap elementor-element-populated\">\n\t\t\t\t\t\t<div class=\"elementor-element elementor-element-28a6c9f1 elementor-widget elementor-widget-spacer\" data-id=\"28a6c9f1\" data-element_type=\"widget\" data-e-type=\"widget\" data-widget_type=\"spacer.default\">\n\t\t\t\t<div class=\"elementor-widget-container\">\n\t\t\t\t\t\t\t<div class=\"elementor-spacer\">\n\t\t\t<div class=\"elementor-spacer-inner\"><\/div>\n\t\t<\/div>\n\t\t\t\t\t\t<\/div>\n\t\t\t\t<\/div>\n\t\t\t\t\t<\/div>\n\t\t<\/div>\n\t\t\t\t\t<\/div>\n\t\t<\/section>\n\t\t\t\t<section class=\"elementor-section elementor-inner-section elementor-element elementor-element-792eb967 elementor-section-boxed elementor-section-height-default elementor-section-height-default\" data-id=\"792eb967\" data-element_type=\"section\" data-e-type=\"section\">\n\t\t\t\t\t\t<div class=\"elementor-container elementor-column-gap-default\">\n\t\t\t\t\t<div class=\"elementor-column elementor-col-100 elementor-inner-column elementor-element elementor-element-611cdcaf\" data-id=\"611cdcaf\" data-element_type=\"column\" data-e-type=\"column\" data-settings=\"{&quot;background_background&quot;:&quot;classic&quot;}\">\n\t\t\t<div class=\"elementor-widget-wrap elementor-element-populated\">\n\t\t\t\t\t\t<div class=\"elementor-element elementor-element-556ad0a5 elementor-widget elementor-widget-spacer\" data-id=\"556ad0a5\" data-element_type=\"widget\" data-e-type=\"widget\" data-widget_type=\"spacer.default\">\n\t\t\t\t<div class=\"elementor-widget-container\">\n\t\t\t\t\t\t\t<div class=\"elementor-spacer\">\n\t\t\t<div class=\"elementor-spacer-inner\"><\/div>\n\t\t<\/div>\n\t\t\t\t\t\t<\/div>\n\t\t\t\t<\/div>\n\t\t\t\t\t<\/div>\n\t\t<\/div>\n\t\t\t\t\t<\/div>\n\t\t<\/section>\n\t\t\t\t\t<\/div>\n\t\t<\/div>\n\t\t\t\t<div class=\"elementor-column elementor-col-50 elementor-top-column elementor-element elementor-element-44fc2aed\" data-id=\"44fc2aed\" data-element_type=\"column\" data-e-type=\"column\">\n\t\t\t<div class=\"elementor-widget-wrap elementor-element-populated\">\n\t\t\t\t\t\t<div class=\"elementor-element elementor-element-1a01414f elementor-widget elementor-widget-jkit_heading\" data-id=\"1a01414f\" data-element_type=\"widget\" data-e-type=\"widget\" data-widget_type=\"jkit_heading.default\">\n\t\t\t\t<div class=\"elementor-widget-container\">\n\t\t\t\t\t<div  class=\"jeg-elementor-kit jkit-heading  align-left align-tablet- align-mobile- jeg_module___69f1f86fb3b81\" ><h3 class=\"heading-section-subtitle  style-color\">L\u00f6sungen f\u00fcr den Agrarsektor<\/h3><div class=\"heading-section-title  display-inline-block\"><h2 class=\"heading-title\">Wieder Herr \u00fcber die eigene Energie<\/h2><\/div><\/div>\t\t\t\t<\/div>\n\t\t\t\t<\/div>\n\t\t\t\t<div class=\"elementor-element elementor-element-1d8fc065 jkit-equal-height-disable elementor-widget elementor-widget-jkit_icon_box\" data-id=\"1d8fc065\" data-element_type=\"widget\" data-e-type=\"widget\" data-widget_type=\"jkit_icon_box.default\">\n\t\t\t\t<div class=\"elementor-widget-container\">\n\t\t\t\t\t<div  class=\"jeg-elementor-kit jkit-icon-box icon-position-left elementor-animation- jeg_module__1_69f1f86fb4f30\" ><div class=\"jkit-icon-box-wrapper hover-from-left\"><div class=\"icon-box icon-box-header elementor-animation-\"><div class=\"icon style-color\"><i aria-hidden=\"true\" class=\"jki jki-solar-panel-solid\"><\/i><\/div><\/div><div class=\"icon-box icon-box-body\">\n                <h2 class=\"title\">Ihr eigenes Solarfeld<\/h2><p class=\"icon-box-description\">Haben Sie Platz in Ihren Geb\u00e4uden oder auf Ihrem brachliegenden Land? Solarfelder verbreitern die wirtschaftliche Basis und die Zukunftsf\u00e4higkeit landwirtschaftlicher Betriebe. Immer mehr Provinzen und Kommunen gestatten den landwirtschaftlichen Betrieben die Installation von Solarmodulen auf oder neben ihren landwirtschaftlichen Geb\u00e4uden in Form von Kleinfeldanlagen. \n<\/p>\n            <\/div>\n            \n            <\/div><\/div>\t\t\t\t<\/div>\n\t\t\t\t<\/div>\n\t\t\t\t<div class=\"elementor-element elementor-element-115d1635 jkit-equal-height-disable elementor-widget elementor-widget-jkit_icon_box\" data-id=\"115d1635\" data-element_type=\"widget\" data-e-type=\"widget\" data-widget_type=\"jkit_icon_box.default\">\n\t\t\t\t<div class=\"elementor-widget-container\">\n\t\t\t\t\t<div  class=\"jeg-elementor-kit jkit-icon-box icon-position-left elementor-animation- jeg_module__2_69f1f86fb5eb8\" ><div class=\"jkit-icon-box-wrapper hover-from-left\"><div class=\"icon-box icon-box-header elementor-animation-\"><div class=\"icon style-color\"><i aria-hidden=\"true\" class=\"icon icon-Money\"><\/i><\/div><\/div><div class=\"icon-box icon-box-body\">\n                <h2 class=\"title\">Agri-PV sorgt f\u00fcr doppelte Nutzung Ihres kostbaren Bodens<\/h2><p class=\"icon-box-description\">Immer mehr Landwirte entdecken die Bedeutung von gr\u00fcner Energie, wollen daf\u00fcr aber nicht auf fruchtbares Land verzichten. Deshalb glauben wir, dass Agri-PV die Zukunft geh\u00f6rt. Wir stellen auf Ihrem Land vertikale Solarmodule auf, sodass eine Doppelnutzung m\u00f6glich ist. Dabei ist an Weiden f\u00fcr Ihr Vieh zu denken, aber auch der Anbau von Feldfr\u00fcchten zwischen den Modulen ist m\u00f6glich.<\/p>\n            <\/div>\n            \n            <\/div><\/div>\t\t\t\t<\/div>\n\t\t\t\t<\/div>\n\t\t\t\t<section class=\"elementor-section elementor-inner-section elementor-element elementor-element-29169687 elementor-section-full_width elementor-section-height-default elementor-section-height-default\" data-id=\"29169687\" data-element_type=\"section\" data-e-type=\"section\">\n\t\t\t\t\t\t<div class=\"elementor-container elementor-column-gap-default\">\n\t\t\t\t\t<div class=\"elementor-column elementor-col-100 elementor-inner-column elementor-element elementor-element-5c8d71de\" data-id=\"5c8d71de\" data-element_type=\"column\" data-e-type=\"column\">\n\t\t\t<div class=\"elementor-widget-wrap elementor-element-populated\">\n\t\t\t\t\t\t<div class=\"elementor-element elementor-element-3b12fe74 elementor-widget elementor-widget-jkit_button\" data-id=\"3b12fe74\" data-element_type=\"widget\" data-e-type=\"widget\" data-widget_type=\"jkit_button.default\">\n\t\t\t\t<div class=\"elementor-widget-container\">\n\t\t\t\t\t<div  class=\"jeg-elementor-kit jkit-button  icon-position-before jeg_module__3_69f1f86fb6b1c\" ><a href=\"\/de\/kontakt\/\" class=\"jkit-button-wrapper\"><i aria-hidden=\"true\" class=\"icon icon-phone-call1\"><\/i>    Bitte rufen Sie mich zur\u00fcck<\/a><\/div>\t\t\t\t<\/div>\n\t\t\t\t<\/div>\n\t\t\t\t\t<\/div>\n\t\t<\/div>\n\t\t\t\t\t<\/div>\n\t\t<\/section>\n\t\t\t\t<section class=\"elementor-section elementor-inner-section elementor-element elementor-element-64f902fd elementor-section-full_width elementor-section-height-default elementor-section-height-default\" data-id=\"64f902fd\" data-element_type=\"section\" data-e-type=\"section\">\n\t\t\t\t\t\t<div class=\"elementor-container elementor-column-gap-default\">\n\t\t\t\t\t<div class=\"elementor-column elementor-col-100 elementor-inner-column elementor-element elementor-element-7ab8968c\" data-id=\"7ab8968c\" data-element_type=\"column\" data-e-type=\"column\">\n\t\t\t<div class=\"elementor-widget-wrap elementor-element-populated\">\n\t\t\t\t\t\t<div class=\"elementor-element elementor-element-561fa521 elementor-widget elementor-widget-jkit_button\" data-id=\"561fa521\" data-element_type=\"widget\" data-e-type=\"widget\" data-widget_type=\"jkit_button.default\">\n\t\t\t\t<div class=\"elementor-widget-container\">\n\t\t\t\t\t<div  class=\"jeg-elementor-kit jkit-button  icon-position-after jeg_module__4_69f1f86fb751b\" ><a href=\"\/de\/projekte\/\" class=\"jkit-button-wrapper\">Referenzprojekte<i aria-hidden=\"true\" class=\"jki jki-right-arrow-light\"><\/i><\/a><\/div>\t\t\t\t<\/div>\n\t\t\t\t<\/div>\n\t\t\t\t\t<\/div>\n\t\t<\/div>\n\t\t\t\t\t<\/div>\n\t\t<\/section>\n\t\t\t\t\t<\/div>\n\t\t<\/div>\n\t\t\t\t\t<\/div>\n\t\t<\/section>\n\t\t\t\t<section class=\"elementor-section elementor-top-section elementor-element elementor-element-30b35504 elementor-section-boxed elementor-section-height-default elementor-section-height-default\" data-id=\"30b35504\" data-element_type=\"section\" data-e-type=\"section\" data-settings=\"{&quot;background_background&quot;:&quot;gradient&quot;}\">\n\t\t\t\t\t\t<div class=\"elementor-container elementor-column-gap-default\">\n\t\t\t\t\t<div class=\"elementor-column elementor-col-100 elementor-top-column elementor-element elementor-element-6cec34a3\" data-id=\"6cec34a3\" data-element_type=\"column\" data-e-type=\"column\">\n\t\t\t<div class=\"elementor-widget-wrap elementor-element-populated\">\n\t\t\t\t\t\t<div class=\"elementor-element elementor-element-37b1a6e3 elementor-widget elementor-widget-spacer\" data-id=\"37b1a6e3\" data-element_type=\"widget\" data-e-type=\"widget\" data-widget_type=\"spacer.default\">\n\t\t\t\t<div class=\"elementor-widget-container\">\n\t\t\t\t\t\t\t<div class=\"elementor-spacer\">\n\t\t\t<div class=\"elementor-spacer-inner\"><\/div>\n\t\t<\/div>\n\t\t\t\t\t\t<\/div>\n\t\t\t\t<\/div>\n\t\t\t\t\t<\/div>\n\t\t<\/div>\n\t\t\t\t\t<\/div>\n\t\t<\/section>\n\t\t\t\t<section class=\"elementor-section elementor-top-section elementor-element elementor-element-22921261 elementor-section-boxed elementor-section-height-default elementor-section-height-default\" data-id=\"22921261\" data-element_type=\"section\" data-e-type=\"section\">\n\t\t\t\t\t\t<div class=\"elementor-container elementor-column-gap-default\">\n\t\t\t\t\t<div class=\"elementor-column elementor-col-50 elementor-top-column elementor-element elementor-element-36802469\" data-id=\"36802469\" data-element_type=\"column\" data-e-type=\"column\">\n\t\t\t<div class=\"elementor-widget-wrap elementor-element-populated\">\n\t\t\t\t\t\t<div class=\"elementor-element elementor-element-6d09093b elementor-widget elementor-widget-heading\" data-id=\"6d09093b\" data-element_type=\"widget\" data-e-type=\"widget\" data-widget_type=\"heading.default\">\n\t\t\t\t<div class=\"elementor-widget-container\">\n\t\t\t\t\t<h2 class=\"elementor-heading-title elementor-size-default\">Agri PV: Vertikale Montage von bifacialen Paneelen<\/h2>\t\t\t\t<\/div>\n\t\t\t\t<\/div>\n\t\t\t\t<div class=\"elementor-element elementor-element-54c2710a elementor-widget elementor-widget-text-editor\" data-id=\"54c2710a\" data-element_type=\"widget\" data-e-type=\"widget\" data-widget_type=\"text-editor.default\">\n\t\t\t\t<div class=\"elementor-widget-container\">\n\t\t\t\t\t\t\t\t\t<p>Vertikale Solarpanels bieten verschiedene Vorteile im Vergleich zu traditionell installierten Solarpanels. Bifaziale Module erfordern einen erheblich gr\u00f6\u00dferen Reihenabstand, um gegenseitige Beschattung zu vermeiden. Dies f\u00fchrt einerseits zu einer geringeren Fl\u00e4chennutzung (Leistungsdichte pro Hektar). Andererseits sorgt der gr\u00f6\u00dfere Reihenabstand daf\u00fcr, dass das Land weiterhin f\u00fcr die Landwirtschaft nutzbar bleibt. Landwirtschaftliche Maschinen k\u00f6nnen problemlos zwischen den Panels hindurchfahren, und auch f\u00fcr Vieh gibt es ausreichend Platz.\u00a0<\/p><p>Lesen Sie <a href=\"https:\/\/profinrg.nl\/de\/agri-pv-vertikale-montage-von-bifacialen-paneelen\/\" target=\"_blank\" rel=\"noopener\">hier.<\/a> den ganzen Artikel \u00fcber Agri-Solar.<\/p>\t\t\t\t\t\t\t\t<\/div>\n\t\t\t\t<\/div>\n\t\t\t\t<div class=\"elementor-element elementor-element-44d75638 elementor-align-left elementor-widget elementor-widget-elementskit-button\" data-id=\"44d75638\" data-element_type=\"widget\" data-e-type=\"widget\" data-widget_type=\"elementskit-button.default\">\n\t\t\t\t<div class=\"elementor-widget-container\">\n\t\t\t\t\t<div class=\"ekit-wid-con\" >\t\t<div class=\"ekit-btn-wraper\">\n\t\t\t\t\t\t\t<a href=\"http:\/\/profinrg.nl\/de\/neuerungen\/\" class=\"elementskit-btn  whitespace--normal\" id=\"\">\n\t\t\t\t\tZur\u00fcck zu Innovationen<i class=\"jki jki-arrow-right-solid\"><\/i>\t\t\t\t<\/a>\n\t\t\t\t\t<\/div>\n        <\/div>\t\t\t\t<\/div>\n\t\t\t\t<\/div>\n\t\t\t\t\t<\/div>\n\t\t<\/div>\n\t\t\t\t<div class=\"elementor-column elementor-col-50 elementor-top-column elementor-element elementor-element-3792dfbf\" data-id=\"3792dfbf\" data-element_type=\"column\" data-e-type=\"column\" data-settings=\"{&quot;background_background&quot;:&quot;classic&quot;}\">\n\t\t\t<div class=\"elementor-widget-wrap elementor-element-populated\">\n\t\t\t\t\t\t<div class=\"elementor-element elementor-element-30c8f6e elementor-widget elementor-widget-video\" data-id=\"30c8f6e\" data-element_type=\"widget\" data-e-type=\"widget\" data-settings=\"{&quot;youtube_url&quot;:&quot;https:\\\/\\\/www.youtube.com\\\/watch?v=MD8f5BW3A74&quot;,&quot;show_image_overlay&quot;:&quot;yes&quot;,&quot;image_overlay&quot;:{&quot;url&quot;:&quot;http:\\\/\\\/profinrg.nl\\\/wp-content\\\/uploads\\\/2024\\\/03\\\/Zonnepark-Aadijk-34-scaled.jpg&quot;,&quot;id&quot;:37760,&quot;size&quot;:&quot;&quot;,&quot;alt&quot;:&quot;zonnepark en agro&quot;,&quot;source&quot;:&quot;library&quot;},&quot;video_type&quot;:&quot;youtube&quot;,&quot;controls&quot;:&quot;yes&quot;}\" data-widget_type=\"video.default\">\n\t\t\t\t<div class=\"elementor-widget-container\">\n\t\t\t\t\t\t\t<div class=\"elementor-wrapper elementor-open-inline\">\n\t\t\t<div class=\"elementor-video\"><\/div>\t\t\t\t<div class=\"elementor-custom-embed-image-overlay\" style=\"background-image: url(https:\/\/profinrg.nl\/wp-content\/uploads\/2024\/03\/Zonnepark-Aadijk-34-scaled.jpg);\">\n\t\t\t\t\t\t\t\t\t\t\t\t\t\t\t\t<div class=\"elementor-custom-embed-play\" role=\"button\" aria-label=\"Video abspielen \u00fcber zonnepark en agro\" tabindex=\"0\">\n\t\t\t\t\t\t\t<i aria-hidden=\"true\" class=\"eicon-play\"><\/i>\t\t\t\t\t\t<\/div>\n\t\t\t\t\t\t\t\t\t<\/div>\n\t\t\t\t\t<\/div>\n\t\t\t\t\t\t<\/div>\n\t\t\t\t<\/div>\n\t\t\t\t\t<\/div>\n\t\t<\/div>\n\t\t\t\t\t<\/div>\n\t\t<\/section>\n\t\t\t\t<section class=\"elementor-section elementor-top-section elementor-element elementor-element-575d2d1d elementor-section-boxed elementor-section-height-default elementor-section-height-default\" data-id=\"575d2d1d\" data-element_type=\"section\" data-e-type=\"section\">\n\t\t\t\t\t\t<div class=\"elementor-container elementor-column-gap-default\">\n\t\t\t\t\t<div class=\"elementor-column elementor-col-100 elementor-top-column elementor-element elementor-element-62f26abe\" data-id=\"62f26abe\" data-element_type=\"column\" data-e-type=\"column\">\n\t\t\t<div class=\"elementor-widget-wrap elementor-element-populated\">\n\t\t\t\t\t\t<div class=\"elementor-element elementor-element-2aef0572 elementor-widget elementor-widget-spacer\" data-id=\"2aef0572\" data-element_type=\"widget\" data-e-type=\"widget\" data-widget_type=\"spacer.default\">\n\t\t\t\t<div class=\"elementor-widget-container\">\n\t\t\t\t\t\t\t<div class=\"elementor-spacer\">\n\t\t\t<div class=\"elementor-spacer-inner\"><\/div>\n\t\t<\/div>\n\t\t\t\t\t\t<\/div>\n\t\t\t\t<\/div>\n\t\t\t\t\t<\/div>\n\t\t<\/div>\n\t\t\t\t\t<\/div>\n\t\t<\/section>\n\t\t\t\t<section class=\"elementor-section elementor-top-section elementor-element elementor-element-70f0c8da elementor-hidden-mobile elementor-section-boxed elementor-section-height-default elementor-section-height-default\" data-id=\"70f0c8da\" data-element_type=\"section\" data-e-type=\"section\">\n\t\t\t\t\t\t<div class=\"elementor-container elementor-column-gap-default\">\n\t\t\t\t\t<div class=\"elementor-column elementor-col-100 elementor-top-column elementor-element elementor-element-75a2959a\" data-id=\"75a2959a\" data-element_type=\"column\" data-e-type=\"column\">\n\t\t\t<div class=\"elementor-widget-wrap elementor-element-populated\">\n\t\t\t\t\t\t<div class=\"elementor-element elementor-element-270aae69 elementor-widget elementor-widget-spacer\" data-id=\"270aae69\" data-element_type=\"widget\" data-e-type=\"widget\" data-widget_type=\"spacer.default\">\n\t\t\t\t<div class=\"elementor-widget-container\">\n\t\t\t\t\t\t\t<div class=\"elementor-spacer\">\n\t\t\t<div class=\"elementor-spacer-inner\"><\/div>\n\t\t<\/div>\n\t\t\t\t\t\t<\/div>\n\t\t\t\t<\/div>\n\t\t\t\t\t<\/div>\n\t\t<\/div>\n\t\t\t\t\t<\/div>\n\t\t<\/section>\n\t\t\t\t<section class=\"elementor-section elementor-top-section elementor-element elementor-element-519a844a elementor-section-boxed elementor-section-height-default elementor-section-height-default\" data-id=\"519a844a\" data-element_type=\"section\" data-e-type=\"section\" data-settings=\"{&quot;background_background&quot;:&quot;classic&quot;}\">\n\t\t\t\t\t\t<div class=\"elementor-container elementor-column-gap-default\">\n\t\t\t\t\t<div class=\"elementor-column elementor-col-50 elementor-top-column elementor-element elementor-element-71e1faa8\" data-id=\"71e1faa8\" data-element_type=\"column\" data-e-type=\"column\">\n\t\t\t<div class=\"elementor-widget-wrap elementor-element-populated\">\n\t\t\t\t\t\t<div class=\"elementor-element elementor-element-62b3e128 elementor-widget elementor-widget-image\" data-id=\"62b3e128\" data-element_type=\"widget\" data-e-type=\"widget\" data-widget_type=\"image.default\">\n\t\t\t\t<div class=\"elementor-widget-container\">\n\t\t\t\t\t\t\t\t\t\t\t\t\t\t\t<img decoding=\"async\" src=\"http:\/\/profinrg.nl\/wp-content\/uploads\/2023\/06\/1B0A2049.jpg\" title=\"\" alt=\"\" loading=\"lazy\">\t\t\t\t\t\t\t\t\t\t\t\t\t\t\t<\/div>\n\t\t\t\t<\/div>\n\t\t\t\t<div class=\"elementor-element elementor-element-7435c526 elementor-hidden-mobile elementor-hidden-tablet elementor-widget elementor-widget-spacer\" data-id=\"7435c526\" data-element_type=\"widget\" data-e-type=\"widget\" data-widget_type=\"spacer.default\">\n\t\t\t\t<div class=\"elementor-widget-container\">\n\t\t\t\t\t\t\t<div class=\"elementor-spacer\">\n\t\t\t<div class=\"elementor-spacer-inner\"><\/div>\n\t\t<\/div>\n\t\t\t\t\t\t<\/div>\n\t\t\t\t<\/div>\n\t\t\t\t\t<\/div>\n\t\t<\/div>\n\t\t\t\t<div class=\"elementor-column elementor-col-50 elementor-top-column elementor-element elementor-element-26f31ae\" data-id=\"26f31ae\" data-element_type=\"column\" data-e-type=\"column\">\n\t\t\t<div class=\"elementor-widget-wrap elementor-element-populated\">\n\t\t\t\t\t\t<div class=\"elementor-element elementor-element-7cd715ae elementor-widget elementor-widget-elementskit-heading\" data-id=\"7cd715ae\" data-element_type=\"widget\" data-e-type=\"widget\" data-widget_type=\"elementskit-heading.default\">\n\t\t\t\t<div class=\"elementor-widget-container\">\n\t\t\t\t\t<div class=\"ekit-wid-con\" ><div class=\"ekit-heading elementskit-section-title-wraper text_left   ekit_heading_tablet-   ekit_heading_mobile-\"><h3 class=\"elementskit-section-subtitle\">\n\t\t\t\t\t\tNachhaltigkeit durch ein Solarstromsystem?\n\t\t\t\t\t<\/h3><h2 class=\"ekit-heading--title elementskit-section-title\">Interessiert an einem Solarpark agro?<\/h2><\/div><\/div>\t\t\t\t<\/div>\n\t\t\t\t<\/div>\n\t\t\t\t<div class=\"elementor-element elementor-element-249db6ce elementor-widget elementor-widget-text-editor\" data-id=\"249db6ce\" data-element_type=\"widget\" data-e-type=\"widget\" data-widget_type=\"text-editor.default\">\n\t\t\t\t<div class=\"elementor-widget-container\">\n\t\t\t\t\t\t\t\t\t<p>Dann kontaktieren Sie unsere Verkaufsabteilung\nunter <br \/>\u00fcber <strong><a href=\"Tel:030 265 85 12\">030 265 85 12<\/a><\/strong>\u00a0oder per E-Mail an <strong><a href=\"mailto:nudar@profinrg.nl\" target=\"_blank\" rel=\"noopener\">nudar@profinrg.com<\/a>.<\/strong> <br \/>Wir denken gerne mit Ihnen zusammen \u00fcber intelligente L\u00f6sungen nach. <br \/>Folgen Sie uns auch auf <strong><a href=\"https:\/\/www.linkedin.com\/company\/profinrg\" target=\"_blank\" rel=\"noopener\">LinkedIn<\/a><\/strong>.\u00a0<\/p>\t\t\t\t\t\t\t\t<\/div>\n\t\t\t\t<\/div>\n\t\t\t\t\t<\/div>\n\t\t<\/div>\n\t\t\t\t\t<\/div>\n\t\t<\/section>\n\t\t\t\t<section class=\"elementor-section elementor-top-section elementor-element elementor-element-4ff45bb2 elementor-hidden-mobile elementor-section-boxed elementor-section-height-default elementor-section-height-default\" data-id=\"4ff45bb2\" data-element_type=\"section\" data-e-type=\"section\" data-settings=\"{&quot;background_background&quot;:&quot;gradient&quot;}\">\n\t\t\t\t\t\t<div class=\"elementor-container elementor-column-gap-default\">\n\t\t\t\t\t<div class=\"elementor-column elementor-col-100 elementor-top-column elementor-element elementor-element-76eafef2\" data-id=\"76eafef2\" data-element_type=\"column\" data-e-type=\"column\">\n\t\t\t<div class=\"elementor-widget-wrap elementor-element-populated\">\n\t\t\t\t\t\t<div class=\"elementor-element elementor-element-4fc97c37 elementor-widget elementor-widget-spacer\" data-id=\"4fc97c37\" data-element_type=\"widget\" data-e-type=\"widget\" data-widget_type=\"spacer.default\">\n\t\t\t\t<div class=\"elementor-widget-container\">\n\t\t\t\t\t\t\t<div class=\"elementor-spacer\">\n\t\t\t<div class=\"elementor-spacer-inner\"><\/div>\n\t\t<\/div>\n\t\t\t\t\t\t<\/div>\n\t\t\t\t<\/div>\n\t\t\t\t\t<\/div>\n\t\t<\/div>\n\t\t\t\t\t<\/div>\n\t\t<\/section>\n\t\t\t\t<section class=\"elementor-section elementor-top-section elementor-element elementor-element-6fd81b91 elementor-section-boxed elementor-section-height-default elementor-section-height-default\" data-id=\"6fd81b91\" data-element_type=\"section\" data-e-type=\"section\">\n\t\t\t\t\t\t<div class=\"elementor-container elementor-column-gap-default\">\n\t\t\t\t\t<div class=\"elementor-column elementor-col-50 elementor-top-column elementor-element elementor-element-2891ee78 elementor-hidden-tablet elementor-hidden-mobile\" data-id=\"2891ee78\" data-element_type=\"column\" data-e-type=\"column\" data-settings=\"{&quot;background_background&quot;:&quot;classic&quot;}\">\n\t\t\t<div class=\"elementor-widget-wrap\">\n\t\t\t\t\t\t\t<\/div>\n\t\t<\/div>\n\t\t\t\t<div class=\"elementor-column elementor-col-50 elementor-top-column elementor-element elementor-element-72c5d60e\" data-id=\"72c5d60e\" data-element_type=\"column\" data-e-type=\"column\">\n\t\t\t<div class=\"elementor-widget-wrap elementor-element-populated\">\n\t\t\t\t\t\t<div class=\"elementor-element elementor-element-62ec4f42 elementor-widget elementor-widget-heading\" data-id=\"62ec4f42\" data-element_type=\"widget\" data-e-type=\"widget\" data-widget_type=\"heading.default\">\n\t\t\t\t<div class=\"elementor-widget-container\">\n\t\t\t\t\t<h1 class=\"elementor-heading-title elementor-size-default\">Die Bedeutung von Solarparks<\/h1>\t\t\t\t<\/div>\n\t\t\t\t<\/div>\n\t\t\t\t<div class=\"elementor-element elementor-element-75e3aff9 elementor-widget elementor-widget-text-editor\" data-id=\"75e3aff9\" data-element_type=\"widget\" data-e-type=\"widget\" data-widget_type=\"text-editor.default\">\n\t\t\t\t<div class=\"elementor-widget-container\">\n\t\t\t\t\t\t\t\t\t<p>Europa will bis 2050 keine Treibhausgasemissionen mehr verursachen. Das Energieabkommen sieht vor, dass die Niederlande bis 2023 16% erneuerbare Energie erzeugen. Um diese Ziele zu erreichen, f\u00f6rdert die Zentralregierung die Entwicklung der erneuerbaren Energien. Solarenergie ist der Schl\u00fcssel zum Erreichen der Ziele. Solarenergie auf D\u00e4chern allein reicht daf\u00fcr leider nicht aus. Deshalb werden Solarparks ben\u00f6tigt.\u00a0\u00a0<\/p><p>Boden in den Niederlanden ist knapp und wertvoll. Wir sind daher der Meinung, dass wir mit der Nutzung dieser Fl\u00e4chen intelligent umgehen sollten. Wir ziehen es daher vor, Solarparks auf kontaminierten, industriellen oder infrastrukturellen Fl\u00e4chen zu entwickeln. Uns ist aber auch klar, dass ohne die Nutzung landwirtschaftlicher Fl\u00e4chen die Ziele der Energiewende nicht erreicht werden k\u00f6nnen. Landwirtschaftliche Fl\u00e4chen werden daher dringend ben\u00f6tigt.\u00a0<\/p><p>ProfiNRG entwirft genau die Anlage, die Sie brauchen, und k\u00fcmmert sich um den kompletten Prozess von der Konzeption und Planung bis zur Installation und Nachbetreuung Ihres Solarparks.<\/p>\t\t\t\t\t\t\t\t<\/div>\n\t\t\t\t<\/div>\n\t\t\t\t<div class=\"elementor-element elementor-element-6f06509b elementor-align-left elementor-widget elementor-widget-elementskit-button\" data-id=\"6f06509b\" data-element_type=\"widget\" data-e-type=\"widget\" data-widget_type=\"elementskit-button.default\">\n\t\t\t\t<div class=\"elementor-widget-container\">\n\t\t\t\t\t<div class=\"ekit-wid-con\" >\t\t<div class=\"ekit-btn-wraper\">\n\t\t\t\t\t\t\t<a href=\"\/de\/kontakt\/\" class=\"elementskit-btn  whitespace--normal\" id=\"\">\n\t\t\t\t\tBitte rufen Sie mich zur\u00fcck\t\t\t\t<\/a>\n\t\t\t\t\t<\/div>\n        <\/div>\t\t\t\t<\/div>\n\t\t\t\t<\/div>\n\t\t\t\t\t<\/div>\n\t\t<\/div>\n\t\t\t\t\t<\/div>\n\t\t<\/section>\n\t\t\t\t<section class=\"elementor-section elementor-top-section elementor-element elementor-element-25225b84 elementor-section-boxed elementor-section-height-default elementor-section-height-default\" data-id=\"25225b84\" data-element_type=\"section\" data-e-type=\"section\">\n\t\t\t\t\t\t<div class=\"elementor-container elementor-column-gap-default\">\n\t\t\t\t\t<div class=\"elementor-column elementor-col-100 elementor-top-column elementor-element elementor-element-3f43e405\" data-id=\"3f43e405\" data-element_type=\"column\" data-e-type=\"column\">\n\t\t\t<div class=\"elementor-widget-wrap elementor-element-populated\">\n\t\t\t\t\t\t<div class=\"elementor-element elementor-element-18d15000 elementor-widget elementor-widget-spacer\" data-id=\"18d15000\" data-element_type=\"widget\" data-e-type=\"widget\" data-widget_type=\"spacer.default\">\n\t\t\t\t<div class=\"elementor-widget-container\">\n\t\t\t\t\t\t\t<div class=\"elementor-spacer\">\n\t\t\t<div class=\"elementor-spacer-inner\"><\/div>\n\t\t<\/div>\n\t\t\t\t\t\t<\/div>\n\t\t\t\t<\/div>\n\t\t\t\t\t<\/div>\n\t\t<\/div>\n\t\t\t\t\t<\/div>\n\t\t<\/section>\n\t\t\t\t<\/div>","protected":false},"excerpt":{"rendered":"<p>Oplossingen voor de agrarische sector Weer baas over je eigen energie Uw eigen zonneakker Heeft u ruimte in uw bouwblok, of braakliggende grond? Zonneakkers verbreden de economische basis en toekomstbestendigheid van agrarische bedrijven. Steeds meer provincies en gemeenten staan toe dat agrarische bedrijven binnen of aansluitend op hun agrarisch bouwblok zonnepanelen plaatsen, in kleinschalige veldopstellingen. [&hellip;]<\/p>\n","protected":false},"author":9,"featured_media":35284,"parent":0,"menu_order":0,"comment_status":"closed","ping_status":"closed","template":"","meta":{"footnotes":""},"class_list":["post-35401","page","type-page","status-publish","has-post-thumbnail","hentry"],"_links":{"self":[{"href":"https:\/\/profinrg.nl\/de\/wp-json\/wp\/v2\/pages\/35401","targetHints":{"allow":["GET"]}}],"collection":[{"href":"https:\/\/profinrg.nl\/de\/wp-json\/wp\/v2\/pages"}],"about":[{"href":"https:\/\/profinrg.nl\/de\/wp-json\/wp\/v2\/types\/page"}],"author":[{"embeddable":true,"href":"https:\/\/profinrg.nl\/de\/wp-json\/wp\/v2\/users\/9"}],"replies":[{"embeddable":true,"href":"https:\/\/profinrg.nl\/de\/wp-json\/wp\/v2\/comments?post=35401"}],"version-history":[{"count":0,"href":"https:\/\/profinrg.nl\/de\/wp-json\/wp\/v2\/pages\/35401\/revisions"}],"wp:featuredmedia":[{"embeddable":true,"href":"https:\/\/profinrg.nl\/de\/wp-json\/wp\/v2\/media\/35284"}],"wp:attachment":[{"href":"https:\/\/profinrg.nl\/de\/wp-json\/wp\/v2\/media?parent=35401"}],"curies":[{"name":"wp","href":"https:\/\/api.w.org\/{rel}","templated":true}]}}