{"id":42273,"date":"2025-06-19T09:04:22","date_gmt":"2025-06-19T09:04:22","guid":{"rendered":"https:\/\/profinrg.nl\/?page_id=42273"},"modified":"2026-03-31T10:39:29","modified_gmt":"2026-03-31T10:39:29","slug":"zuschusse","status":"publish","type":"page","link":"https:\/\/profinrg.nl\/de\/subsidies\/","title":{"rendered":"Zusch\u00fcsse"},"content":{"rendered":"<div data-elementor-type=\"wp-page\" data-elementor-id=\"42273\" class=\"elementor elementor-42273\" data-elementor-post-type=\"page\">\n\t\t\t\t\t\t<section class=\"elementor-section elementor-top-section elementor-element elementor-element-20184c78 elementor-reverse-tablet elementor-reverse-mobile elementor-section-boxed elementor-section-height-default elementor-section-height-default\" data-id=\"20184c78\" data-element_type=\"section\" data-e-type=\"section\">\n\t\t\t\t\t\t<div class=\"elementor-container elementor-column-gap-default\">\n\t\t\t\t\t<div class=\"elementor-column elementor-col-50 elementor-top-column elementor-element elementor-element-5270ff60\" data-id=\"5270ff60\" data-element_type=\"column\" data-e-type=\"column\">\n\t\t\t<div class=\"elementor-widget-wrap elementor-element-populated\">\n\t\t\t\t\t\t<div class=\"elementor-element elementor-element-4638d922 elementor-widget elementor-widget-jkit_heading\" data-id=\"4638d922\" data-element_type=\"widget\" data-e-type=\"widget\" data-widget_type=\"jkit_heading.default\">\n\t\t\t\t<div class=\"elementor-widget-container\">\n\t\t\t\t\t<div  class=\"jeg-elementor-kit jkit-heading  align-left align-tablet- align-mobile- jeg_module___69ec7b4393e13\" ><h3 class=\"heading-section-subtitle  style-color\">Auf einen Blick<\/h3><div class=\"heading-section-title  display-inline-block\"><h2 class=\"heading-title\">Subventionen f\u00fcr erneuerbare Energien<\/h2><\/div><\/div>\t\t\t\t<\/div>\n\t\t\t\t<\/div>\n\t\t\t\t<div class=\"elementor-element elementor-element-49182400 elementor-widget elementor-widget-text-editor\" data-id=\"49182400\" data-element_type=\"widget\" data-e-type=\"widget\" data-widget_type=\"text-editor.default\">\n\t\t\t\t<div class=\"elementor-widget-container\">\n\t\t\t\t\t\t\t\t\t<p>Die Niederlande arbeiten auf eine vollst\u00e4ndig nachhaltige Zukunft bis 2050 hin, wie in der Klimavereinbarung und dem europ\u00e4ischen Green Deal festgelegt. Es gibt jedoch noch viel zu tun. Beispiele sind die nachhaltigere Gestaltung von Gesch\u00e4ftsr\u00e4umen, die Umstellung auf emissionsfreie Fahrzeuge und Arbeitsmittel, die Nutzung erneuerbarer Energien durch Erzeugung, Speicherung und Aufladung oder die effizientere Nutzung von Rohstoffen. Viele dieser Initiativen sind mit zus\u00e4tzlichen Kosten verbunden. Gl\u00fccklicherweise gibt es eine Reihe von Zusch\u00fcssen, die Sie dabei unterst\u00fctzen, Ihren Betrieb nachhaltiger und energieeffizienter zu machen.<\/p><p>Auf dieser Seite finden Sie alle relevanten Subventionsprogramme:<\/p>\t\t\t\t\t\t\t\t<\/div>\n\t\t\t\t<\/div>\n\t\t\t\t<div class=\"elementor-element elementor-element-4a75121c elementor-widget elementor-widget-jkit_accordion\" data-id=\"4a75121c\" data-element_type=\"widget\" data-e-type=\"widget\" data-widget_type=\"jkit_accordion.default\">\n\t\t\t\t<div class=\"elementor-widget-container\">\n\t\t\t\t\t<div  class=\"jeg-elementor-kit jkit-accordion style-default jeg_module__1_69ec7b4395791\" ><div class=\"card-wrapper expand\">\n                <div class=\"card-header\">\n                    <a href=\"#expand-75c9e32\" class=\"card-header-button\" aria-expanded=\"false\" data-target=\"#expand-75c9e32\" aria-controls=\"expand-75c9e32\">\n                        <div class=\"left-icon-group\">\n                <div class=\"normal-icon\"><i aria-hidden=\"true\" class=\"fas fa-chevron-right\"><\/i><\/div>\n                <div class=\"active-icon\"><i aria-hidden=\"true\" class=\"fas fa-chevron-down\"><\/i><\/div>\n            <\/div><span class=\"title\">SDE++ 2025 (Subvention f\u00fcr erneuerbare Energien und CO\u2082-Reduktion)<\/span>\n                    <\/a>\n                <\/div>\n                <div class=\"card-expand\" id=\"expand-75c9e32\" style=\"display:block\"><div class=\"card-body\"><p>M\u00f6chten Sie in erneuerbare Energien investieren oder den Kohlenstoffaussto\u00df verringern? Mit dem<strong> F\u00f6rderung der nachhaltigen Energieerzeugung und des Klimawandels (SDE++) <\/strong>k\u00f6nnen Sie finanzielle Unterst\u00fctzung f\u00fcr gro\u00df angelegte nachhaltige Projekte erhalten.<\/p><p>Subventionierung von Solar- und Windenergie, Wasserstoffproduktion und Kohlenstoffspeicherung. Unterst\u00fctzung f\u00fcr Unternehmen, gemeinn\u00fctzige Organisationen und lokale Regierungen.<\/p><p><strong>Er\u00f6ffnungsbudget von 8 Milliarden Euro im Jahr 2025, <\/strong>mit Schwerpunkt auf einer kosteneffizienten CO\u2082-Reduzierung.<\/p><p><strong>Gestalten Sie Ihr Unternehmen nachhaltiger und profitieren Sie von finanzieller Unterst\u00fctzung!<\/strong><\/p><p>Lesen Sie <a href=\"\/sde\/\">hier.<\/a> alles \u00fcber SDE++<\/p><\/div><\/div>\n            <\/div><div class=\"card-wrapper\">\n                <div class=\"card-header\">\n                    <a href=\"#expand-2ce8f08\" class=\"card-header-button\" aria-expanded=\"false\" data-target=\"#expand-2ce8f08\" aria-controls=\"expand-2ce8f08\">\n                        <div class=\"left-icon-group\">\n                <div class=\"normal-icon\"><i aria-hidden=\"true\" class=\"fas fa-chevron-right\"><\/i><\/div>\n                <div class=\"active-icon\"><i aria-hidden=\"true\" class=\"fas fa-chevron-down\"><\/i><\/div>\n            <\/div><span class=\"title\">Flex-E-Zuschuss (die M\u00f6glichkeit, Energie intelligenter zu nutzen)<\/span>\n                    <\/a>\n                <\/div>\n                <div class=\"card-expand\" id=\"expand-2ce8f08\" style=\"display:none\"><div class=\"card-body\"><p>Ab dem 1. April 2025 k\u00f6nnen Stromgro\u00dfverbraucher von der <strong>Flex-e-Zuschussregelung<\/strong>, die sie bei der Optimierung ihres Energieverbrauchs und der Verringerung von Netzengp\u00e4ssen unterst\u00fctzt. Durch den Einsatz von flexibler Energie f\u00fcr <strong>Engpassmanagement<\/strong>, erhalten Unternehmen die M\u00f6glichkeit, trotz der Herausforderungen des Stromnetzes zu wachsen und nachhaltiger zu werden. Dies erfordert eine Mindestanschlusskapazit\u00e4t von <strong>100 kW<\/strong> erforderlich.<\/p><p>Im Rahmen der Regelung werden drei Arten von Projekten finanziert:<\/p><ul><li><strong>Flexibilit\u00e4ts-Scan<\/strong> - Bietet einen Einblick in das Energieprofil eines Unternehmens.<\/li><li><strong>Durchf\u00fchrbarkeitsstudie<\/strong> - Pr\u00fcft Anwendungen f\u00fcr Flexibilit\u00e4t.<\/li><li><strong>Investitionen in Ma\u00dfnahmen<\/strong> - Unterst\u00fctzt Anschaffungen wie Batterien und Energiemanagementsysteme.<\/li><\/ul><p>Der Zuschuss umfasst <strong>bis zu 50% der Kosten<\/strong> f\u00fcr Scans (maximal <strong>\u20ac 10.000<\/strong>) und Studien (maximal <strong>\u20ac 125.000<\/strong>). Dar\u00fcber hinaus, <strong>35% der Investitionskosten<\/strong> erstattet, mit einer Obergrenze von <strong>\u20ac 300.000<\/strong> auf Anfrage.<\/p><p>Lesen Sie <a href=\"https:\/\/profinrg.nl\/wp-admin\/post.php?post=44309&amp;action=elementor&amp;_gl=1*1ecpbpv*_up*MQ..*_ga*MTUzMDgwNDYxMC4xNzc0OTQ5OTg1*_ga_RQ78X8SM8L*czE3NzQ5NDk5ODQkbzEkZzEkdDE3NzQ5NDk5ODQkajYwJGwwJGgw\">hier.<\/a> weiter.<\/p><\/div><\/div>\n            <\/div><div class=\"card-wrapper\">\n                <div class=\"card-header\">\n                    <a href=\"#expand-6d51238\" class=\"card-header-button\" aria-expanded=\"false\" data-target=\"#expand-6d51238\" aria-controls=\"expand-6d51238\">\n                        <div class=\"left-icon-group\">\n                <div class=\"normal-icon\"><i aria-hidden=\"true\" class=\"fas fa-chevron-right\"><\/i><\/div>\n                <div class=\"active-icon\"><i aria-hidden=\"true\" class=\"fas fa-chevron-down\"><\/i><\/div>\n            <\/div><span class=\"title\">SPRILA Subventionsprogramm (Private Ladeinfrastruktur in Unternehmen)<\/span>\n                    <\/a>\n                <\/div>\n                <div class=\"card-expand\" id=\"expand-6d51238\" style=\"display:none\"><div class=\"card-body\"><p>M\u00f6chten Sie in Ladestationen f\u00fcr Elektrofahrzeuge auf Ihrem eigenen oder gemieteten Gel\u00e4nde investieren? Mit dem <strong>Subventionsprogramm f\u00fcr private Ladeinfrastrukturen in Unternehmen (SPRILA)<\/strong> k\u00f6nnen Sie bis <strong>350.000 \u20ac pro Kalenderjahr<\/strong> erhalten. Dieser Zuschuss hilft Unternehmern bei der Anschaffung und Installation von <strong>AC- und DC-Ladestationen<\/strong>, sowie Beratung \u00fcber die Durchf\u00fchrbarkeit und Umsetzung der Ladeinfrastruktur.<\/p><p>Dieses Programm unterst\u00fctzt einen Teil der Kosten f\u00fcr neue Ladeeinrichtungen, fachliche Beratung und Batterien bis zu <strong>1.000 kWh<\/strong>.<\/p><p>Machen Sie Ihren Mitarbeitern und Kunden das elektrische Fahren schmackhaft und tragen Sie zu einer nachhaltigeren Zukunft bei. Profinrg ist bereit, Sie bei jedem Schritt zu unterst\u00fctzen.<\/p><p><a href=\"https:\/\/profinrg.nl\/de\/sprila-fordermoglichkeiten-fur-unternehmen-im-bereich-der-nachhaltigen-ladeinfrastruktur\/\">Weitere Informationen \u00fcber die Regelung<\/a>\u00a0<\/p><\/div><\/div>\n            <\/div><div class=\"card-wrapper\">\n                <div class=\"card-header\">\n                    <a href=\"#expand-039347e\" class=\"card-header-button\" aria-expanded=\"false\" data-target=\"#expand-039347e\" aria-controls=\"expand-039347e\">\n                        <div class=\"left-icon-group\">\n                <div class=\"normal-icon\"><i aria-hidden=\"true\" class=\"fas fa-chevron-right\"><\/i><\/div>\n                <div class=\"active-icon\"><i aria-hidden=\"true\" class=\"fas fa-chevron-down\"><\/i><\/div>\n            <\/div><span class=\"title\">SPULA (Subvention f\u00fcr \u00f6ffentliche Ladeinfrastruktur im Schwerverkehr)<\/span>\n                    <\/a>\n                <\/div>\n                <div class=\"card-expand\" id=\"expand-039347e\" style=\"display:none\"><div class=\"card-body\"><p data-start=\"253\" data-end=\"615\">Die <strong data-start=\"360\" data-end=\"378\">SPULA-Zuschuss<\/strong> (Public Charging Infrastructure for Heavy Transport Subsidy Scheme) unterst\u00fctzt Unternehmen und Kommunen bei der Einrichtung \u00f6ffentlicher Ladestationen f\u00fcr den Schwerlastverkehr, z. B. f\u00fcr Elektro-Lkw und -Busse.<\/p><p data-start=\"617\" data-end=\"634\"><strong>Was ist SPULA?<\/strong><\/p><p data-start=\"635\" data-end=\"934\">SPULA ist eine Subventionsregelung des Ministeriums f\u00fcr Infrastruktur und Wasser, die den Bau von <strong data-start=\"766\" data-end=\"818\">\u00f6ffentliche Ladeinfrastruktur f\u00fcr schwere Ger\u00e4te<\/strong>. Der Schwerpunkt liegt auf strategischen Standorten wie Logistikknotenpunkten, Gewerbegebieten und st\u00e4dtischen Vertriebszentren. Die Regelung richtet sich an Unternehmen, Netzbetreiber, \u00f6ffentliche und halb\u00f6ffentliche Einrichtungen, Partnerschaften zwischen \u00f6ffentlichen und privaten Parteien.<\/p><p data-start=\"1113\" data-end=\"1150\"><strong>Wof\u00fcr gibt es Zusch\u00fcsse?<\/strong><\/p><p data-start=\"1151\" data-end=\"1192\">Mit SPULA k\u00f6nnen Sie Zusch\u00fcsse beantragen f\u00fcr:<\/p><ul data-start=\"1193\" data-end=\"1385\"><li data-start=\"1193\" data-end=\"1270\"><p data-start=\"1195\" data-end=\"1270\">Kauf und Installation von \u00f6ffentlichen Ladestationen (mindestens 175 kW Leistung);<\/p><\/li><li data-start=\"1271\" data-end=\"1290\"><p data-start=\"1273\" data-end=\"1290\">Netzanschl\u00fcsse;<\/p><\/li><li data-start=\"1291\" data-end=\"1333\"><p data-start=\"1293\" data-end=\"1333\">technische Vorbereitungsarbeiten;<\/p><\/li><li data-start=\"1334\" data-end=\"1385\"><p data-start=\"1336\" data-end=\"1385\">notwendige Anpassungen im \u00f6ffentlichen Raum.<\/p><\/li><\/ul><p data-start=\"1387\" data-end=\"1404\"><strong>Warum SPULA?<\/strong><\/p><p data-start=\"1405\" data-end=\"1537\">Der elektrische Schwerlastverkehr erfordert leistungsf\u00e4hige und zug\u00e4ngliche Ladel\u00f6sungen. Indem wir jetzt in die \u00f6ffentliche Ladeinfrastruktur investieren:<\/p><ul data-start=\"1538\" data-end=\"1717\"><li data-start=\"1538\" data-end=\"1599\"><p data-start=\"1540\" data-end=\"1599\">Ihren Standort f\u00fcr eine nachhaltige Logistik attraktiv machen;<\/p><\/li><li data-start=\"1600\" data-end=\"1661\"><p data-start=\"1602\" data-end=\"1661\">leisten Sie einen direkten Beitrag zu den Klimazielen;<\/p><\/li><li data-start=\"1662\" data-end=\"1717\"><p data-start=\"1664\" data-end=\"1717\">ab 2025 auf Null-Emissionszonen vorbereitet sein.<\/p><\/li><\/ul><p data-start=\"1719\" data-end=\"1747\"><strong>M\u00f6chten Sie mehr erfahren oder sich bewerben?<\/strong><\/p><p data-start=\"1748\" data-end=\"1965\">Interessieren Sie sich f\u00fcr die M\u00f6glichkeiten von SPULA oder m\u00f6chten Sie Unterst\u00fctzung bei einem F\u00f6rderantrag? Sie k\u00f6nnen sich gerne an <a href=\"\/de\/kontakt\/\" target=\"_blank\" rel=\"noopener\">Kontakt<\/a> mit uns - wir helfen Ihnen gerne mit Beratung, Projektentwicklung und Anwendungsunterst\u00fctzung.<\/p><\/div><\/div>\n            <\/div><div class=\"card-wrapper\">\n                <div class=\"card-header\">\n                    <a href=\"#expand-cf689ee\" class=\"card-header-button\" aria-expanded=\"false\" data-target=\"#expand-cf689ee\" aria-controls=\"expand-cf689ee\">\n                        <div class=\"left-icon-group\">\n                <div class=\"normal-icon\"><i aria-hidden=\"true\" class=\"fas fa-chevron-right\"><\/i><\/div>\n                <div class=\"active-icon\"><i aria-hidden=\"true\" class=\"fas fa-chevron-down\"><\/i><\/div>\n            <\/div><span class=\"title\">DUMAVA (Subvention f\u00fcr nachhaltige Sozialimmobilien)<\/span>\n                    <\/a>\n                <\/div>\n                <div class=\"card-expand\" id=\"expand-cf689ee\" style=\"display:none\"><div class=\"card-body\"><p>M\u00f6chten Sie die Nachhaltigkeit von Sozialimmobilien verbessern? Mit dem <strong>Zuschussprogramm f\u00fcr nachhaltige Sozialimmobilien (DUMAVA)<\/strong> k\u00f6nnen Sie finanzielle Unterst\u00fctzung f\u00fcr Energiesparma\u00dfnahmen und integrierte Nachhaltigkeitsprojekte erhalten.<\/p><ul><li><strong>20% Zuschuss<\/strong> auf separate Nachhaltigkeitsma\u00dfnahmen, wie z. B. die Energiespeicherung.<\/li><li><strong>30% Zuschuss<\/strong> F\u00fcr Projekte, die eine breite Nachhaltigkeit erreichen.<\/li><li><strong>40% Zuschuss<\/strong> f\u00fcr Projekte, die zu einer Energiekennzeichnung f\u00fchren <strong>A++<\/strong>.<\/li><\/ul><p>Die Regelung steht Eigent\u00fcmern von Sozialimmobilien wie Schulen, Pflegeheimen und Sporteinrichtungen zur Verf\u00fcgung.<\/p><p><strong>Machen Sie Ihr Geb\u00e4ude zukunftssicher mit DUMAVA und ProfiNRG!<\/strong><\/p><\/div><\/div>\n            <\/div><div class=\"card-wrapper\">\n                <div class=\"card-header\">\n                    <a href=\"#expand-9fb7c37\" class=\"card-header-button\" aria-expanded=\"false\" data-target=\"#expand-9fb7c37\" aria-controls=\"expand-9fb7c37\">\n                        <div class=\"left-icon-group\">\n                <div class=\"normal-icon\"><i aria-hidden=\"true\" class=\"fas fa-chevron-right\"><\/i><\/div>\n                <div class=\"active-icon\"><i aria-hidden=\"true\" class=\"fas fa-chevron-down\"><\/i><\/div>\n            <\/div><span class=\"title\">SEBA (Subventionsprogramm f\u00fcr emissionsfreie Nutzfahrzeuge)<\/span>\n                    <\/a>\n                <\/div>\n                <div class=\"card-expand\" id=\"expand-9fb7c37\" style=\"display:none\"><div class=\"card-body\"><p>Zuschuss f\u00fcr den Kauf von emissionsfreien Fahrzeugen, einschlie\u00dflich der zugeh\u00f6rigen Ladeinfrastruktur.<\/p><p><strong>Lokale und regionale Zusch\u00fcsse<br \/><\/strong>Einige Gemeinden und Provinzen bieten zus\u00e4tzliche finanzielle Unterst\u00fctzung f\u00fcr die Installation von Ladestationen, auch in Kombination mit Energiespeichern. <br \/>Erkundigen Sie sich auf der Website Ihrer Gemeinde, welche M\u00f6glichkeiten es in Ihrer Region gibt.<\/p><p>Siehe <a href=\"https:\/\/profinrg.nl\/de\/losungen\/ladeinfrastruktur\/\">hier.<\/a> Unsere L\u00f6sungen f\u00fcr die Aufladung von Unternehmen.<\/p><\/div><\/div>\n            <\/div><div class=\"card-wrapper\">\n                <div class=\"card-header\">\n                    <a href=\"#expand-42c06c9\" class=\"card-header-button\" aria-expanded=\"false\" data-target=\"#expand-42c06c9\" aria-controls=\"expand-42c06c9\">\n                        <div class=\"left-icon-group\">\n                <div class=\"normal-icon\"><i aria-hidden=\"true\" class=\"fas fa-chevron-right\"><\/i><\/div>\n                <div class=\"active-icon\"><i aria-hidden=\"true\" class=\"fas fa-chevron-down\"><\/i><\/div>\n            <\/div><span class=\"title\">Vamil (Zuf\u00e4llige Abschreibung von Umweltinvestitionen)<\/span>\n                    <\/a>\n                <\/div>\n                <div class=\"card-expand\" id=\"expand-42c06c9\" style=\"display:none\"><div class=\"card-body\"><p>M\u00f6chten Sie in umweltfreundliche Anlagen investieren und gleichzeitig Ihre Steuerlast senken? Mit dem <strong>Zuf\u00e4llige Abschreibung von Umweltinvestitionen (VAMIL)<\/strong> k\u00f6nnen Sie <strong>bis zu 75% Ihrer Investitionskosten<\/strong> eine beschleunigte Abschreibung zu einem Zeitpunkt, der Ihnen am besten passt. Das bietet Ihnen <strong>Liquidit\u00e4tsvorteil<\/strong> und mehr finanziellen Spielraum f\u00fcr neue nachhaltige Investitionen.<\/p><p>Kombinieren Sie VAMIL mit dem <strong>Umweltbezogene Investitionszulage (MIA)<\/strong> f\u00fcr zus\u00e4tzliche Steuervorteile und Zukunftssicherheit f\u00fcr Ihr Unternehmen!<\/p><p><strong>Weitere Informationen erhalten Sie von unseren Beratern.<\/strong><\/p><\/div><\/div>\n            <\/div><div class=\"card-wrapper\">\n                <div class=\"card-header\">\n                    <a href=\"#expand-61063a2\" class=\"card-header-button\" aria-expanded=\"false\" data-target=\"#expand-61063a2\" aria-controls=\"expand-61063a2\">\n                        <div class=\"left-icon-group\">\n                <div class=\"normal-icon\"><i aria-hidden=\"true\" class=\"fas fa-chevron-right\"><\/i><\/div>\n                <div class=\"active-icon\"><i aria-hidden=\"true\" class=\"fas fa-chevron-down\"><\/i><\/div>\n            <\/div><span class=\"title\">MIA (Umweltinvestitionsabzug)<\/span>\n                    <\/a>\n                <\/div>\n                <div class=\"card-expand\" id=\"expand-61063a2\" style=\"display:none\"><div class=\"card-body\"><p>M\u00f6chten Sie in nachhaltige Anlagen oder umweltfreundliches Bauen investieren? Mit dem <strong>Umweltbezogene Investitionszulage (MIA)<\/strong> k\u00f6nnen Sie bis <strong>45% Ihrer Investitionskosten<\/strong> von Ihrem Gewinn abziehen, was Ihre Steuern senkt und nachhaltiges Wirtschaften beg\u00fcnstigt.<\/p><p>Im Rahmen dieser Regelung werden u. a. Investitionen in folgende Bereiche gef\u00f6rdert<\/p><ul><li><strong>Effiziente Anlagen und Maschinen<\/strong> die zur Wiederverwendung, Abfallverringerung und zum Recycling beitragen.<\/li><li><strong>Elektro- und wasserstoffbetriebene Fahrzeuge und mobile Ger\u00e4te<\/strong> F\u00fcr eine umweltfreundlichere Mobilit\u00e4t.<\/li><li><strong>Zirkul\u00e4re Geb\u00e4ude und nachhaltige Bauprojekte<\/strong>, einschlie\u00dflich Renovierungen und Neubauten mit einem <strong>BREEAM- oder GPR-Geb\u00e4udezertifikat<\/strong>.<\/li><\/ul><p>Sie wollen Ihr Unternehmen mit nachhaltigen Investitionen zukunftssicher machen? Dies k\u00f6nnte eine gro\u00dfartige finanzielle Unterst\u00fctzung sein! Kontaktieren Sie unsere Berater f\u00fcr weitere Informationen.<\/p><\/div><\/div>\n            <\/div><div class=\"card-wrapper\">\n                <div class=\"card-header\">\n                    <a href=\"#expand-04fe65a\" class=\"card-header-button\" aria-expanded=\"false\" data-target=\"#expand-04fe65a\" aria-controls=\"expand-04fe65a\">\n                        <div class=\"left-icon-group\">\n                <div class=\"normal-icon\"><i aria-hidden=\"true\" class=\"fas fa-chevron-right\"><\/i><\/div>\n                <div class=\"active-icon\"><i aria-hidden=\"true\" class=\"fas fa-chevron-down\"><\/i><\/div>\n            <\/div><span class=\"title\">EIA (Energie-Investitionszulage)<\/span>\n                    <\/a>\n                <\/div>\n                <div class=\"card-expand\" id=\"expand-04fe65a\" style=\"display:none\"><div class=\"card-body\"><p>\u00a0<\/p><p>Die <strong>Energie-Investitionszulage (EIA)<\/strong> ist eine Steuerregelung, die es Unternehmern, die in energiesparende Techniken oder erneuerbare Energien investieren, erm\u00f6glicht, einen erheblichen Steuervorteil zu erhalten. Mit der EIA k\u00f6nnen Sie <strong>bis zu 40% an zus\u00e4tzlichen Investitionskosten von Ihrem steuerpflichtigen Gewinn abziehen<\/strong>, zus\u00e4tzlich zu den normalen Abschreibungen.<\/p><p><strong>F\u00fcr wen?<br \/><\/strong>Die EIA richtet sich an Unternehmer, die in den Niederlanden einkommens- oder k\u00f6rperschaftsteuerpflichtig sind. F\u00f6rderf\u00e4hig sind sowohl KMU als auch Gro\u00dfunternehmen.<\/p><p><strong>Worauf bezieht sich die UVP?<br \/><\/strong>Die Regelung gilt f\u00fcr Investitionen in:<\/p><ul><li><p>energieeffiziente Techniken und Anlagen;<\/p><\/li><li><p>nachhaltige Energieerzeugung;<\/p><\/li><li><p>gewerbliche Geb\u00e4ude und Prozesse mit nachgewiesenem Energiespareffekt.<\/p><\/li><\/ul><p>Die Technologie sollte in der offiziellen <a href=\"https:\/\/www.rvo.nl\/subsidies-financiering\/eia\/energielijst\" target=\"_blank\" rel=\"noopener\"><strong>Energie-Liste<\/strong> <\/a>des Rijksdienst voor Ondernemend Nederland (RVO) aufgef\u00fchrt sind.<\/p><p><strong>Vorteile der EIA<\/strong><\/p><ul><li><p>Bis zu 40% zus\u00e4tzlicher Abzug vom steuerpflichtigen Gewinn;<\/p><\/li><li><p>Geringere Steuerbelastung;<\/p><\/li><li><p>Anreize f\u00fcr nachhaltige Gesch\u00e4ftspraktiken.<\/p><\/li><\/ul><p><strong>Neugierig geworden?<\/strong><\/p><p>Erw\u00e4gen Sie eine energieeffiziente Investition? Wir <a href=\"\/de\/kontakt\/\" target=\"_blank\" rel=\"noopener\">Hilfe<\/a> Wir helfen Ihnen gerne bei der Bewertung Ihres Projekts und der Einreichung eines UVP-Antrags.<\/p><\/div><\/div>\n            <\/div><div class=\"card-wrapper\">\n                <div class=\"card-header\">\n                    <a href=\"#expand-8c1283c\" class=\"card-header-button\" aria-expanded=\"false\" data-target=\"#expand-8c1283c\" aria-controls=\"expand-8c1283c\">\n                        <div class=\"left-icon-group\">\n                <div class=\"normal-icon\"><i aria-hidden=\"true\" class=\"fas fa-chevron-right\"><\/i><\/div>\n                <div class=\"active-icon\"><i aria-hidden=\"true\" class=\"fas fa-chevron-down\"><\/i><\/div>\n            <\/div><span class=\"title\">KIA (Kleinunternehmer-Investitionsabzug)<\/span>\n                    <\/a>\n                <\/div>\n                <div class=\"card-expand\" id=\"expand-8c1283c\" style=\"display:none\"><div class=\"card-body\"><p>\u00a0<\/p><p>Die <strong>KIA<\/strong> ist eine Steuerregelung f\u00fcr Unternehmer, die in Betriebsverm\u00f6gen investieren. Investieren Sie j\u00e4hrlich zwischen ca. 2.900 \u20ac und 392.000 \u20ac in ein Betriebsverm\u00f6gen von mindestens 450 \u20ac pro St\u00fcck? Dann k\u00f6nnen Sie bis zu <strong>28% des Investitionsbetrags zus\u00e4tzlich von Ihrem Gewinn abgezogen<\/strong>. Dies bietet einen direkten Steuervorteil und f\u00f6rdert Investitionen in das Wachstum Ihres Unternehmens. Die KIA ist f\u00fcr Einzelunternehmer, vof's und BV's verf\u00fcgbar, die in den Niederlanden steuerpflichtig sind.<\/p><p><strong>Warum sollten Sie die KIA in Anspruch nehmen?<\/strong><\/p><ul><li><p>Zus\u00e4tzlicher Steuervorteil neben der normalen Abschreibung<\/p><\/li><li><p>F\u00f6rderung von Investitionen in Maschinen, Ausr\u00fcstung, Anlagen und mehr<\/p><\/li><li><p>Einfach in der Steuererkl\u00e4rung anzugeben<\/p><\/li><\/ul><p>Haben Sie Investitionspl\u00e4ne? Teilen Sie uns Ihre <a href=\"\/de\/kontakt\/\" target=\"_blank\" rel=\"noopener\">Hilfe <\/a>mit Beratung oder Inanspruchnahme dieser Regelung.<\/p><\/div><\/div>\n            <\/div><\/div>\t\t\t\t<\/div>\n\t\t\t\t<\/div>\n\t\t\t\t\t<\/div>\n\t\t<\/div>\n\t\t\t\t<div class=\"elementor-column elementor-col-50 elementor-top-column elementor-element elementor-element-6e5d67f6\" data-id=\"6e5d67f6\" data-element_type=\"column\" data-e-type=\"column\">\n\t\t\t<div class=\"elementor-widget-wrap elementor-element-populated\">\n\t\t\t\t\t\t<section class=\"elementor-section elementor-inner-section elementor-element elementor-element-7e809f18 elementor-section-boxed elementor-section-height-default elementor-section-height-default\" data-id=\"7e809f18\" data-element_type=\"section\" data-e-type=\"section\">\n\t\t\t\t\t\t\t<div class=\"elementor-background-overlay\"><\/div>\n\t\t\t\t\t\t\t<div class=\"elementor-container elementor-column-gap-default\">\n\t\t\t\t\t<div class=\"elementor-column elementor-col-100 elementor-inner-column elementor-element elementor-element-5bfc8dae\" data-id=\"5bfc8dae\" data-element_type=\"column\" data-e-type=\"column\" data-settings=\"{&quot;background_background&quot;:&quot;classic&quot;}\">\n\t\t\t<div class=\"elementor-widget-wrap elementor-element-populated\">\n\t\t\t\t\t<div class=\"elementor-background-overlay\"><\/div>\n\t\t\t\t\t\t<div class=\"elementor-element elementor-element-514021b2 elementor-widget elementor-widget-heading\" data-id=\"514021b2\" data-element_type=\"widget\" data-e-type=\"widget\" data-widget_type=\"heading.default\">\n\t\t\t\t<div class=\"elementor-widget-container\">\n\t\t\t\t\t<h3 class=\"elementor-heading-title elementor-size-default\">Machen Sie Ihre nachhaltige Investition mit Subventionen rentabel!<\/h3>\t\t\t\t<\/div>\n\t\t\t\t<\/div>\n\t\t\t\t<div class=\"elementor-element elementor-element-5168fc1 elementor-widget elementor-widget-text-editor\" data-id=\"5168fc1\" data-element_type=\"widget\" data-e-type=\"widget\" data-widget_type=\"text-editor.default\">\n\t\t\t\t<div class=\"elementor-widget-container\">\n\t\t\t\t\t\t\t\t\t<p>M\u00f6chten Sie Ihr Unternehmen nachhaltiger gestalten und Energiekosten sparen? Es gibt mehrere <strong>Subventionen f\u00fcr erneuerbare Energien<\/strong> zur Verf\u00fcgung, die Ihre Investition finanziell attraktiv machen.<\/p><p>Ob Sie sich f\u00fcr <strong>Solarenergie, elektrisches Fahren oder Kohlenstoffreduzierung<\/strong>, gibt es Programme, die Sie beim \u00dcbergang zu einer gr\u00fcneren Zukunft unterst\u00fctzen.<\/p><p><strong>M\u00f6chten Sie mehr wissen? Rufen Sie einen unserer Berater an.<\/strong><br \/>Sie beraten Sie gerne \u00fcber die optimalen F\u00f6rderm\u00f6glichkeiten und Steuervorteile, um Ihre Kosten zu minimieren und Ihre Ertr\u00e4ge zu maximieren.<\/p><h6>\u00a0<\/h6>\t\t\t\t\t\t\t\t<\/div>\n\t\t\t\t<\/div>\n\t\t\t\t\t<\/div>\n\t\t<\/div>\n\t\t\t\t\t<\/div>\n\t\t<\/section>\n\t\t\t\t<section class=\"elementor-section elementor-inner-section elementor-element elementor-element-5274ad8 elementor-section-boxed elementor-section-height-default elementor-section-height-default\" data-id=\"5274ad8\" data-element_type=\"section\" data-e-type=\"section\">\n\t\t\t\t\t\t<div class=\"elementor-container elementor-column-gap-default\">\n\t\t\t\t\t<div class=\"elementor-column elementor-col-50 elementor-inner-column elementor-element elementor-element-8bf2cf1\" data-id=\"8bf2cf1\" data-element_type=\"column\" data-e-type=\"column\">\n\t\t\t<div class=\"elementor-widget-wrap elementor-element-populated\">\n\t\t\t\t\t\t<div class=\"elementor-element elementor-element-9a01b3e elementor-widget elementor-widget-elementskit-team\" data-id=\"9a01b3e\" data-element_type=\"widget\" data-e-type=\"widget\" data-widget_type=\"elementskit-team.default\">\n\t\t\t\t<div class=\"elementor-widget-container\">\n\t\t\t\t\t<div class=\"ekit-wid-con\">\t\t\t\t\t\t\t\t\n\t\t<div class=\"profile-card elementor-animation- text-center ekit-team-style-default\">\n\t\t\t\n\t\t\t\t<div class=\"profile-header ekit-team-img ekit-img-overlay ekit-team-img-block\" >\n\t\t\t\t\t<img fetchpriority=\"high\" decoding=\"async\" width=\"800\" height=\"800\" src=\"https:\/\/profinrg.nl\/wp-content\/uploads\/2024\/10\/Luco-1024x1024.jpg\" class=\"attachment-large size-large wp-image-40729\" alt=\"Luco Brouwer\" srcset=\"https:\/\/profinrg.nl\/wp-content\/uploads\/2024\/10\/Luco-1024x1024.jpg 1024w, https:\/\/profinrg.nl\/wp-content\/uploads\/2024\/10\/Luco-300x300.jpg 300w, https:\/\/profinrg.nl\/wp-content\/uploads\/2024\/10\/Luco-150x150.jpg 150w, https:\/\/profinrg.nl\/wp-content\/uploads\/2024\/10\/Luco-768x768.jpg 768w, https:\/\/profinrg.nl\/wp-content\/uploads\/2024\/10\/Luco-12x12.jpg 12w, https:\/\/profinrg.nl\/wp-content\/uploads\/2024\/10\/Luco.jpg 1280w\" sizes=\"(max-width: 800px) 100vw, 800px\" title=\"\">\t\t\t\t<\/div><!-- .profile-header END -->\n\t\t\t\n\n\t\t\t\t<div class=\"profile-body\">\n\t\t\t\t\t\n\t\t\t\t\t<h2 class=\"profile-title\">\n\t\t\t\t\t\t\t\t\t\t\tLuco Brouwer\t\t\t\t\t\t\t\t\t\t<\/h2>\n\t\t\t\t\t<p class=\"profile-designation\">Business Manager G&amp;I<\/p>\n\t\t\t\t\t\t\t\t\t\t<p class=\"profile-content\">T: <a href=\"\/de\/+31(0)6\/\"> +31(0)6 82 97 95 76 <\/a> <br>\nE: <a href=\"mailto:luco@profinrg.com\">luco@profinrg.com<\/a><\/p>\n\t\t\t\t\t\t\t\t\t<\/div><!-- .profile-body END -->\n\n\t\t\t\t\t\t\t\t<\/div>\n\t\t\t\t\t\t\t\n\t\t\t\n\t\t\t\t<\/div>\t\t\t\t<\/div>\n\t\t\t\t<\/div>\n\t\t\t\t\t<\/div>\n\t\t<\/div>\n\t\t\t\t<div class=\"elementor-column elementor-col-50 elementor-inner-column elementor-element elementor-element-72cedc4\" data-id=\"72cedc4\" data-element_type=\"column\" data-e-type=\"column\">\n\t\t\t<div class=\"elementor-widget-wrap elementor-element-populated\">\n\t\t\t\t\t\t<div class=\"elementor-element elementor-element-1dad482 elementor-widget elementor-widget-elementskit-team\" data-id=\"1dad482\" data-element_type=\"widget\" data-e-type=\"widget\" data-widget_type=\"elementskit-team.default\">\n\t\t\t\t<div class=\"elementor-widget-container\">\n\t\t\t\t\t<div class=\"ekit-wid-con\">\t\t\t\t\t\t\t\t\n\t\t<div class=\"profile-card elementor-animation- text-center ekit-team-style-default\">\n\t\t\t\n\t\t\t\t<div class=\"profile-header ekit-team-img ekit-img-overlay ekit-team-img-block\" >\n\t\t\t\t\t<img decoding=\"async\" width=\"800\" height=\"800\" src=\"https:\/\/profinrg.nl\/wp-content\/uploads\/2024\/04\/Profinrg-Portertten-raam-deel-2-14-1024x1024.jpg\" class=\"attachment-large size-large wp-image-38048\" alt=\"\" srcset=\"https:\/\/profinrg.nl\/wp-content\/uploads\/2024\/04\/Profinrg-Portertten-raam-deel-2-14-1024x1024.jpg 1024w, https:\/\/profinrg.nl\/wp-content\/uploads\/2024\/04\/Profinrg-Portertten-raam-deel-2-14-300x300.jpg 300w, https:\/\/profinrg.nl\/wp-content\/uploads\/2024\/04\/Profinrg-Portertten-raam-deel-2-14-150x150.jpg 150w, https:\/\/profinrg.nl\/wp-content\/uploads\/2024\/04\/Profinrg-Portertten-raam-deel-2-14-768x768.jpg 768w, https:\/\/profinrg.nl\/wp-content\/uploads\/2024\/04\/Profinrg-Portertten-raam-deel-2-14-12x12.jpg 12w, https:\/\/profinrg.nl\/wp-content\/uploads\/2024\/04\/Profinrg-Portertten-raam-deel-2-14.jpg 1275w\" sizes=\"(max-width: 800px) 100vw, 800px\" title=\"\">\t\t\t\t<\/div><!-- .profile-header END -->\n\t\t\t\n\n\t\t\t\t<div class=\"profile-body\">\n\t\t\t\t\t\n\t\t\t\t\t<h2 class=\"profile-title\">\n\t\t\t\t\t\t\t\t\t\t\tBas Verlaan\t\t\t\t\t\t\t\t\t\t<\/h2>\n\t\t\t\t\t<p class=\"profile-designation\">Business Manager G&amp;I<\/p>\n\t\t\t\t\t\t\t\t\t\t<p class=\"profile-content\">T: <a href=\"\/de\/+31(0)6\/\"> +31(0)6 10 08 60 92 <\/a> <br>\nE: <a href=\"mailto:bas@profinrg.com\">bas@profinrg.com<\/a><\/p>\n\t\t\t\t\t\t\t\t\t<\/div><!-- .profile-body END -->\n\n\t\t\t\t\t\t\t\t<\/div>\n\t\t\t\t\t\t\t\n\t\t\t\n\t\t\t\t<\/div>\t\t\t\t<\/div>\n\t\t\t\t<\/div>\n\t\t\t\t\t<\/div>\n\t\t<\/div>\n\t\t\t\t\t<\/div>\n\t\t<\/section>\n\t\t\t\t<section class=\"elementor-section elementor-inner-section elementor-element elementor-element-6e66c62 elementor-section-boxed elementor-section-height-default elementor-section-height-default\" data-id=\"6e66c62\" data-element_type=\"section\" data-e-type=\"section\">\n\t\t\t\t\t\t<div class=\"elementor-container elementor-column-gap-default\">\n\t\t\t\t\t<div class=\"elementor-column elementor-col-100 elementor-inner-column elementor-element elementor-element-005e1e1\" data-id=\"005e1e1\" data-element_type=\"column\" data-e-type=\"column\">\n\t\t\t<div class=\"elementor-widget-wrap elementor-element-populated\">\n\t\t\t\t\t\t<div class=\"elementor-element elementor-element-97150ed elementor-arrows-position-inside elementor-pagination-position-outside elementor-widget elementor-widget-image-carousel\" data-id=\"97150ed\" data-element_type=\"widget\" data-e-type=\"widget\" data-settings=\"{&quot;navigation&quot;:&quot;both&quot;,&quot;autoplay&quot;:&quot;yes&quot;,&quot;pause_on_hover&quot;:&quot;yes&quot;,&quot;pause_on_interaction&quot;:&quot;yes&quot;,&quot;autoplay_speed&quot;:5000,&quot;infinite&quot;:&quot;yes&quot;,&quot;speed&quot;:500}\" data-widget_type=\"image-carousel.default\">\n\t\t\t\t<div class=\"elementor-widget-container\">\n\t\t\t\t\t\t\t<div class=\"elementor-image-carousel-wrapper swiper\" role=\"region\" aria-roledescription=\"carousel\" aria-label=\"Bild-Karussell\" dir=\"ltr\">\n\t\t\t<div class=\"elementor-image-carousel swiper-wrapper\" aria-live=\"off\">\n\t\t\t\t\t\t\t\t<div class=\"swiper-slide\" role=\"group\" aria-roledescription=\"slide\" aria-label=\"1 von 6\"><figure class=\"swiper-slide-inner\"><img decoding=\"async\" class=\"swiper-slide-image\" src=\"https:\/\/profinrg.nl\/wp-content\/uploads\/2025\/04\/foto-van-corina.-kenteken-vervaagd-horizontaal-150x150.jpg\" alt=\"SPRILA-Zuschuss\" title=\"\"><\/figure><\/div><div class=\"swiper-slide\" role=\"group\" aria-roledescription=\"slide\" aria-label=\"2 von 6\"><figure class=\"swiper-slide-inner\"><img decoding=\"async\" class=\"swiper-slide-image\" src=\"https:\/\/profinrg.nl\/wp-content\/uploads\/2025\/05\/ProfiNRG-Bergambacht-1-150x150.jpg\" alt=\"Intelligente Energiespeicherung f\u00fcr Unternehmen\" title=\"\"><\/figure><\/div><div class=\"swiper-slide\" role=\"group\" aria-roledescription=\"slide\" aria-label=\"3 von 6\"><figure class=\"swiper-slide-inner\"><img decoding=\"async\" class=\"swiper-slide-image\" src=\"https:\/\/profinrg.nl\/wp-content\/uploads\/2025\/02\/Lekkerkerker-63-150x150.jpg\" alt=\"Batteriez\u00fcchter\" title=\"\"><\/figure><\/div><div class=\"swiper-slide\" role=\"group\" aria-roledescription=\"slide\" aria-label=\"4 von 6\"><figure class=\"swiper-slide-inner\"><img decoding=\"async\" class=\"swiper-slide-image\" src=\"https:\/\/profinrg.nl\/wp-content\/uploads\/2025\/01\/publieke-laadpalen3-150x150.jpg\" alt=\"Unsch\u00e4rfe,Foto,von,Elektroauto,Ladestation,f\u00fcr,Ladung,Ev\" title=\"\"><\/figure><\/div><div class=\"swiper-slide\" role=\"group\" aria-roledescription=\"slide\" aria-label=\"5 von 6\"><figure class=\"swiper-slide-inner\"><img decoding=\"async\" class=\"swiper-slide-image\" src=\"https:\/\/profinrg.nl\/wp-content\/uploads\/2025\/01\/Laadpaal-medewerker-scaled-1-150x150.jpg\" alt=\"Mitarbeiter von Ladestationen\" title=\"\"><\/figure><\/div><div class=\"swiper-slide\" role=\"group\" aria-roledescription=\"slide\" aria-label=\"6 von 6\"><figure class=\"swiper-slide-inner\"><img decoding=\"async\" class=\"swiper-slide-image\" src=\"https:\/\/profinrg.nl\/wp-content\/uploads\/2025\/01\/laadstation3-150x150.jpeg\" alt=\"Ladestation3\" title=\"\"><\/figure><\/div>\t\t\t<\/div>\n\t\t\t\t\t\t\t\t\t\t\t\t<div class=\"elementor-swiper-button elementor-swiper-button-prev\" role=\"button\" tabindex=\"0\">\n\t\t\t\t\t\t<i aria-hidden=\"true\" class=\"eicon-chevron-left\"><\/i>\t\t\t\t\t<\/div>\n\t\t\t\t\t<div class=\"elementor-swiper-button elementor-swiper-button-next\" role=\"button\" tabindex=\"0\">\n\t\t\t\t\t\t<i aria-hidden=\"true\" class=\"eicon-chevron-right\"><\/i>\t\t\t\t\t<\/div>\n\t\t\t\t\n\t\t\t\t\t\t\t\t\t<div class=\"swiper-pagination\"><\/div>\n\t\t\t\t\t\t\t\t\t<\/div>\n\t\t\t\t\t\t<\/div>\n\t\t\t\t<\/div>\n\t\t\t\t\t<\/div>\n\t\t<\/div>\n\t\t\t\t\t<\/div>\n\t\t<\/section>\n\t\t\t\t\t<\/div>\n\t\t<\/div>\n\t\t\t\t\t<\/div>\n\t\t<\/section>\n\t\t\t\t<section class=\"elementor-section elementor-top-section elementor-element elementor-element-06ec7ea elementor-section-boxed elementor-section-height-default elementor-section-height-default\" data-id=\"06ec7ea\" data-element_type=\"section\" data-e-type=\"section\">\n\t\t\t\t\t\t<div class=\"elementor-container elementor-column-gap-default\">\n\t\t\t\t\t<div class=\"elementor-column elementor-col-100 elementor-top-column elementor-element elementor-element-365572b\" data-id=\"365572b\" data-element_type=\"column\" data-e-type=\"column\">\n\t\t\t<div class=\"elementor-widget-wrap elementor-element-populated\">\n\t\t\t\t\t\t<div class=\"elementor-element elementor-element-150c756 elementor-blockquote--skin-quotation elementor-blockquote--align-center elementor-widget elementor-widget-blockquote\" data-id=\"150c756\" data-element_type=\"widget\" data-e-type=\"widget\" data-widget_type=\"blockquote.default\">\n\t\t\t\t<div class=\"elementor-widget-container\">\n\t\t\t\t\t\t\t<blockquote class=\"elementor-blockquote\">\n\t\t\t<p class=\"elementor-blockquote__content\">\n\t\t\t\tWir beraten Sie gerne zu den optimalen F\u00f6rderm\u00f6glichkeiten und Steuervorteilen, um Ihre Kosten zu minimieren und Ihre Rendite zu maximieren.\t\t\t<\/p>\n\t\t\t\t\t<\/blockquote>\n\t\t\t\t\t\t<\/div>\n\t\t\t\t<\/div>\n\t\t\t\t\t<\/div>\n\t\t<\/div>\n\t\t\t\t\t<\/div>\n\t\t<\/section>\n\t\t\t\t<\/div>","protected":false},"excerpt":{"rendered":"<p>Op een rijtje Duurzame energie subsidies Nederland werkt toe naar een volledig duurzame toekomst in 2050, zoals vastgelegd in het Klimaatakkoord en de Europese Green Deal. Er is echter nog veel werk aan de winkel. Denk bijvoorbeeld aan het verduurzamen van bedrijfspanden, de overstap naar emissievrije voertuigen en werkmaterieel, het benutten van hernieuwbare energie door [&hellip;]<\/p>\n","protected":false},"author":3,"featured_media":32128,"parent":0,"menu_order":0,"comment_status":"closed","ping_status":"closed","template":"","meta":{"footnotes":""},"class_list":["post-42273","page","type-page","status-publish","has-post-thumbnail","hentry"],"_links":{"self":[{"href":"https:\/\/profinrg.nl\/de\/wp-json\/wp\/v2\/pages\/42273","targetHints":{"allow":["GET"]}}],"collection":[{"href":"https:\/\/profinrg.nl\/de\/wp-json\/wp\/v2\/pages"}],"about":[{"href":"https:\/\/profinrg.nl\/de\/wp-json\/wp\/v2\/types\/page"}],"author":[{"embeddable":true,"href":"https:\/\/profinrg.nl\/de\/wp-json\/wp\/v2\/users\/3"}],"replies":[{"embeddable":true,"href":"https:\/\/profinrg.nl\/de\/wp-json\/wp\/v2\/comments?post=42273"}],"version-history":[{"count":3,"href":"https:\/\/profinrg.nl\/de\/wp-json\/wp\/v2\/pages\/42273\/revisions"}],"predecessor-version":[{"id":44362,"href":"https:\/\/profinrg.nl\/de\/wp-json\/wp\/v2\/pages\/42273\/revisions\/44362"}],"wp:featuredmedia":[{"embeddable":true,"href":"https:\/\/profinrg.nl\/de\/wp-json\/wp\/v2\/media\/32128"}],"wp:attachment":[{"href":"https:\/\/profinrg.nl\/de\/wp-json\/wp\/v2\/media?parent=42273"}],"curies":[{"name":"wp","href":"https:\/\/api.w.org\/{rel}","templated":true}]}}